{"id":2498,"date":"2017-02-04T12:01:01","date_gmt":"2017-02-04T11:01:01","guid":{"rendered":"http:\/\/www.people-abroad.de\/blog\/?page_id=2498"},"modified":"2023-01-17T11:17:52","modified_gmt":"2023-01-17T10:17:52","slug":"outdoor","status":"publish","type":"page","link":"https:\/\/www.people-abroad.de\/blog\/outdoor\/","title":{"rendered":"Outdoor-Tipps"},"content":{"rendered":"<div class=\"lcp_catlist\" id=\"lcp_instance_0\"><p><h2><a href=\"https:\/\/www.people-abroad.de\/blog\/vaude-neyland-wanderjacke\/\">Vaude Neyland 2,5-Lagen Wander- und Regenjacke<\/a><\/h2><div class=\"lcp_excerpt\"><p><a href=\"https:\/\/www.people-abroad.de\/blog\/vaude-neyland-wanderjacke\/\"><img decoding=\"async\" class=\"alignnone wp-image-38327 size-large\" src=\"https:\/\/www.people-abroad.de\/blog\/wp-content\/uploads\/2026\/04\/vaude-neyland-wanderjacke-1024x682.jpeg\" alt=\"Vaude Neyland Wanderjacke Regenjacke\" width=\"1024\" height=\"682\" srcset=\"https:\/\/www.people-abroad.de\/blog\/wp-content\/uploads\/2026\/04\/vaude-neyland-wanderjacke-1024x682.jpeg 1024w, https:\/\/www.people-abroad.de\/blog\/wp-content\/uploads\/2026\/04\/vaude-neyland-wanderjacke-300x200.jpeg 300w, https:\/\/www.people-abroad.de\/blog\/wp-content\/uploads\/2026\/04\/vaude-neyland-wanderjacke-768x511.jpeg 768w, https:\/\/www.people-abroad.de\/blog\/wp-content\/uploads\/2026\/04\/vaude-neyland-wanderjacke.jpeg 1200w\" sizes=\"(max-width: 1024px) 100vw, 1024px\" \/><\/a><\/p>\n<p> Wasserdicht, winddicht und atmungsaktiv sind die meisten Wanderjacken. Doch wie bew\u00e4hren sie sich beim Einsatz? Die Vaude Neyland Wanderjacke im Praxistest.<\/p>\n<\/div><a href=\"https:\/\/www.people-abroad.de\/blog\/vaude-neyland-wanderjacke\/\">Mehr...<\/a><\/p><p><h2><a href=\"https:\/\/www.people-abroad.de\/blog\/aletschgletscher-wanderung\/\">Aletschgletscher: Wanderung im Schweizer Kanton Wallis<\/a><\/h2><div class=\"lcp_excerpt\"><p><a href=\"https:\/\/www.people-abroad.de\/blog\/aletschgletscher-wanderung\/\"><img decoding=\"async\" class=\"alignnone wp-image-38294 size-large\" src=\"https:\/\/www.people-abroad.de\/blog\/wp-content\/uploads\/2026\/04\/aletschgletscher-wanderung-tipps-1024x683.jpeg\" alt=\"Aletschgletscher Wanderung Tour Schweiz Tipps\" width=\"1024\" height=\"683\" srcset=\"https:\/\/www.people-abroad.de\/blog\/wp-content\/uploads\/2026\/04\/aletschgletscher-wanderung-tipps-1024x683.jpeg 1024w, https:\/\/www.people-abroad.de\/blog\/wp-content\/uploads\/2026\/04\/aletschgletscher-wanderung-tipps-300x200.jpeg 300w, https:\/\/www.people-abroad.de\/blog\/wp-content\/uploads\/2026\/04\/aletschgletscher-wanderung-tipps-768x512.jpeg 768w, https:\/\/www.people-abroad.de\/blog\/wp-content\/uploads\/2026\/04\/aletschgletscher-wanderung-tipps.jpeg 1200w\" sizes=\"(max-width: 1024px) 100vw, 1024px\" \/><\/a><\/p>\n<p>Der Aletschgletscher im Schweizer Kanton Wallis ist der gr\u00f6\u00dfte und l\u00e4ngste Gletscher der Alpen. Man kann ihn auf einer Wanderung erkunden &#8211; eine Tourenbeschreibung.<\/p>\n<\/div><a href=\"https:\/\/www.people-abroad.de\/blog\/aletschgletscher-wanderung\/\">Mehr...<\/a><\/p><p><h2><a href=\"https:\/\/www.people-abroad.de\/blog\/faulhorn-wanderung\/\">Faulhorn Wanderung: Bergtour in den Berner Alpen<\/a><\/h2><div class=\"lcp_excerpt\"><p><a href=\"https:\/\/www.people-abroad.de\/blog\/faulhorn-wanderung\/\"><img decoding=\"async\" class=\"alignnone wp-image-38157 size-large\" src=\"https:\/\/www.people-abroad.de\/blog\/wp-content\/uploads\/2026\/02\/faulhorn-wanderung-berner-alpen-1024x683.jpeg\" alt=\"\" width=\"1024\" height=\"683\" srcset=\"https:\/\/www.people-abroad.de\/blog\/wp-content\/uploads\/2026\/02\/faulhorn-wanderung-berner-alpen-1024x683.jpeg 1024w, https:\/\/www.people-abroad.de\/blog\/wp-content\/uploads\/2026\/02\/faulhorn-wanderung-berner-alpen-300x200.jpeg 300w, https:\/\/www.people-abroad.de\/blog\/wp-content\/uploads\/2026\/02\/faulhorn-wanderung-berner-alpen-768x512.jpeg 768w, https:\/\/www.people-abroad.de\/blog\/wp-content\/uploads\/2026\/02\/faulhorn-wanderung-berner-alpen.jpeg 1200w\" sizes=\"(max-width: 1024px) 100vw, 1024px\" \/><\/a><\/p>\n<p>Die Wanderung zum Faulhorn in den Berner Alpen bietet eine abwechslungsreiche 2-Tages-Tour in der Schweizer Bergwelt. Hier findest du einen Tourenbericht.<\/p>\n<\/div><a href=\"https:\/\/www.people-abroad.de\/blog\/faulhorn-wanderung\/\">Mehr...<\/a><\/p><p><h2><a href=\"https:\/\/www.people-abroad.de\/blog\/montenegro-wandern\/\">Montenegro: Wanderungen mit Adriak\u00fcste und Bergen<\/a><\/h2><div class=\"lcp_excerpt\"><p><a href=\"https:\/\/www.people-abroad.de\/blog\/montenegro-wandern\/\"><img decoding=\"async\" class=\"alignnone wp-image-37612 size-large\" src=\"https:\/\/www.people-abroad.de\/blog\/wp-content\/uploads\/2025\/10\/montenegro-wandern-42-1024x683.jpeg\" alt=\"Montenegro Wandern Touren Wanderwege Tipps\" width=\"1024\" height=\"683\" srcset=\"https:\/\/www.people-abroad.de\/blog\/wp-content\/uploads\/2025\/10\/montenegro-wandern-42-1024x683.jpeg 1024w, https:\/\/www.people-abroad.de\/blog\/wp-content\/uploads\/2025\/10\/montenegro-wandern-42-300x200.jpeg 300w, https:\/\/www.people-abroad.de\/blog\/wp-content\/uploads\/2025\/10\/montenegro-wandern-42-768x512.jpeg 768w, https:\/\/www.people-abroad.de\/blog\/wp-content\/uploads\/2025\/10\/montenegro-wandern-42.jpeg 1200w\" sizes=\"(max-width: 1024px) 100vw, 1024px\" \/><\/a><\/p>\n<p> In Montenegro bieten sich Wanderungen an der Adriak\u00fcste, in den Bergen und in Nationalparks an. Tipps f\u00fcr eine Wanderreise in den Balkan-Staat in S\u00fcdosteuropa.<\/p>\n<\/div><a href=\"https:\/\/www.people-abroad.de\/blog\/montenegro-wandern\/\">Mehr...<\/a><\/p><p><h2><a href=\"https:\/\/www.people-abroad.de\/blog\/burgberg-allgaeu-aktivurlaub\/\">Aktivurlaub mit Wandern &#038; Biken in Burgberg im Allg\u00e4u<\/a><\/h2><div class=\"lcp_excerpt\"><p><a href=\"https:\/\/www.people-abroad.de\/blog\/burgberg-allgaeu-aktivurlaub\/\"><img decoding=\"async\" class=\"alignnone wp-image-37505 size-large\" src=\"https:\/\/www.people-abroad.de\/blog\/wp-content\/uploads\/2025\/10\/burgberg-allgaeu-wandern-1024x684.jpeg\" alt=\"Burgberg Allg\u00e4u Urlaub Wandern Radfahren\" width=\"1024\" height=\"684\" srcset=\"https:\/\/www.people-abroad.de\/blog\/wp-content\/uploads\/2025\/10\/burgberg-allgaeu-wandern-1024x684.jpeg 1024w, https:\/\/www.people-abroad.de\/blog\/wp-content\/uploads\/2025\/10\/burgberg-allgaeu-wandern-300x200.jpeg 300w, https:\/\/www.people-abroad.de\/blog\/wp-content\/uploads\/2025\/10\/burgberg-allgaeu-wandern-768x513.jpeg 768w, https:\/\/www.people-abroad.de\/blog\/wp-content\/uploads\/2025\/10\/burgberg-allgaeu-wandern.jpeg 1200w\" sizes=\"(max-width: 1024px) 100vw, 1024px\" \/><\/a><\/p>\n<p>Wenn man in einem Aktivurlaub Wandern und Biken miteinander kombinieren m\u00f6chte, bietet sich Burgberg im Allg\u00e4u an. Tipps f\u00fcr einen Outdoor-Urlaub in der Allg\u00e4u-Gemeinde.<\/p>\n<\/div><a href=\"https:\/\/www.people-abroad.de\/blog\/burgberg-allgaeu-aktivurlaub\/\">Mehr...<\/a><\/p><p><h2><a href=\"https:\/\/www.people-abroad.de\/blog\/st-anton-arlberg-wandern\/\">St. Anton am Arlberg: Wandern in den Tiroler Alpen<\/a><\/h2><div class=\"lcp_excerpt\"><p><a href=\"https:\/\/www.people-abroad.de\/blog\/st-anton-arlberg-wandern\/\"><img decoding=\"async\" class=\"alignnone wp-image-37338 size-large\" src=\"https:\/\/www.people-abroad.de\/blog\/wp-content\/uploads\/2025\/09\/st-anton-arlberg-wandern-8-1024x682.jpeg\" alt=\"St. Anton am Arlberg Wandern Arlberg Trail Touren Tipps\" width=\"1024\" height=\"682\" srcset=\"https:\/\/www.people-abroad.de\/blog\/wp-content\/uploads\/2025\/09\/st-anton-arlberg-wandern-8-1024x682.jpeg 1024w, https:\/\/www.people-abroad.de\/blog\/wp-content\/uploads\/2025\/09\/st-anton-arlberg-wandern-8-300x200.jpeg 300w, https:\/\/www.people-abroad.de\/blog\/wp-content\/uploads\/2025\/09\/st-anton-arlberg-wandern-8-768x511.jpeg 768w, https:\/\/www.people-abroad.de\/blog\/wp-content\/uploads\/2025\/09\/st-anton-arlberg-wandern-8.jpeg 1200w\" sizes=\"(max-width: 1024px) 100vw, 1024px\" \/><\/a><\/p>\n<p> St. Anton am Arlberg punktet mit einer gro\u00dfartigen Berglandschaft und vielseitigen Wanderwegen rund um den Arlberg. Wandertipps f\u00fcr die Region.<\/p>\n<\/div><a href=\"https:\/\/www.people-abroad.de\/blog\/st-anton-arlberg-wandern\/\">Mehr...<\/a><\/p><p><h2><a href=\"https:\/\/www.people-abroad.de\/blog\/salewa-alp-trainer\/\">Salewa Alp Trainer 2 f\u00fcr Wandern und Trekking<\/a><\/h2><div class=\"lcp_excerpt\"><p><a href=\"https:\/\/www.people-abroad.de\/blog\/salewa-alp-trainer\/\"><img decoding=\"async\" class=\"alignnone wp-image-37230 size-large\" src=\"https:\/\/www.people-abroad.de\/blog\/wp-content\/uploads\/2025\/08\/salewa-alp-trainer-wanderschuh-1024x682.jpeg\" alt=\"Salewa Alp Trainer 2 Wanderschuhe Trekkingschuhe\" width=\"1024\" height=\"682\" srcset=\"https:\/\/www.people-abroad.de\/blog\/wp-content\/uploads\/2025\/08\/salewa-alp-trainer-wanderschuh-1024x682.jpeg 1024w, https:\/\/www.people-abroad.de\/blog\/wp-content\/uploads\/2025\/08\/salewa-alp-trainer-wanderschuh-300x200.jpeg 300w, https:\/\/www.people-abroad.de\/blog\/wp-content\/uploads\/2025\/08\/salewa-alp-trainer-wanderschuh-768x511.jpeg 768w, https:\/\/www.people-abroad.de\/blog\/wp-content\/uploads\/2025\/08\/salewa-alp-trainer-wanderschuh.jpeg 1200w\" sizes=\"(max-width: 1024px) 100vw, 1024px\" \/><\/a><\/p>\n<p> Der Salewa Alp Trainer 2 ist f\u00fcr Wander- und Trekkingtouren konzipiert. Hier stelle ich den Wander-Allrounder der Bergsportmarke Salewa aus S\u00fcdtirol genauer vor.<\/p>\n<\/div><a href=\"https:\/\/www.people-abroad.de\/blog\/salewa-alp-trainer\/\">Mehr...<\/a><\/p><p><h2><a href=\"https:\/\/www.people-abroad.de\/blog\/travelbags-reisetaschen-rucksaecke\/\">Reisetaschen und Outdoor-Rucks\u00e4cke von Travelbags<\/a><\/h2><div class=\"lcp_excerpt\"><p><a href=\"https:\/\/www.people-abroad.de\/blog\/travelbags-reisetaschen-rucksaecke\/\"><img decoding=\"async\" class=\"alignnone wp-image-36981 size-large\" src=\"https:\/\/www.people-abroad.de\/blog\/wp-content\/uploads\/2025\/07\/travelbags-reisetaschen-1024x682.jpeg\" alt=\"Travelbags Reisetaschen Rucks\u00e4cke Ausr\u00fcstung Reisegep\u00e4ck\" width=\"1024\" height=\"682\" srcset=\"https:\/\/www.people-abroad.de\/blog\/wp-content\/uploads\/2025\/07\/travelbags-reisetaschen-1024x682.jpeg 1024w, https:\/\/www.people-abroad.de\/blog\/wp-content\/uploads\/2025\/07\/travelbags-reisetaschen-300x200.jpeg 300w, https:\/\/www.people-abroad.de\/blog\/wp-content\/uploads\/2025\/07\/travelbags-reisetaschen-768x511.jpeg 768w, https:\/\/www.people-abroad.de\/blog\/wp-content\/uploads\/2025\/07\/travelbags-reisetaschen.jpeg 1200w\" sizes=\"(max-width: 1024px) 100vw, 1024px\" \/><\/a><\/p>\n<p> Travelbags bietet Reisegep\u00e4ck von namhaften Herstellern, die f\u00fcr Qualit\u00e4t und Langlebigkeit stehen. Tipps f\u00fcr den Online-Anbieter Travelbags f\u00fcr Reisegep\u00e4ck.<\/p>\n<\/div><a href=\"https:\/\/www.people-abroad.de\/blog\/travelbags-reisetaschen-rucksaecke\/\">Mehr...<\/a><\/p><p><h2><a href=\"https:\/\/www.people-abroad.de\/blog\/nouvelle-aquitaine-wandern\/\">Nouvelle-Aquitaine: Wandern auf dem Amadourweg<\/a><\/h2><div class=\"lcp_excerpt\"><p><a href=\"https:\/\/www.people-abroad.de\/blog\/nouvelle-aquitaine-wandern\/\"><img decoding=\"async\" class=\"alignnone wp-image-36933 size-large\" src=\"https:\/\/www.people-abroad.de\/blog\/wp-content\/uploads\/2025\/07\/nouvelle-aquitaine-wandern-frankreich-1024x682.jpeg\" alt=\"\" width=\"1024\" height=\"682\" srcset=\"https:\/\/www.people-abroad.de\/blog\/wp-content\/uploads\/2025\/07\/nouvelle-aquitaine-wandern-frankreich-1024x682.jpeg 1024w, https:\/\/www.people-abroad.de\/blog\/wp-content\/uploads\/2025\/07\/nouvelle-aquitaine-wandern-frankreich-300x200.jpeg 300w, https:\/\/www.people-abroad.de\/blog\/wp-content\/uploads\/2025\/07\/nouvelle-aquitaine-wandern-frankreich-768x511.jpeg 768w, https:\/\/www.people-abroad.de\/blog\/wp-content\/uploads\/2025\/07\/nouvelle-aquitaine-wandern-frankreich.jpeg 1200w\" sizes=\"(max-width: 1024px) 100vw, 1024px\" \/><\/a><\/p>\n<p> Wenn man die Region Nouvelle-Aquitaine im S\u00fcdwesten Frankreichs erkunden m\u00f6chte, bietet sich der Wanderweg Chemin d&#8217;Amadour an. Wandertipps f\u00fcr die Region. <\/p>\n<\/div><a href=\"https:\/\/www.people-abroad.de\/blog\/nouvelle-aquitaine-wandern\/\">Mehr...<\/a><\/p><p><h2><a href=\"https:\/\/www.people-abroad.de\/blog\/pfronten-im-winter-wandern\/\">Pfronten im Allg\u00e4u: Tipps f\u00fcr Wanderungen im Winter<\/a><\/h2><div class=\"lcp_excerpt\"><p><a href=\"https:\/\/www.people-abroad.de\/blog\/pfronten-im-winter-wandern\/\"><img decoding=\"async\" class=\"alignnone wp-image-35916 size-large\" src=\"https:\/\/www.people-abroad.de\/blog\/wp-content\/uploads\/2025\/01\/pfronten-winter-wandern-bayern-tipps-1024x682.jpeg\" alt=\"Pfronten im Winter Wanderung Urlaub Allg\u00e4u Tipps \" width=\"1024\" height=\"682\" srcset=\"https:\/\/www.people-abroad.de\/blog\/wp-content\/uploads\/2025\/01\/pfronten-winter-wandern-bayern-tipps-1024x682.jpeg 1024w, https:\/\/www.people-abroad.de\/blog\/wp-content\/uploads\/2025\/01\/pfronten-winter-wandern-bayern-tipps-300x200.jpeg 300w, https:\/\/www.people-abroad.de\/blog\/wp-content\/uploads\/2025\/01\/pfronten-winter-wandern-bayern-tipps-768x511.jpeg 768w, https:\/\/www.people-abroad.de\/blog\/wp-content\/uploads\/2025\/01\/pfronten-winter-wandern-bayern-tipps.jpeg 1200w\" sizes=\"(max-width: 1024px) 100vw, 1024px\" \/><\/a><\/p>\n<p> Pfronten im Allg\u00e4u ist ein guter Startpunkt f\u00fcr Outdoor-Aktivit\u00e4ten in die Allg\u00e4uer Bergwelt. Tipps f\u00fcr Wanderungen im Winter mit Ausblicken auf die Allg\u00e4uer Alpen.<\/p>\n<\/div><a href=\"https:\/\/www.people-abroad.de\/blog\/pfronten-im-winter-wandern\/\">Mehr...<\/a><\/p><\/div><ul class='lcp_paginator'><li class='lcp_currentpage'>1<\/li><li><a href='https:\/\/www.people-abroad.de\/blog\/wp-json\/wp\/v2\/pages\/2498?lcp_page0=2#lcp_instance_0' title='2'>2<\/a><\/li><li><a href='https:\/\/www.people-abroad.de\/blog\/wp-json\/wp\/v2\/pages\/2498?lcp_page0=3#lcp_instance_0' title='3'>3<\/a><\/li><li><a href='https:\/\/www.people-abroad.de\/blog\/wp-json\/wp\/v2\/pages\/2498?lcp_page0=4#lcp_instance_0' title='4'>4<\/a><\/li><li><a href='https:\/\/www.people-abroad.de\/blog\/wp-json\/wp\/v2\/pages\/2498?lcp_page0=5#lcp_instance_0' title='5'>5<\/a><\/li><li><a href='https:\/\/www.people-abroad.de\/blog\/wp-json\/wp\/v2\/pages\/2498?lcp_page0=6#lcp_instance_0' title='6'>6<\/a><\/li><span class='lcp_elipsis'>...<\/span><li><a href='https:\/\/www.people-abroad.de\/blog\/wp-json\/wp\/v2\/pages\/2498?lcp_page0=10#lcp_instance_0' title='10'>10<\/a><\/li><li><a href='https:\/\/www.people-abroad.de\/blog\/wp-json\/wp\/v2\/pages\/2498?lcp_page0=2#lcp_instance_0' title='2' class='lcp_nextlink'>\u00c4ltere Beitr\u00e4ge &gt;&gt;<\/a><\/li><\/ul>\n","protected":false},"excerpt":{"rendered":"","protected":false},"author":1,"featured_media":0,"parent":0,"menu_order":0,"comment_status":"closed","ping_status":"closed","template":"","meta":{"_monsterinsights_skip_tracking":false,"_monsterinsights_sitenote_active":false,"_monsterinsights_sitenote_note":"","_monsterinsights_sitenote_category":0,"footnotes":""},"class_list":["post-2498","page","type-page","status-publish","hentry"],"yoast_head":"<!-- This site is optimized with the Yoast SEO plugin v27.5 - https:\/\/yoast.com\/product\/yoast-seo-wordpress\/ -->\n<title>Outdoor-Tipps - People Abroad<\/title>\n<meta name=\"description\" content=\"Reiseberichte mit dem Schwerpunkt Outdoor und Sport mit Reisetipps f\u00fcr die individuelle Planung zum Nachreisen.\" \/>\n<meta name=\"robots\" content=\"noindex, follow\" \/>\n<meta property=\"og:locale\" content=\"de_DE\" \/>\n<meta property=\"og:type\" content=\"article\" \/>\n<meta property=\"og:title\" content=\"Outdoor-Tipps - People Abroad\" \/>\n<meta property=\"og:description\" content=\"Reiseberichte mit dem Schwerpunkt Outdoor und Sport mit Reisetipps f\u00fcr die individuelle Planung zum Nachreisen.\" \/>\n<meta property=\"og:url\" content=\"https:\/\/www.people-abroad.de\/blog\/outdoor\/\" \/>\n<meta property=\"og:site_name\" content=\"People Abroad\" \/>\n<meta property=\"article:publisher\" content=\"https:\/\/www.facebook.com\/menschen.international\/\" \/>\n<meta property=\"article:modified_time\" content=\"2023-01-17T10:17:52+00:00\" \/>\n<meta name=\"twitter:card\" content=\"summary_large_image\" \/>\n<meta name=\"twitter:site\" content=\"@People_Abroad\" \/>\n<meta name=\"twitter:label1\" content=\"Gesch\u00e4tzte Lesezeit\" \/>\n\t<meta name=\"twitter:data1\" content=\"1\u00a0Minute\" \/>\n<script type=\"application\/ld+json\" class=\"yoast-schema-graph\">{\"@context\":\"https:\\\/\\\/schema.org\",\"@graph\":[{\"@type\":\"WebPage\",\"@id\":\"https:\\\/\\\/www.people-abroad.de\\\/blog\\\/outdoor\\\/\",\"url\":\"https:\\\/\\\/www.people-abroad.de\\\/blog\\\/outdoor\\\/\",\"name\":\"Outdoor-Tipps - People Abroad\",\"isPartOf\":{\"@id\":\"https:\\\/\\\/www.people-abroad.de\\\/blog\\\/#website\"},\"datePublished\":\"2017-02-04T11:01:01+00:00\",\"dateModified\":\"2023-01-17T10:17:52+00:00\",\"description\":\"Reiseberichte mit dem Schwerpunkt Outdoor und Sport mit Reisetipps f\u00fcr die individuelle Planung zum Nachreisen.\",\"breadcrumb\":{\"@id\":\"https:\\\/\\\/www.people-abroad.de\\\/blog\\\/outdoor\\\/#breadcrumb\"},\"inLanguage\":\"de\",\"potentialAction\":[{\"@type\":\"ReadAction\",\"target\":[\"https:\\\/\\\/www.people-abroad.de\\\/blog\\\/outdoor\\\/\"]}]},{\"@type\":\"BreadcrumbList\",\"@id\":\"https:\\\/\\\/www.people-abroad.de\\\/blog\\\/outdoor\\\/#breadcrumb\",\"itemListElement\":[{\"@type\":\"ListItem\",\"position\":1,\"name\":\"Startseite\",\"item\":\"https:\\\/\\\/www.people-abroad.de\\\/blog\\\/\"},{\"@type\":\"ListItem\",\"position\":2,\"name\":\"Outdoor-Tipps\"}]},{\"@type\":\"WebSite\",\"@id\":\"https:\\\/\\\/www.people-abroad.de\\\/blog\\\/#website\",\"url\":\"https:\\\/\\\/www.people-abroad.de\\\/blog\\\/\",\"name\":\"People Abroad\",\"description\":\"Reiseblog\",\"publisher\":{\"@id\":\"https:\\\/\\\/www.people-abroad.de\\\/blog\\\/#\\\/schema\\\/person\\\/2a518a154d93ee6cf0b146bc327329b3\"},\"potentialAction\":[{\"@type\":\"SearchAction\",\"target\":{\"@type\":\"EntryPoint\",\"urlTemplate\":\"https:\\\/\\\/www.people-abroad.de\\\/blog\\\/?s={search_term_string}\"},\"query-input\":{\"@type\":\"PropertyValueSpecification\",\"valueRequired\":true,\"valueName\":\"search_term_string\"}}],\"inLanguage\":\"de\"},{\"@type\":[\"Person\",\"Organization\"],\"@id\":\"https:\\\/\\\/www.people-abroad.de\\\/blog\\\/#\\\/schema\\\/person\\\/2a518a154d93ee6cf0b146bc327329b3\",\"name\":\"Heiko M\u00fcller\",\"logo\":{\"@id\":\"https:\\\/\\\/www.people-abroad.de\\\/blog\\\/#\\\/schema\\\/person\\\/image\\\/\"},\"description\":\"Ich bin Reiseblogger, Content Creator und Redakteur. Auf Reisen erkunde ich gerne neue Regionen, St\u00e4dte und Orte beim Fotografieren, Wandern und Radfahren. F\u00fcr weitere Reisetipps folge mir auf Instagram. Mehr Infos zum Blog findest du hier: https:\\\/\\\/www.people-abroad.de\\\/blog\\\/pr-media\\\/. Kontakt: h.mueller@people-abroad.de\",\"sameAs\":[\"https:\\\/\\\/www.people-abroad.de\\\/blog\\\/\",\"https:\\\/\\\/www.facebook.com\\\/menschen.international\\\/\",\"https:\\\/\\\/www.instagram.com\\\/people.abroad\\\/\",\"https:\\\/\\\/www.linkedin.com\\\/in\\\/muellerheiko\\\/\",\"https:\\\/\\\/www.pinterest.de\\\/peopleabroad\\\/\",\"https:\\\/\\\/x.com\\\/People_Abroad\",\"https:\\\/\\\/www.youtube.com\\\/user\\\/MenschenInt\"]}]}<\/script>\n<!-- \/ Yoast SEO plugin. -->","yoast_head_json":{"title":"Outdoor-Tipps - People Abroad","description":"Reiseberichte mit dem Schwerpunkt Outdoor und Sport mit Reisetipps f\u00fcr die individuelle Planung zum Nachreisen.","robots":{"index":"noindex","follow":"follow"},"og_locale":"de_DE","og_type":"article","og_title":"Outdoor-Tipps - People Abroad","og_description":"Reiseberichte mit dem Schwerpunkt Outdoor und Sport mit Reisetipps f\u00fcr die individuelle Planung zum Nachreisen.","og_url":"https:\/\/www.people-abroad.de\/blog\/outdoor\/","og_site_name":"People Abroad","article_publisher":"https:\/\/www.facebook.com\/menschen.international\/","article_modified_time":"2023-01-17T10:17:52+00:00","twitter_card":"summary_large_image","twitter_site":"@People_Abroad","twitter_misc":{"Gesch\u00e4tzte Lesezeit":"1\u00a0Minute"},"schema":{"@context":"https:\/\/schema.org","@graph":[{"@type":"WebPage","@id":"https:\/\/www.people-abroad.de\/blog\/outdoor\/","url":"https:\/\/www.people-abroad.de\/blog\/outdoor\/","name":"Outdoor-Tipps - People Abroad","isPartOf":{"@id":"https:\/\/www.people-abroad.de\/blog\/#website"},"datePublished":"2017-02-04T11:01:01+00:00","dateModified":"2023-01-17T10:17:52+00:00","description":"Reiseberichte mit dem Schwerpunkt Outdoor und Sport mit Reisetipps f\u00fcr die individuelle Planung zum Nachreisen.","breadcrumb":{"@id":"https:\/\/www.people-abroad.de\/blog\/outdoor\/#breadcrumb"},"inLanguage":"de","potentialAction":[{"@type":"ReadAction","target":["https:\/\/www.people-abroad.de\/blog\/outdoor\/"]}]},{"@type":"BreadcrumbList","@id":"https:\/\/www.people-abroad.de\/blog\/outdoor\/#breadcrumb","itemListElement":[{"@type":"ListItem","position":1,"name":"Startseite","item":"https:\/\/www.people-abroad.de\/blog\/"},{"@type":"ListItem","position":2,"name":"Outdoor-Tipps"}]},{"@type":"WebSite","@id":"https:\/\/www.people-abroad.de\/blog\/#website","url":"https:\/\/www.people-abroad.de\/blog\/","name":"People Abroad","description":"Reiseblog","publisher":{"@id":"https:\/\/www.people-abroad.de\/blog\/#\/schema\/person\/2a518a154d93ee6cf0b146bc327329b3"},"potentialAction":[{"@type":"SearchAction","target":{"@type":"EntryPoint","urlTemplate":"https:\/\/www.people-abroad.de\/blog\/?s={search_term_string}"},"query-input":{"@type":"PropertyValueSpecification","valueRequired":true,"valueName":"search_term_string"}}],"inLanguage":"de"},{"@type":["Person","Organization"],"@id":"https:\/\/www.people-abroad.de\/blog\/#\/schema\/person\/2a518a154d93ee6cf0b146bc327329b3","name":"Heiko M\u00fcller","logo":{"@id":"https:\/\/www.people-abroad.de\/blog\/#\/schema\/person\/image\/"},"description":"Ich bin Reiseblogger, Content Creator und Redakteur. Auf Reisen erkunde ich gerne neue Regionen, St\u00e4dte und Orte beim Fotografieren, Wandern und Radfahren. F\u00fcr weitere Reisetipps folge mir auf Instagram. Mehr Infos zum Blog findest du hier: https:\/\/www.people-abroad.de\/blog\/pr-media\/. Kontakt: h.mueller@people-abroad.de","sameAs":["https:\/\/www.people-abroad.de\/blog\/","https:\/\/www.facebook.com\/menschen.international\/","https:\/\/www.instagram.com\/people.abroad\/","https:\/\/www.linkedin.com\/in\/muellerheiko\/","https:\/\/www.pinterest.de\/peopleabroad\/","https:\/\/x.com\/People_Abroad","https:\/\/www.youtube.com\/user\/MenschenInt"]}]}},"_links":{"self":[{"href":"https:\/\/www.people-abroad.de\/blog\/wp-json\/wp\/v2\/pages\/2498","targetHints":{"allow":["GET"]}}],"collection":[{"href":"https:\/\/www.people-abroad.de\/blog\/wp-json\/wp\/v2\/pages"}],"about":[{"href":"https:\/\/www.people-abroad.de\/blog\/wp-json\/wp\/v2\/types\/page"}],"author":[{"embeddable":true,"href":"https:\/\/www.people-abroad.de\/blog\/wp-json\/wp\/v2\/users\/1"}],"replies":[{"embeddable":true,"href":"https:\/\/www.people-abroad.de\/blog\/wp-json\/wp\/v2\/comments?post=2498"}],"version-history":[{"count":3,"href":"https:\/\/www.people-abroad.de\/blog\/wp-json\/wp\/v2\/pages\/2498\/revisions"}],"predecessor-version":[{"id":14554,"href":"https:\/\/www.people-abroad.de\/blog\/wp-json\/wp\/v2\/pages\/2498\/revisions\/14554"}],"wp:attachment":[{"href":"https:\/\/www.people-abroad.de\/blog\/wp-json\/wp\/v2\/media?parent=2498"}],"curies":[{"name":"wp","href":"https:\/\/api.w.org\/{rel}","templated":true}]}}