{"id":2477,"date":"2017-02-03T18:14:45","date_gmt":"2017-02-03T17:14:45","guid":{"rendered":"http:\/\/www.people-abroad.de\/blog\/?page_id=2477"},"modified":"2023-01-17T11:34:47","modified_gmt":"2023-01-17T10:34:47","slug":"reisefotografen","status":"publish","type":"page","link":"https:\/\/www.people-abroad.de\/blog\/reisefotografen\/","title":{"rendered":"Reisefotografen"},"content":{"rendered":"<div class=\"lcp_catlist\" id=\"lcp_instance_0\"><p><h2><a href=\"https:\/\/www.people-abroad.de\/blog\/10-jahre-people-abroad-reiseblog\/\">10 Jahre People Abroad: Mein R\u00fcckblick als Reiseblogger<\/a><\/h2><div class=\"lcp_excerpt\"><p><a href=\"https:\/\/www.people-abroad.de\/blog\/10-jahre-people-abroad-reiseblog\/\"><img decoding=\"async\" class=\"alignnone wp-image-35620 size-full\" src=\"https:\/\/www.people-abroad.de\/blog\/wp-content\/uploads\/2025\/01\/people-abroad-reiseblog-travelblog-19.jpg\" alt=\"People Abroad Reiseblog Content Creator Travelblog Wandern Radfahren Outdoor\" width=\"1000\" height=\"666\" srcset=\"https:\/\/www.people-abroad.de\/blog\/wp-content\/uploads\/2025\/01\/people-abroad-reiseblog-travelblog-19.jpg 1000w, https:\/\/www.people-abroad.de\/blog\/wp-content\/uploads\/2025\/01\/people-abroad-reiseblog-travelblog-19-300x200.jpg 300w, https:\/\/www.people-abroad.de\/blog\/wp-content\/uploads\/2025\/01\/people-abroad-reiseblog-travelblog-19-768x511.jpg 768w\" sizes=\"(max-width: 1000px) 100vw, 1000px\" \/><\/a><\/p>\n<p> Zum 10-j\u00e4hrigen Jubil\u00e4um von People Abroad gibt es einen R\u00fcckblick und meine Erfahrungen als Reiseblogger. Ein pers\u00f6nliches Zwischenfazit \u00fcber 10 Bloggerjahre.<\/p>\n<\/div><a href=\"https:\/\/www.people-abroad.de\/blog\/10-jahre-people-abroad-reiseblog\/\">Mehr...<\/a><\/p><p><h2><a href=\"https:\/\/www.people-abroad.de\/blog\/bergfotos-wanderungen-alpen\/\">Bergfotos und Wanderungen in den Alpen<\/a><\/h2><div class=\"lcp_excerpt\"><p><a href=\"https:\/\/www.people-abroad.de\/blog\/bergfotos-wanderungen-alpen\/\"><img decoding=\"async\" class=\"alignleft wp-image-16966 size-full\" style=\"margin-bottom: 25px;\" src=\"https:\/\/www.people-abroad.de\/blog\/wp-content\/uploads\/2020\/06\/fotospots-wanderungen-alpen-2.jpg\" alt=\"Bergfotografie Alpen Wanderungen Bergfotos Marius Schwager\" width=\"1000\" height=\"668\" srcset=\"https:\/\/www.people-abroad.de\/blog\/wp-content\/uploads\/2020\/06\/fotospots-wanderungen-alpen-2.jpg 1000w, https:\/\/www.people-abroad.de\/blog\/wp-content\/uploads\/2020\/06\/fotospots-wanderungen-alpen-2-300x200.jpg 300w, https:\/\/www.people-abroad.de\/blog\/wp-content\/uploads\/2020\/06\/fotospots-wanderungen-alpen-2-768x513.jpg 768w, https:\/\/www.people-abroad.de\/blog\/wp-content\/uploads\/2020\/06\/fotospots-wanderungen-alpen-2-400x267.jpg 400w\" sizes=\"(max-width: 1000px) 100vw, 1000px\" \/><\/a><\/p>\n<p> Eindrucksvolle Bergfotos von den Alpen lassen sich am besten bei Wanderungen erzielen. Marius Schwager hat sich darauf spezialisiert und stellt sein neues Projekt vor.<\/p>\n<\/div><a href=\"https:\/\/www.people-abroad.de\/blog\/bergfotos-wanderungen-alpen\/\">Mehr...<\/a><\/p><p><h2><a href=\"https:\/\/www.people-abroad.de\/blog\/fotograf-mannheim\/\">Fotografen in Mannheim &#8211; Infos &#038; Kontakte<\/a><\/h2><div class=\"lcp_excerpt\"><p><a href=\"https:\/\/www.people-abroad.de\/blog\/fotograf-mannheim\/\"><img decoding=\"async\" class=\"alignleft wp-image-15927 size-full\" style=\"margin-bottom: 25px;\" src=\"https:\/\/www.people-abroad.de\/blog\/wp-content\/uploads\/2020\/02\/fotograf-mannheim-rhein-neckar.jpg\" alt=\"Fotograf Mannheim Fotostudio Hochzeitsfotograf Bewerbungsfotos\" width=\"1000\" height=\"666\" srcset=\"https:\/\/www.people-abroad.de\/blog\/wp-content\/uploads\/2020\/02\/fotograf-mannheim-rhein-neckar.jpg 1000w, https:\/\/www.people-abroad.de\/blog\/wp-content\/uploads\/2020\/02\/fotograf-mannheim-rhein-neckar-300x200.jpg 300w, https:\/\/www.people-abroad.de\/blog\/wp-content\/uploads\/2020\/02\/fotograf-mannheim-rhein-neckar-768x511.jpg 768w, https:\/\/www.people-abroad.de\/blog\/wp-content\/uploads\/2020\/02\/fotograf-mannheim-rhein-neckar-400x266.jpg 400w\" sizes=\"(max-width: 1000px) 100vw, 1000px\" \/><\/a><\/p>\n<p>Fotografen sind immer auf der Suche nach dem perfekten Fotomotiv. Davon gibt es in Mannheim und der Region Rhein-Neckar jede Menge. Tipps f\u00fcr die Suche nach einem Fotograf in Mannheim.<\/p>\n<\/div><a href=\"https:\/\/www.people-abroad.de\/blog\/fotograf-mannheim\/\">Mehr...<\/a><\/p><p><h2><a href=\"https:\/\/www.people-abroad.de\/blog\/norwegen-reiseblog-bruderleichtfuss\/\">Timo Peters vom Norwegen-Blog Fjordwelten.de<\/a><\/h2><div class=\"lcp_excerpt\"><p><a href=\"https:\/\/www.people-abroad.de\/blog\/norwegen-reiseblog-bruderleichtfuss\/\"><img decoding=\"async\" class=\"alignleft wp-image-7444 size-full\" style=\"margin-bottom: 25px;\" src=\"https:\/\/www.people-abroad.de\/blog\/wp-content\/uploads\/2018\/03\/reiseblogger-norwegen-6.jpg\" alt=\"Timo Peters Norwegen-Blog Fjordwelten.de Burderleichtfuss.com\" width=\"900\" height=\"675\" srcset=\"https:\/\/www.people-abroad.de\/blog\/wp-content\/uploads\/2018\/03\/reiseblogger-norwegen-6.jpg 900w, https:\/\/www.people-abroad.de\/blog\/wp-content\/uploads\/2018\/03\/reiseblogger-norwegen-6-300x225.jpg 300w, https:\/\/www.people-abroad.de\/blog\/wp-content\/uploads\/2018\/03\/reiseblogger-norwegen-6-768x576.jpg 768w, https:\/\/www.people-abroad.de\/blog\/wp-content\/uploads\/2018\/03\/reiseblogger-norwegen-6-400x300.jpg 400w\" sizes=\"(max-width: 900px) 100vw, 900px\" \/><\/a><\/p>\n<p>Ausschau halten nach dem n\u00e4chsten Outdoor-Abenteuer. Timo Peters ist f\u00fcr so ziemlich alles zu haben, was mit Reisen, frischer Luft und sportlichem Einsatz zu tun hat. Je abenteuerlicher, desto besser. Hier plaudert er ausgiebig \u00fcber seinen Norwegen-Blog Fjordwelten.de, wie man \u00fcber&#8217;s Meer trampen kann und was es mit der Fjordchallenge auf sich hat.<\/p>\n<\/div><a href=\"https:\/\/www.people-abroad.de\/blog\/norwegen-reiseblog-bruderleichtfuss\/\">Mehr...<\/a><\/p><p><h2><a href=\"https:\/\/www.people-abroad.de\/blog\/top-10-reiseblogger\/\">10 Reiseblogger f\u00fcr deine Reise-Inspiration<\/a><\/h2><div class=\"lcp_excerpt\"><p><a href=\"https:\/\/www.people-abroad.de\/blog\/top-10-reiseblogger\/\"><img decoding=\"async\" class=\"alignleft wp-image-6871 size-full\" style=\"margin-bottom: 25px;\" src=\"https:\/\/www.people-abroad.de\/blog\/wp-content\/uploads\/2018\/01\/top-10-reiseblogger.jpg\" alt=\"Die Top 10 Reiseblogger\" width=\"900\" height=\"675\" srcset=\"https:\/\/www.people-abroad.de\/blog\/wp-content\/uploads\/2018\/01\/top-10-reiseblogger.jpg 900w, https:\/\/www.people-abroad.de\/blog\/wp-content\/uploads\/2018\/01\/top-10-reiseblogger-300x225.jpg 300w, https:\/\/www.people-abroad.de\/blog\/wp-content\/uploads\/2018\/01\/top-10-reiseblogger-768x576.jpg 768w, https:\/\/www.people-abroad.de\/blog\/wp-content\/uploads\/2018\/01\/top-10-reiseblogger-400x300.jpg 400w\" sizes=\"(max-width: 900px) 100vw, 900px\" \/><\/a><\/p>\n<p>Wer f\u00fcr sein Leben gerne reist, der liest meist mit Begeisterung auch Reiseblogs. Sie helfen bei der Reiseplanung, bieten viele tolle Tipps und inspirieren bei der Suche nach dem n\u00e4chsten Reiseziel. Und sie machen einfach Lust auf&#8217;s Reisen, weil sie das Fernweh wecken. Hier sind 10 Reiseblogger &#8211; meine Favoriten in Sachen Reisen und Fernweh.<\/p>\n<\/div><a href=\"https:\/\/www.people-abroad.de\/blog\/top-10-reiseblogger\/\">Mehr...<\/a><\/p><p><h2><a href=\"https:\/\/www.people-abroad.de\/blog\/weitwanderwege-norwegen-simon-patur\/\">Die Weitwanderwege des Nordens im Blick<\/a><\/h2><div class=\"lcp_excerpt\"><p><a href=\"https:\/\/www.people-abroad.de\/blog\/weitwanderwege-norwegen-simon-patur\/\"><img decoding=\"async\" class=\"alignleft wp-image-6407 size-full\" style=\"margin-bottom: 25px;\" src=\"https:\/\/www.people-abroad.de\/blog\/wp-content\/uploads\/2017\/12\/simon-michalowicz-weitwanderwege-3.jpg\" alt=\"Simon Michalowicz Simon pa tur\" width=\"900\" height=\"596\" srcset=\"https:\/\/www.people-abroad.de\/blog\/wp-content\/uploads\/2017\/12\/simon-michalowicz-weitwanderwege-3.jpg 900w, https:\/\/www.people-abroad.de\/blog\/wp-content\/uploads\/2017\/12\/simon-michalowicz-weitwanderwege-3-300x199.jpg 300w, https:\/\/www.people-abroad.de\/blog\/wp-content\/uploads\/2017\/12\/simon-michalowicz-weitwanderwege-3-768x509.jpg 768w, https:\/\/www.people-abroad.de\/blog\/wp-content\/uploads\/2017\/12\/simon-michalowicz-weitwanderwege-3-400x265.jpg 400w\" sizes=\"(max-width: 900px) 100vw, 900px\" \/><\/a><\/p>\n<p>Simon Michalowicz ist am liebsten drau\u00dfen mit seinen Wanderschuhen unterwegs. Besonders die Fern- und Weitwanderwege faszinieren ihn. Sein bisher gr\u00f6\u00dftes Abenteuer war die Durchquerung von Norwegen der L\u00e4nge nach. Insgesamt 140 Tage war er zu Fu\u00df bis zum Nordkap unterwegs. Hier berichtet er \u00fcber seine Leidenschaft Fernwandern.<\/p>\n<\/div><a href=\"https:\/\/www.people-abroad.de\/blog\/weitwanderwege-norwegen-simon-patur\/\">Mehr...<\/a><\/p><p><h2><a href=\"https:\/\/www.people-abroad.de\/blog\/elsass-blogger-autor-pascal-cames\/\">Elsass-Blogger Pascal \u00fcber den Osten Frankreichs<\/a><\/h2><div class=\"lcp_excerpt\"><p><a href=\"https:\/\/www.people-abroad.de\/blog\/elsass-blogger-autor-pascal-cames\/\"><img decoding=\"async\" class=\"alignleft wp-image-5319 size-full\" style=\"margin-bottom: 25px;\" src=\"https:\/\/www.people-abroad.de\/blog\/wp-content\/uploads\/2017\/09\/elsass-blogger-7.jpg\" alt=\"Elsass-Blogger Pascal Cames Frankreich Elsass Tipps\" width=\"900\" height=\"600\" srcset=\"https:\/\/www.people-abroad.de\/blog\/wp-content\/uploads\/2017\/09\/elsass-blogger-7.jpg 900w, https:\/\/www.people-abroad.de\/blog\/wp-content\/uploads\/2017\/09\/elsass-blogger-7-300x200.jpg 300w, https:\/\/www.people-abroad.de\/blog\/wp-content\/uploads\/2017\/09\/elsass-blogger-7-768x512.jpg 768w, https:\/\/www.people-abroad.de\/blog\/wp-content\/uploads\/2017\/09\/elsass-blogger-7-400x267.jpg 400w, https:\/\/www.people-abroad.de\/blog\/wp-content\/uploads\/2017\/09\/elsass-blogger-7-272x182.jpg 272w\" sizes=\"(max-width: 900px) 100vw, 900px\" \/><\/a><\/p>\n<p>Pascal Cames ist Journalist, Elsass-Blogger und er geht gerne im Osten Frankreichs auf Hiking-Tour. Die Landschaft und sein Wissen \u00fcber die Region hat er sich sozusagen erwandert. Er betreibt den Blog &#8222;Homme de Fer&#8220; und hat das Buch &#8222;Wanderkino Elsass&#8220; geschrieben mit Tipps f\u00fcr Hiking-Touren in der Region. Mehr zum Elsass-Blogger.<\/p>\n<\/div><a href=\"https:\/\/www.people-abroad.de\/blog\/elsass-blogger-autor-pascal-cames\/\">Mehr...<\/a><\/p><p><h2><a href=\"https:\/\/www.people-abroad.de\/blog\/thomas-bauer-abenteurer-aus-leidenschaft\/\">Thomas Bauer: Abenteurer aus Leidenschaft<\/a><\/h2><div class=\"lcp_excerpt\"><p><a href=\"https:\/\/www.people-abroad.de\/blog\/thomas-bauer-abenteurer-aus-leidenschaft\/\"><img decoding=\"async\" class=\"alignleft size-full wp-image-5228\" style=\"margin-bottom: 25px;\" src=\"https:\/\/www.people-abroad.de\/blog\/wp-content\/uploads\/2017\/09\/thomas-bauer-abenteurer-und-autor1.jpg\" alt=\"\" width=\"900\" height=\"600\" srcset=\"https:\/\/www.people-abroad.de\/blog\/wp-content\/uploads\/2017\/09\/thomas-bauer-abenteurer-und-autor1.jpg 900w, https:\/\/www.people-abroad.de\/blog\/wp-content\/uploads\/2017\/09\/thomas-bauer-abenteurer-und-autor1-300x200.jpg 300w, https:\/\/www.people-abroad.de\/blog\/wp-content\/uploads\/2017\/09\/thomas-bauer-abenteurer-und-autor1-768x512.jpg 768w, https:\/\/www.people-abroad.de\/blog\/wp-content\/uploads\/2017\/09\/thomas-bauer-abenteurer-und-autor1-400x267.jpg 400w, https:\/\/www.people-abroad.de\/blog\/wp-content\/uploads\/2017\/09\/thomas-bauer-abenteurer-und-autor1-272x182.jpg 272w\" sizes=\"(max-width: 900px) 100vw, 900px\" \/><\/a><\/p>\n<p>Thomas Bauer\u00a0umrundete Frankreich auf einem Postrad, fuhr per Fahrradrikscha von Laos nach Singapur, folgte der Donau im Paddelboot zum Schwarzen Meer. Mit dem Hundeschlitten zog er durch Gr\u00f6nland und im Himalaya beobachtete er einen der letzten Schneeleoparden. Im Interview berichtet er uns wie er &#8222;Berufsabenteurer&#8220; wurde und\u00a0was ihm beim Reisen wichtig ist.<\/p>\n<\/div><a href=\"https:\/\/www.people-abroad.de\/blog\/thomas-bauer-abenteurer-aus-leidenschaft\/\">Mehr...<\/a><\/p><p><h2><a href=\"https:\/\/www.people-abroad.de\/blog\/robert-kampczyk-trailrunner\/\">Mit einer Extra-Portion &#8222;Vitamin Berge&#8220;<\/a><\/h2><div class=\"lcp_excerpt\"><p><a href=\"https:\/\/www.people-abroad.de\/blog\/robert-kampczyk-trailrunner\/\"><img decoding=\"async\" class=\"alignleft size-full wp-image-3770\" style=\"margin-bottom: 25px;\" src=\"https:\/\/www.people-abroad.de\/blog\/wp-content\/uploads\/2017\/05\/robert-kampczyk1-trailrunner1.jpg\" alt=\"robert-kampczyk1-trailrunner1\" width=\"900\" height=\"450\" srcset=\"https:\/\/www.people-abroad.de\/blog\/wp-content\/uploads\/2017\/05\/robert-kampczyk1-trailrunner1.jpg 900w, https:\/\/www.people-abroad.de\/blog\/wp-content\/uploads\/2017\/05\/robert-kampczyk1-trailrunner1-300x150.jpg 300w, https:\/\/www.people-abroad.de\/blog\/wp-content\/uploads\/2017\/05\/robert-kampczyk1-trailrunner1-768x384.jpg 768w\" sizes=\"(max-width: 900px) 100vw, 900px\" \/><\/a><\/p>\n<p>Robert Kampczyk spielte fr\u00fcher erfolgreich Volleyball und kam \u00fcber den Orientierungslauf zu seinem heutigen Outdoor-Sport, dem Trailrunning. Mittlerweile ist er Outdoor-Blogger, Podcaster, Trailrunner und er liebt die Berge, egal wie hoch und steil sie sind. Hauptsache er muss nicht im Flachland laufen.<\/p>\n<\/div><a href=\"https:\/\/www.people-abroad.de\/blog\/robert-kampczyk-trailrunner\/\">Mehr...<\/a><\/p><p><h2><a href=\"https:\/\/www.people-abroad.de\/blog\/portraets-von-der-itb\/\">Portraits von der ITB in Berlin<\/a><\/h2><div class=\"lcp_excerpt\"><p><a href=\"https:\/\/www.people-abroad.de\/blog\/portraets-von-der-itb\/\"><img decoding=\"async\" class=\"aligncenter wp-image-2878 size-full\" style=\"margin-bottom: 25px;\" src=\"https:\/\/www.people-abroad.de\/blog\/wp-content\/uploads\/2017\/03\/itbberlin2017_mali.jpg\" alt=\"itbberlin2017_mali\" width=\"900\" height=\"450\" srcset=\"https:\/\/www.people-abroad.de\/blog\/wp-content\/uploads\/2017\/03\/itbberlin2017_mali.jpg 900w, https:\/\/www.people-abroad.de\/blog\/wp-content\/uploads\/2017\/03\/itbberlin2017_mali-300x150.jpg 300w, https:\/\/www.people-abroad.de\/blog\/wp-content\/uploads\/2017\/03\/itbberlin2017_mali-768x384.jpg 768w\" sizes=\"(max-width: 900px) 100vw, 900px\" \/><\/a><\/p>\n<p>Als wir am vergangenen Wochenende die Reisemesse ITB in Berlin besuchten, waren wir begeistert von der F\u00fclle an L\u00e4ndern und Regionen, die sich dort pr\u00e4sentierten. Besonders faszinierten uns die Menschen aus den verschiedenen Kulturkreisen, die bei den Besuchern f\u00fcr eine Reise in ihr Land geworben haben. Sie, die Menschen, sind der eigentliche Grund, warum wir immer wieder auf Reisen gehen. Aus diesem Grund haben wir uns auch &#8222;People Abroad&#8220; genannt.<\/p>\n<\/div><a href=\"https:\/\/www.people-abroad.de\/blog\/portraets-von-der-itb\/\">Mehr...<\/a><\/p><\/div><ul class='lcp_paginator'><li class='lcp_currentpage'>1<\/li><li><a href='https:\/\/www.people-abroad.de\/blog\/wp-json\/wp\/v2\/pages\/2477?lcp_page0=2#lcp_instance_0' title='2'>2<\/a><\/li><li><a href='https:\/\/www.people-abroad.de\/blog\/wp-json\/wp\/v2\/pages\/2477?lcp_page0=2#lcp_instance_0' title='2' class='lcp_nextlink'>\u00c4ltere Beitr\u00e4ge &gt;&gt;<\/a><\/li><\/ul>\n","protected":false},"excerpt":{"rendered":"","protected":false},"author":1,"featured_media":0,"parent":0,"menu_order":0,"comment_status":"closed","ping_status":"closed","template":"","meta":{"_monsterinsights_skip_tracking":false,"_monsterinsights_sitenote_active":false,"_monsterinsights_sitenote_note":"","_monsterinsights_sitenote_category":0,"footnotes":""},"class_list":["post-2477","page","type-page","status-publish","hentry"],"yoast_head":"<!-- This site is optimized with the Yoast SEO plugin v27.5 - https:\/\/yoast.com\/product\/yoast-seo-wordpress\/ -->\n<title>Reisefotografen - People Abroad<\/title>\n<meta name=\"description\" content=\"Reiseberichte von Reisefotografen, Reisefilmern und Abenteurern mit Reisetipps f\u00fcr die individuelle Planung zum Nachreisen.\" \/>\n<meta name=\"robots\" content=\"noindex, follow\" \/>\n<meta property=\"og:locale\" content=\"de_DE\" \/>\n<meta property=\"og:type\" content=\"article\" \/>\n<meta property=\"og:title\" content=\"Reisefotografen - People Abroad\" \/>\n<meta property=\"og:description\" content=\"Reiseberichte von Reisefotografen, Reisefilmern und Abenteurern mit Reisetipps f\u00fcr die individuelle Planung zum Nachreisen.\" \/>\n<meta property=\"og:url\" content=\"https:\/\/www.people-abroad.de\/blog\/reisefotografen\/\" \/>\n<meta property=\"og:site_name\" content=\"People Abroad\" \/>\n<meta property=\"article:publisher\" content=\"https:\/\/www.facebook.com\/menschen.international\/\" \/>\n<meta property=\"article:modified_time\" content=\"2023-01-17T10:34:47+00:00\" \/>\n<meta name=\"twitter:card\" content=\"summary_large_image\" \/>\n<meta name=\"twitter:site\" content=\"@People_Abroad\" \/>\n<meta name=\"twitter:label1\" content=\"Gesch\u00e4tzte Lesezeit\" \/>\n\t<meta name=\"twitter:data1\" content=\"1\u00a0Minute\" \/>\n<script type=\"application\/ld+json\" class=\"yoast-schema-graph\">{\"@context\":\"https:\\\/\\\/schema.org\",\"@graph\":[{\"@type\":\"WebPage\",\"@id\":\"https:\\\/\\\/www.people-abroad.de\\\/blog\\\/reisefotografen\\\/\",\"url\":\"https:\\\/\\\/www.people-abroad.de\\\/blog\\\/reisefotografen\\\/\",\"name\":\"Reisefotografen - People Abroad\",\"isPartOf\":{\"@id\":\"https:\\\/\\\/www.people-abroad.de\\\/blog\\\/#website\"},\"datePublished\":\"2017-02-03T17:14:45+00:00\",\"dateModified\":\"2023-01-17T10:34:47+00:00\",\"description\":\"Reiseberichte von Reisefotografen, Reisefilmern und Abenteurern mit Reisetipps f\u00fcr die individuelle Planung zum Nachreisen.\",\"breadcrumb\":{\"@id\":\"https:\\\/\\\/www.people-abroad.de\\\/blog\\\/reisefotografen\\\/#breadcrumb\"},\"inLanguage\":\"de\",\"potentialAction\":[{\"@type\":\"ReadAction\",\"target\":[\"https:\\\/\\\/www.people-abroad.de\\\/blog\\\/reisefotografen\\\/\"]}]},{\"@type\":\"BreadcrumbList\",\"@id\":\"https:\\\/\\\/www.people-abroad.de\\\/blog\\\/reisefotografen\\\/#breadcrumb\",\"itemListElement\":[{\"@type\":\"ListItem\",\"position\":1,\"name\":\"Startseite\",\"item\":\"https:\\\/\\\/www.people-abroad.de\\\/blog\\\/\"},{\"@type\":\"ListItem\",\"position\":2,\"name\":\"Reisefotografen\"}]},{\"@type\":\"WebSite\",\"@id\":\"https:\\\/\\\/www.people-abroad.de\\\/blog\\\/#website\",\"url\":\"https:\\\/\\\/www.people-abroad.de\\\/blog\\\/\",\"name\":\"People Abroad\",\"description\":\"Reiseblog\",\"publisher\":{\"@id\":\"https:\\\/\\\/www.people-abroad.de\\\/blog\\\/#\\\/schema\\\/person\\\/2a518a154d93ee6cf0b146bc327329b3\"},\"potentialAction\":[{\"@type\":\"SearchAction\",\"target\":{\"@type\":\"EntryPoint\",\"urlTemplate\":\"https:\\\/\\\/www.people-abroad.de\\\/blog\\\/?s={search_term_string}\"},\"query-input\":{\"@type\":\"PropertyValueSpecification\",\"valueRequired\":true,\"valueName\":\"search_term_string\"}}],\"inLanguage\":\"de\"},{\"@type\":[\"Person\",\"Organization\"],\"@id\":\"https:\\\/\\\/www.people-abroad.de\\\/blog\\\/#\\\/schema\\\/person\\\/2a518a154d93ee6cf0b146bc327329b3\",\"name\":\"Heiko M\u00fcller\",\"logo\":{\"@id\":\"https:\\\/\\\/www.people-abroad.de\\\/blog\\\/#\\\/schema\\\/person\\\/image\\\/\"},\"description\":\"Ich bin Reiseblogger, Content Creator und Redakteur. Auf Reisen erkunde ich gerne neue Regionen, St\u00e4dte und Orte beim Fotografieren, Wandern und Radfahren. F\u00fcr weitere Reisetipps folge mir auf Instagram. Mehr Infos zum Blog findest du hier: https:\\\/\\\/www.people-abroad.de\\\/blog\\\/pr-media\\\/. Kontakt: h.mueller@people-abroad.de\",\"sameAs\":[\"https:\\\/\\\/www.people-abroad.de\\\/blog\\\/\",\"https:\\\/\\\/www.facebook.com\\\/menschen.international\\\/\",\"https:\\\/\\\/www.instagram.com\\\/people.abroad\\\/\",\"https:\\\/\\\/www.linkedin.com\\\/in\\\/muellerheiko\\\/\",\"https:\\\/\\\/www.pinterest.de\\\/peopleabroad\\\/\",\"https:\\\/\\\/x.com\\\/People_Abroad\",\"https:\\\/\\\/www.youtube.com\\\/user\\\/MenschenInt\"]}]}<\/script>\n<!-- \/ Yoast SEO plugin. -->","yoast_head_json":{"title":"Reisefotografen - People Abroad","description":"Reiseberichte von Reisefotografen, Reisefilmern und Abenteurern mit Reisetipps f\u00fcr die individuelle Planung zum Nachreisen.","robots":{"index":"noindex","follow":"follow"},"og_locale":"de_DE","og_type":"article","og_title":"Reisefotografen - People Abroad","og_description":"Reiseberichte von Reisefotografen, Reisefilmern und Abenteurern mit Reisetipps f\u00fcr die individuelle Planung zum Nachreisen.","og_url":"https:\/\/www.people-abroad.de\/blog\/reisefotografen\/","og_site_name":"People Abroad","article_publisher":"https:\/\/www.facebook.com\/menschen.international\/","article_modified_time":"2023-01-17T10:34:47+00:00","twitter_card":"summary_large_image","twitter_site":"@People_Abroad","twitter_misc":{"Gesch\u00e4tzte Lesezeit":"1\u00a0Minute"},"schema":{"@context":"https:\/\/schema.org","@graph":[{"@type":"WebPage","@id":"https:\/\/www.people-abroad.de\/blog\/reisefotografen\/","url":"https:\/\/www.people-abroad.de\/blog\/reisefotografen\/","name":"Reisefotografen - People Abroad","isPartOf":{"@id":"https:\/\/www.people-abroad.de\/blog\/#website"},"datePublished":"2017-02-03T17:14:45+00:00","dateModified":"2023-01-17T10:34:47+00:00","description":"Reiseberichte von Reisefotografen, Reisefilmern und Abenteurern mit Reisetipps f\u00fcr die individuelle Planung zum Nachreisen.","breadcrumb":{"@id":"https:\/\/www.people-abroad.de\/blog\/reisefotografen\/#breadcrumb"},"inLanguage":"de","potentialAction":[{"@type":"ReadAction","target":["https:\/\/www.people-abroad.de\/blog\/reisefotografen\/"]}]},{"@type":"BreadcrumbList","@id":"https:\/\/www.people-abroad.de\/blog\/reisefotografen\/#breadcrumb","itemListElement":[{"@type":"ListItem","position":1,"name":"Startseite","item":"https:\/\/www.people-abroad.de\/blog\/"},{"@type":"ListItem","position":2,"name":"Reisefotografen"}]},{"@type":"WebSite","@id":"https:\/\/www.people-abroad.de\/blog\/#website","url":"https:\/\/www.people-abroad.de\/blog\/","name":"People Abroad","description":"Reiseblog","publisher":{"@id":"https:\/\/www.people-abroad.de\/blog\/#\/schema\/person\/2a518a154d93ee6cf0b146bc327329b3"},"potentialAction":[{"@type":"SearchAction","target":{"@type":"EntryPoint","urlTemplate":"https:\/\/www.people-abroad.de\/blog\/?s={search_term_string}"},"query-input":{"@type":"PropertyValueSpecification","valueRequired":true,"valueName":"search_term_string"}}],"inLanguage":"de"},{"@type":["Person","Organization"],"@id":"https:\/\/www.people-abroad.de\/blog\/#\/schema\/person\/2a518a154d93ee6cf0b146bc327329b3","name":"Heiko M\u00fcller","logo":{"@id":"https:\/\/www.people-abroad.de\/blog\/#\/schema\/person\/image\/"},"description":"Ich bin Reiseblogger, Content Creator und Redakteur. Auf Reisen erkunde ich gerne neue Regionen, St\u00e4dte und Orte beim Fotografieren, Wandern und Radfahren. F\u00fcr weitere Reisetipps folge mir auf Instagram. Mehr Infos zum Blog findest du hier: https:\/\/www.people-abroad.de\/blog\/pr-media\/. Kontakt: h.mueller@people-abroad.de","sameAs":["https:\/\/www.people-abroad.de\/blog\/","https:\/\/www.facebook.com\/menschen.international\/","https:\/\/www.instagram.com\/people.abroad\/","https:\/\/www.linkedin.com\/in\/muellerheiko\/","https:\/\/www.pinterest.de\/peopleabroad\/","https:\/\/x.com\/People_Abroad","https:\/\/www.youtube.com\/user\/MenschenInt"]}]}},"_links":{"self":[{"href":"https:\/\/www.people-abroad.de\/blog\/wp-json\/wp\/v2\/pages\/2477","targetHints":{"allow":["GET"]}}],"collection":[{"href":"https:\/\/www.people-abroad.de\/blog\/wp-json\/wp\/v2\/pages"}],"about":[{"href":"https:\/\/www.people-abroad.de\/blog\/wp-json\/wp\/v2\/types\/page"}],"author":[{"embeddable":true,"href":"https:\/\/www.people-abroad.de\/blog\/wp-json\/wp\/v2\/users\/1"}],"replies":[{"embeddable":true,"href":"https:\/\/www.people-abroad.de\/blog\/wp-json\/wp\/v2\/comments?post=2477"}],"version-history":[{"count":2,"href":"https:\/\/www.people-abroad.de\/blog\/wp-json\/wp\/v2\/pages\/2477\/revisions"}],"predecessor-version":[{"id":14560,"href":"https:\/\/www.people-abroad.de\/blog\/wp-json\/wp\/v2\/pages\/2477\/revisions\/14560"}],"wp:attachment":[{"href":"https:\/\/www.people-abroad.de\/blog\/wp-json\/wp\/v2\/media?parent=2477"}],"curies":[{"name":"wp","href":"https:\/\/api.w.org\/{rel}","templated":true}]}}