{"id":2103,"date":"2016-11-29T22:20:39","date_gmt":"2016-11-29T21:20:39","guid":{"rendered":"http:\/\/www.people-abroad.de\/blog\/?page_id=2103"},"modified":"2023-01-17T10:38:08","modified_gmt":"2023-01-17T09:38:08","slug":"europa","status":"publish","type":"page","link":"https:\/\/www.people-abroad.de\/blog\/europa\/","title":{"rendered":"Europa"},"content":{"rendered":"<div class=\"lcp_catlist\" id=\"lcp_instance_0\"><p><h2><a href=\"https:\/\/www.people-abroad.de\/blog\/aletschgletscher-wanderung\/\">Aletschgletscher: Wanderung im Schweizer Kanton Wallis<\/a><\/h2><div class=\"lcp_excerpt\"><p><a href=\"https:\/\/www.people-abroad.de\/blog\/aletschgletscher-wanderung\/\"><img decoding=\"async\" class=\"alignnone wp-image-38294 size-large\" src=\"https:\/\/www.people-abroad.de\/blog\/wp-content\/uploads\/2026\/04\/aletschgletscher-wanderung-tipps-1024x683.jpeg\" alt=\"Aletschgletscher Wanderung Tour Schweiz Tipps\" width=\"1024\" height=\"683\" srcset=\"https:\/\/www.people-abroad.de\/blog\/wp-content\/uploads\/2026\/04\/aletschgletscher-wanderung-tipps-1024x683.jpeg 1024w, https:\/\/www.people-abroad.de\/blog\/wp-content\/uploads\/2026\/04\/aletschgletscher-wanderung-tipps-300x200.jpeg 300w, https:\/\/www.people-abroad.de\/blog\/wp-content\/uploads\/2026\/04\/aletschgletscher-wanderung-tipps-768x512.jpeg 768w, https:\/\/www.people-abroad.de\/blog\/wp-content\/uploads\/2026\/04\/aletschgletscher-wanderung-tipps.jpeg 1200w\" sizes=\"(max-width: 1024px) 100vw, 1024px\" \/><\/a><\/p>\n<p>Der Aletschgletscher im Schweizer Kanton Wallis ist der gr\u00f6\u00dfte und l\u00e4ngste Gletscher der Alpen. Man kann ihn auf einer Wanderung erkunden &#8211; eine Tourenbeschreibung.<\/p>\n<\/div><a href=\"https:\/\/www.people-abroad.de\/blog\/aletschgletscher-wanderung\/\">Mehr...<\/a><\/p><p><h2><a href=\"https:\/\/www.people-abroad.de\/blog\/faulhorn-wanderung\/\">Faulhorn Wanderung: Bergtour in den Berner Alpen<\/a><\/h2><div class=\"lcp_excerpt\"><p><a href=\"https:\/\/www.people-abroad.de\/blog\/faulhorn-wanderung\/\"><img decoding=\"async\" class=\"alignnone wp-image-38157 size-large\" src=\"https:\/\/www.people-abroad.de\/blog\/wp-content\/uploads\/2026\/02\/faulhorn-wanderung-berner-alpen-1024x683.jpeg\" alt=\"\" width=\"1024\" height=\"683\" srcset=\"https:\/\/www.people-abroad.de\/blog\/wp-content\/uploads\/2026\/02\/faulhorn-wanderung-berner-alpen-1024x683.jpeg 1024w, https:\/\/www.people-abroad.de\/blog\/wp-content\/uploads\/2026\/02\/faulhorn-wanderung-berner-alpen-300x200.jpeg 300w, https:\/\/www.people-abroad.de\/blog\/wp-content\/uploads\/2026\/02\/faulhorn-wanderung-berner-alpen-768x512.jpeg 768w, https:\/\/www.people-abroad.de\/blog\/wp-content\/uploads\/2026\/02\/faulhorn-wanderung-berner-alpen.jpeg 1200w\" sizes=\"(max-width: 1024px) 100vw, 1024px\" \/><\/a><\/p>\n<p>Die Wanderung zum Faulhorn in den Berner Alpen bietet eine abwechslungsreiche 2-Tages-Tour in der Schweizer Bergwelt. Hier findest du einen Tourenbericht.<\/p>\n<\/div><a href=\"https:\/\/www.people-abroad.de\/blog\/faulhorn-wanderung\/\">Mehr...<\/a><\/p><p><h2><a href=\"https:\/\/www.people-abroad.de\/blog\/kufsteinerland-wandern\/\">Kufsteinerland: Wanderungen in der Tiroler Bergwelt<\/a><\/h2><div class=\"lcp_excerpt\"><p><a href=\"https:\/\/www.people-abroad.de\/blog\/kufsteinerland-wandern\/\"><img decoding=\"async\" class=\"alignnone wp-image-37762 size-large\" src=\"https:\/\/www.people-abroad.de\/blog\/wp-content\/uploads\/2025\/11\/kufsteinerland-wandern-1024x682.jpeg\" alt=\"Kufsteinerland Wandern Tirol Wanderwege Tipps\" width=\"1024\" height=\"682\" srcset=\"https:\/\/www.people-abroad.de\/blog\/wp-content\/uploads\/2025\/11\/kufsteinerland-wandern-1024x682.jpeg 1024w, https:\/\/www.people-abroad.de\/blog\/wp-content\/uploads\/2025\/11\/kufsteinerland-wandern-300x200.jpeg 300w, https:\/\/www.people-abroad.de\/blog\/wp-content\/uploads\/2025\/11\/kufsteinerland-wandern-768x511.jpeg 768w, https:\/\/www.people-abroad.de\/blog\/wp-content\/uploads\/2025\/11\/kufsteinerland-wandern.jpeg 1200w\" sizes=\"(max-width: 1024px) 100vw, 1024px\" \/><\/a><\/p>\n<p> Das Kufsteinerland bietet zahlreiche Wanderwege, H\u00fcttentouren, Rundwege und Thementouren. Tipps f\u00fcr Wanderungen in Tirol und f\u00fcr den Besuch von Kufstein.<\/p>\n<\/div><a href=\"https:\/\/www.people-abroad.de\/blog\/kufsteinerland-wandern\/\">Mehr...<\/a><\/p><p><h2><a href=\"https:\/\/www.people-abroad.de\/blog\/montenegro-wandern\/\">Montenegro: Wanderungen mit Adriak\u00fcste und Bergen<\/a><\/h2><div class=\"lcp_excerpt\"><p><a href=\"https:\/\/www.people-abroad.de\/blog\/montenegro-wandern\/\"><img decoding=\"async\" class=\"alignnone wp-image-37612 size-large\" src=\"https:\/\/www.people-abroad.de\/blog\/wp-content\/uploads\/2025\/10\/montenegro-wandern-42-1024x683.jpeg\" alt=\"Montenegro Wandern Touren Wanderwege Tipps\" width=\"1024\" height=\"683\" srcset=\"https:\/\/www.people-abroad.de\/blog\/wp-content\/uploads\/2025\/10\/montenegro-wandern-42-1024x683.jpeg 1024w, https:\/\/www.people-abroad.de\/blog\/wp-content\/uploads\/2025\/10\/montenegro-wandern-42-300x200.jpeg 300w, https:\/\/www.people-abroad.de\/blog\/wp-content\/uploads\/2025\/10\/montenegro-wandern-42-768x512.jpeg 768w, https:\/\/www.people-abroad.de\/blog\/wp-content\/uploads\/2025\/10\/montenegro-wandern-42.jpeg 1200w\" sizes=\"(max-width: 1024px) 100vw, 1024px\" \/><\/a><\/p>\n<p> In Montenegro bieten sich Wanderungen an der Adriak\u00fcste, in den Bergen und in Nationalparks an. Tipps f\u00fcr eine Wanderreise in den Balkan-Staat in S\u00fcdosteuropa.<\/p>\n<\/div><a href=\"https:\/\/www.people-abroad.de\/blog\/montenegro-wandern\/\">Mehr...<\/a><\/p><p><h2><a href=\"https:\/\/www.people-abroad.de\/blog\/st-anton-arlberg-wandern\/\">St. Anton am Arlberg: Wandern in den Tiroler Alpen<\/a><\/h2><div class=\"lcp_excerpt\"><p><a href=\"https:\/\/www.people-abroad.de\/blog\/st-anton-arlberg-wandern\/\"><img decoding=\"async\" class=\"alignnone wp-image-37338 size-large\" src=\"https:\/\/www.people-abroad.de\/blog\/wp-content\/uploads\/2025\/09\/st-anton-arlberg-wandern-8-1024x682.jpeg\" alt=\"St. Anton am Arlberg Wandern Arlberg Trail Touren Tipps\" width=\"1024\" height=\"682\" srcset=\"https:\/\/www.people-abroad.de\/blog\/wp-content\/uploads\/2025\/09\/st-anton-arlberg-wandern-8-1024x682.jpeg 1024w, https:\/\/www.people-abroad.de\/blog\/wp-content\/uploads\/2025\/09\/st-anton-arlberg-wandern-8-300x200.jpeg 300w, https:\/\/www.people-abroad.de\/blog\/wp-content\/uploads\/2025\/09\/st-anton-arlberg-wandern-8-768x511.jpeg 768w, https:\/\/www.people-abroad.de\/blog\/wp-content\/uploads\/2025\/09\/st-anton-arlberg-wandern-8.jpeg 1200w\" sizes=\"(max-width: 1024px) 100vw, 1024px\" \/><\/a><\/p>\n<p> St. Anton am Arlberg punktet mit einer gro\u00dfartigen Berglandschaft und vielseitigen Wanderwegen rund um den Arlberg. Wandertipps f\u00fcr die Region.<\/p>\n<\/div><a href=\"https:\/\/www.people-abroad.de\/blog\/st-anton-arlberg-wandern\/\">Mehr...<\/a><\/p><p><h2><a href=\"https:\/\/www.people-abroad.de\/blog\/region-fribourg-wandern\/\">Fribourg: Highlights und Wanderungen in der Schweiz<\/a><\/h2><div class=\"lcp_excerpt\"><p><a href=\"https:\/\/www.people-abroad.de\/blog\/region-fribourg-wandern\/\"><img decoding=\"async\" class=\"alignnone wp-image-37051 size-large\" src=\"https:\/\/www.people-abroad.de\/blog\/wp-content\/uploads\/2025\/08\/fribourg-schweiz-wandern-1-1024x683.jpeg\" alt=\"Fribourg Schweiz Sehensw\u00fcrdigkeiten Highlights Wandern\" width=\"1024\" height=\"683\" srcset=\"https:\/\/www.people-abroad.de\/blog\/wp-content\/uploads\/2025\/08\/fribourg-schweiz-wandern-1-1024x683.jpeg 1024w, https:\/\/www.people-abroad.de\/blog\/wp-content\/uploads\/2025\/08\/fribourg-schweiz-wandern-1-300x200.jpeg 300w, https:\/\/www.people-abroad.de\/blog\/wp-content\/uploads\/2025\/08\/fribourg-schweiz-wandern-1-768x512.jpeg 768w, https:\/\/www.people-abroad.de\/blog\/wp-content\/uploads\/2025\/08\/fribourg-schweiz-wandern-1.jpeg 1200w\" sizes=\"(max-width: 1024px) 100vw, 1024px\" \/><\/a><\/p>\n<p> Die Region Fribourg lohnt sich wegen der mittelalterlichen Stadt Fribourg, der historischen Gemeinde Gruy\u00e8res und sch\u00f6ner Wanderungen in die Schweizer Bergwelt.<\/p>\n<\/div><a href=\"https:\/\/www.people-abroad.de\/blog\/region-fribourg-wandern\/\">Mehr...<\/a><\/p><p><h2><a href=\"https:\/\/www.people-abroad.de\/blog\/emilia-romagna\/\">Emilia-Romagna: 5 St\u00e4dte zwischen Poebene und Adria<\/a><\/h2><div class=\"lcp_excerpt\"><p><a href=\"https:\/\/www.people-abroad.de\/blog\/emilia-romagna\/\"><img decoding=\"async\" class=\"alignnone wp-image-37036 size-large\" src=\"https:\/\/www.people-abroad.de\/blog\/wp-content\/uploads\/2025\/07\/emilia-romagna-tipps-1024x684.jpeg\" alt=\"Emilia-Romagna St\u00e4dte Orte Sehensw\u00fcrdigkeiten Tipps\" width=\"1024\" height=\"684\" srcset=\"https:\/\/www.people-abroad.de\/blog\/wp-content\/uploads\/2025\/07\/emilia-romagna-tipps-1024x684.jpeg 1024w, https:\/\/www.people-abroad.de\/blog\/wp-content\/uploads\/2025\/07\/emilia-romagna-tipps-300x200.jpeg 300w, https:\/\/www.people-abroad.de\/blog\/wp-content\/uploads\/2025\/07\/emilia-romagna-tipps-768x513.jpeg 768w, https:\/\/www.people-abroad.de\/blog\/wp-content\/uploads\/2025\/07\/emilia-romagna-tipps.jpeg 1200w\" sizes=\"(max-width: 1024px) 100vw, 1024px\" \/><\/a><\/p>\n<p>Die Emilia-Romagna Region im Norden Italiens erstreckt sich von den Apenninen bis zum Fluss Po. Tipps f\u00fcr f\u00fcnf sch\u00f6ne St\u00e4dte in der Region, die sich f\u00fcr einen Besuch lohnen.<\/p>\n<\/div><a href=\"https:\/\/www.people-abroad.de\/blog\/emilia-romagna\/\">Mehr...<\/a><\/p><p><h2><a href=\"https:\/\/www.people-abroad.de\/blog\/nouvelle-aquitaine-wandern\/\">Nouvelle-Aquitaine: Wandern auf dem Amadourweg<\/a><\/h2><div class=\"lcp_excerpt\"><p><a href=\"https:\/\/www.people-abroad.de\/blog\/nouvelle-aquitaine-wandern\/\"><img decoding=\"async\" class=\"alignnone wp-image-36933 size-large\" src=\"https:\/\/www.people-abroad.de\/blog\/wp-content\/uploads\/2025\/07\/nouvelle-aquitaine-wandern-frankreich-1024x682.jpeg\" alt=\"\" width=\"1024\" height=\"682\" srcset=\"https:\/\/www.people-abroad.de\/blog\/wp-content\/uploads\/2025\/07\/nouvelle-aquitaine-wandern-frankreich-1024x682.jpeg 1024w, https:\/\/www.people-abroad.de\/blog\/wp-content\/uploads\/2025\/07\/nouvelle-aquitaine-wandern-frankreich-300x200.jpeg 300w, https:\/\/www.people-abroad.de\/blog\/wp-content\/uploads\/2025\/07\/nouvelle-aquitaine-wandern-frankreich-768x511.jpeg 768w, https:\/\/www.people-abroad.de\/blog\/wp-content\/uploads\/2025\/07\/nouvelle-aquitaine-wandern-frankreich.jpeg 1200w\" sizes=\"(max-width: 1024px) 100vw, 1024px\" \/><\/a><\/p>\n<p> Wenn man die Region Nouvelle-Aquitaine im S\u00fcdwesten Frankreichs erkunden m\u00f6chte, bietet sich der Wanderweg Chemin d&#8217;Amadour an. Wandertipps f\u00fcr die Region. <\/p>\n<\/div><a href=\"https:\/\/www.people-abroad.de\/blog\/nouvelle-aquitaine-wandern\/\">Mehr...<\/a><\/p><p><h2><a href=\"https:\/\/www.people-abroad.de\/blog\/wildschoenau-wandern\/\">Wildsch\u00f6nau: Wanderurlaub in den Kitzb\u00fcheler Alpen<\/a><\/h2><div class=\"lcp_excerpt\"><p><a href=\"https:\/\/www.people-abroad.de\/blog\/wildschoenau-wandern\/\"><img decoding=\"async\" class=\"alignnone wp-image-36712 size-large\" src=\"https:\/\/www.people-abroad.de\/blog\/wp-content\/uploads\/2025\/06\/wildschoenau-wandern-1024x683.jpeg\" alt=\"Wildsch\u00f6nau Wandern Kitzb\u00fcheler Alpen\" width=\"1024\" height=\"683\" srcset=\"https:\/\/www.people-abroad.de\/blog\/wp-content\/uploads\/2025\/06\/wildschoenau-wandern-1024x683.jpeg 1024w, https:\/\/www.people-abroad.de\/blog\/wp-content\/uploads\/2025\/06\/wildschoenau-wandern-300x200.jpeg 300w, https:\/\/www.people-abroad.de\/blog\/wp-content\/uploads\/2025\/06\/wildschoenau-wandern-768x512.jpeg 768w, https:\/\/www.people-abroad.de\/blog\/wp-content\/uploads\/2025\/06\/wildschoenau-wandern.jpeg 1200w\" sizes=\"(max-width: 1024px) 100vw, 1024px\" \/><\/a><\/p>\n<p> Die Wildsch\u00f6nau ist eine idyllische Gemeinde in den Kitzb\u00fcheler Alpen im Osten Tirols. Tipps f\u00fcr Wanderungen und Erkundungen in der Urlaubsregion in \u00d6sterreich.<\/p>\n<\/div><a href=\"https:\/\/www.people-abroad.de\/blog\/wildschoenau-wandern\/\">Mehr...<\/a><\/p><p><h2><a href=\"https:\/\/www.people-abroad.de\/blog\/jungfrauregion-berner-alpen\/\">Jungfrauregion: Grindelwald, Berner Alpen und Top of Europe<\/a><\/h2><div class=\"lcp_excerpt\"><p><a href=\"https:\/\/www.people-abroad.de\/blog\/jungfrauregion-berner-alpen\/\"><img decoding=\"async\" class=\"alignnone wp-image-36649 size-large\" src=\"https:\/\/www.people-abroad.de\/blog\/wp-content\/uploads\/2025\/05\/jungfrauregion-berner-alpen-01-1024x682.jpeg\" alt=\"Jungfrauregion Grindelwald Berner Alpen Schweiz\" width=\"1024\" height=\"682\" srcset=\"https:\/\/www.people-abroad.de\/blog\/wp-content\/uploads\/2025\/05\/jungfrauregion-berner-alpen-01-1024x682.jpeg 1024w, https:\/\/www.people-abroad.de\/blog\/wp-content\/uploads\/2025\/05\/jungfrauregion-berner-alpen-01-300x200.jpeg 300w, https:\/\/www.people-abroad.de\/blog\/wp-content\/uploads\/2025\/05\/jungfrauregion-berner-alpen-01-768x511.jpeg 768w, https:\/\/www.people-abroad.de\/blog\/wp-content\/uploads\/2025\/05\/jungfrauregion-berner-alpen-01.jpeg 1200w\" sizes=\"(max-width: 1024px) 100vw, 1024px\" \/><\/a><\/p>\n<p> Die Jungfrauregion lockt mit dem Jungfraujoch &#8211; Top of Europe, dem Grindelwald-First &#8211; Top of Adventure und idyllischen Orten wie Grindelwald. Tipps f\u00fcr die Jungfrauregion.<\/p>\n<\/div><a href=\"https:\/\/www.people-abroad.de\/blog\/jungfrauregion-berner-alpen\/\">Mehr...<\/a><\/p><\/div><ul class='lcp_paginator'><li class='lcp_currentpage'>1<\/li><li><a href='https:\/\/www.people-abroad.de\/blog\/wp-json\/wp\/v2\/pages\/2103?lcp_page0=2#lcp_instance_0' title='2'>2<\/a><\/li><li><a href='https:\/\/www.people-abroad.de\/blog\/wp-json\/wp\/v2\/pages\/2103?lcp_page0=3#lcp_instance_0' title='3'>3<\/a><\/li><li><a href='https:\/\/www.people-abroad.de\/blog\/wp-json\/wp\/v2\/pages\/2103?lcp_page0=4#lcp_instance_0' title='4'>4<\/a><\/li><li><a href='https:\/\/www.people-abroad.de\/blog\/wp-json\/wp\/v2\/pages\/2103?lcp_page0=5#lcp_instance_0' title='5'>5<\/a><\/li><li><a href='https:\/\/www.people-abroad.de\/blog\/wp-json\/wp\/v2\/pages\/2103?lcp_page0=6#lcp_instance_0' title='6'>6<\/a><\/li><span class='lcp_elipsis'>...<\/span><li><a href='https:\/\/www.people-abroad.de\/blog\/wp-json\/wp\/v2\/pages\/2103?lcp_page0=14#lcp_instance_0' title='14'>14<\/a><\/li><li><a href='https:\/\/www.people-abroad.de\/blog\/wp-json\/wp\/v2\/pages\/2103?lcp_page0=2#lcp_instance_0' title='2' class='lcp_nextlink'>\u00c4ltere Beitr\u00e4ge &gt;&gt;<\/a><\/li><\/ul>\n","protected":false},"excerpt":{"rendered":"","protected":false},"author":1,"featured_media":0,"parent":0,"menu_order":0,"comment_status":"closed","ping_status":"closed","template":"","meta":{"_monsterinsights_skip_tracking":false,"_monsterinsights_sitenote_active":false,"_monsterinsights_sitenote_note":"","_monsterinsights_sitenote_category":0,"footnotes":""},"class_list":["post-2103","page","type-page","status-publish","hentry"],"yoast_head":"<!-- This site is optimized with the Yoast SEO plugin v27.5 - https:\/\/yoast.com\/product\/yoast-seo-wordpress\/ -->\n<title>Europa - People Abroad<\/title>\n<meta name=\"description\" content=\"Reiseberichte f\u00fcr die Region Europa mit Reisetipps und n\u00fctzlichen Infos f\u00fcr die individuelle Planung zum Nachreisen.\" \/>\n<meta name=\"robots\" content=\"noindex, follow\" \/>\n<meta property=\"og:locale\" content=\"de_DE\" \/>\n<meta property=\"og:type\" content=\"article\" \/>\n<meta property=\"og:title\" content=\"Europa - People Abroad\" \/>\n<meta property=\"og:description\" content=\"Reiseberichte f\u00fcr die Region Europa mit Reisetipps und n\u00fctzlichen Infos f\u00fcr die individuelle Planung zum Nachreisen.\" \/>\n<meta property=\"og:url\" content=\"https:\/\/www.people-abroad.de\/blog\/europa\/\" \/>\n<meta property=\"og:site_name\" content=\"People Abroad\" \/>\n<meta property=\"article:publisher\" content=\"https:\/\/www.facebook.com\/menschen.international\/\" \/>\n<meta property=\"article:modified_time\" content=\"2023-01-17T09:38:08+00:00\" \/>\n<meta name=\"twitter:card\" content=\"summary_large_image\" \/>\n<meta name=\"twitter:site\" content=\"@People_Abroad\" \/>\n<meta name=\"twitter:label1\" content=\"Gesch\u00e4tzte Lesezeit\" \/>\n\t<meta name=\"twitter:data1\" content=\"1\u00a0Minute\" \/>\n<script type=\"application\/ld+json\" class=\"yoast-schema-graph\">{\"@context\":\"https:\\\/\\\/schema.org\",\"@graph\":[{\"@type\":\"WebPage\",\"@id\":\"https:\\\/\\\/www.people-abroad.de\\\/blog\\\/europa\\\/\",\"url\":\"https:\\\/\\\/www.people-abroad.de\\\/blog\\\/europa\\\/\",\"name\":\"Europa - People Abroad\",\"isPartOf\":{\"@id\":\"https:\\\/\\\/www.people-abroad.de\\\/blog\\\/#website\"},\"datePublished\":\"2016-11-29T21:20:39+00:00\",\"dateModified\":\"2023-01-17T09:38:08+00:00\",\"description\":\"Reiseberichte f\u00fcr die Region Europa mit Reisetipps und n\u00fctzlichen Infos f\u00fcr die individuelle Planung zum Nachreisen.\",\"breadcrumb\":{\"@id\":\"https:\\\/\\\/www.people-abroad.de\\\/blog\\\/europa\\\/#breadcrumb\"},\"inLanguage\":\"de\",\"potentialAction\":[{\"@type\":\"ReadAction\",\"target\":[\"https:\\\/\\\/www.people-abroad.de\\\/blog\\\/europa\\\/\"]}]},{\"@type\":\"BreadcrumbList\",\"@id\":\"https:\\\/\\\/www.people-abroad.de\\\/blog\\\/europa\\\/#breadcrumb\",\"itemListElement\":[{\"@type\":\"ListItem\",\"position\":1,\"name\":\"Startseite\",\"item\":\"https:\\\/\\\/www.people-abroad.de\\\/blog\\\/\"},{\"@type\":\"ListItem\",\"position\":2,\"name\":\"Europa\"}]},{\"@type\":\"WebSite\",\"@id\":\"https:\\\/\\\/www.people-abroad.de\\\/blog\\\/#website\",\"url\":\"https:\\\/\\\/www.people-abroad.de\\\/blog\\\/\",\"name\":\"People Abroad\",\"description\":\"Reiseblog\",\"publisher\":{\"@id\":\"https:\\\/\\\/www.people-abroad.de\\\/blog\\\/#\\\/schema\\\/person\\\/2a518a154d93ee6cf0b146bc327329b3\"},\"potentialAction\":[{\"@type\":\"SearchAction\",\"target\":{\"@type\":\"EntryPoint\",\"urlTemplate\":\"https:\\\/\\\/www.people-abroad.de\\\/blog\\\/?s={search_term_string}\"},\"query-input\":{\"@type\":\"PropertyValueSpecification\",\"valueRequired\":true,\"valueName\":\"search_term_string\"}}],\"inLanguage\":\"de\"},{\"@type\":[\"Person\",\"Organization\"],\"@id\":\"https:\\\/\\\/www.people-abroad.de\\\/blog\\\/#\\\/schema\\\/person\\\/2a518a154d93ee6cf0b146bc327329b3\",\"name\":\"Heiko M\u00fcller\",\"logo\":{\"@id\":\"https:\\\/\\\/www.people-abroad.de\\\/blog\\\/#\\\/schema\\\/person\\\/image\\\/\"},\"description\":\"Ich bin Reiseblogger, Content Creator und Redakteur. Auf Reisen erkunde ich gerne neue Regionen, St\u00e4dte und Orte beim Fotografieren, Wandern und Radfahren. F\u00fcr weitere Reisetipps folge mir auf Instagram. Mehr Infos zum Blog findest du hier: https:\\\/\\\/www.people-abroad.de\\\/blog\\\/pr-media\\\/. Kontakt: h.mueller@people-abroad.de\",\"sameAs\":[\"https:\\\/\\\/www.people-abroad.de\\\/blog\\\/\",\"https:\\\/\\\/www.facebook.com\\\/menschen.international\\\/\",\"https:\\\/\\\/www.instagram.com\\\/people.abroad\\\/\",\"https:\\\/\\\/www.linkedin.com\\\/in\\\/muellerheiko\\\/\",\"https:\\\/\\\/www.pinterest.de\\\/peopleabroad\\\/\",\"https:\\\/\\\/x.com\\\/People_Abroad\",\"https:\\\/\\\/www.youtube.com\\\/user\\\/MenschenInt\"]}]}<\/script>\n<!-- \/ Yoast SEO plugin. -->","yoast_head_json":{"title":"Europa - People Abroad","description":"Reiseberichte f\u00fcr die Region Europa mit Reisetipps und n\u00fctzlichen Infos f\u00fcr die individuelle Planung zum Nachreisen.","robots":{"index":"noindex","follow":"follow"},"og_locale":"de_DE","og_type":"article","og_title":"Europa - People Abroad","og_description":"Reiseberichte f\u00fcr die Region Europa mit Reisetipps und n\u00fctzlichen Infos f\u00fcr die individuelle Planung zum Nachreisen.","og_url":"https:\/\/www.people-abroad.de\/blog\/europa\/","og_site_name":"People Abroad","article_publisher":"https:\/\/www.facebook.com\/menschen.international\/","article_modified_time":"2023-01-17T09:38:08+00:00","twitter_card":"summary_large_image","twitter_site":"@People_Abroad","twitter_misc":{"Gesch\u00e4tzte Lesezeit":"1\u00a0Minute"},"schema":{"@context":"https:\/\/schema.org","@graph":[{"@type":"WebPage","@id":"https:\/\/www.people-abroad.de\/blog\/europa\/","url":"https:\/\/www.people-abroad.de\/blog\/europa\/","name":"Europa - People Abroad","isPartOf":{"@id":"https:\/\/www.people-abroad.de\/blog\/#website"},"datePublished":"2016-11-29T21:20:39+00:00","dateModified":"2023-01-17T09:38:08+00:00","description":"Reiseberichte f\u00fcr die Region Europa mit Reisetipps und n\u00fctzlichen Infos f\u00fcr die individuelle Planung zum Nachreisen.","breadcrumb":{"@id":"https:\/\/www.people-abroad.de\/blog\/europa\/#breadcrumb"},"inLanguage":"de","potentialAction":[{"@type":"ReadAction","target":["https:\/\/www.people-abroad.de\/blog\/europa\/"]}]},{"@type":"BreadcrumbList","@id":"https:\/\/www.people-abroad.de\/blog\/europa\/#breadcrumb","itemListElement":[{"@type":"ListItem","position":1,"name":"Startseite","item":"https:\/\/www.people-abroad.de\/blog\/"},{"@type":"ListItem","position":2,"name":"Europa"}]},{"@type":"WebSite","@id":"https:\/\/www.people-abroad.de\/blog\/#website","url":"https:\/\/www.people-abroad.de\/blog\/","name":"People Abroad","description":"Reiseblog","publisher":{"@id":"https:\/\/www.people-abroad.de\/blog\/#\/schema\/person\/2a518a154d93ee6cf0b146bc327329b3"},"potentialAction":[{"@type":"SearchAction","target":{"@type":"EntryPoint","urlTemplate":"https:\/\/www.people-abroad.de\/blog\/?s={search_term_string}"},"query-input":{"@type":"PropertyValueSpecification","valueRequired":true,"valueName":"search_term_string"}}],"inLanguage":"de"},{"@type":["Person","Organization"],"@id":"https:\/\/www.people-abroad.de\/blog\/#\/schema\/person\/2a518a154d93ee6cf0b146bc327329b3","name":"Heiko M\u00fcller","logo":{"@id":"https:\/\/www.people-abroad.de\/blog\/#\/schema\/person\/image\/"},"description":"Ich bin Reiseblogger, Content Creator und Redakteur. Auf Reisen erkunde ich gerne neue Regionen, St\u00e4dte und Orte beim Fotografieren, Wandern und Radfahren. F\u00fcr weitere Reisetipps folge mir auf Instagram. Mehr Infos zum Blog findest du hier: https:\/\/www.people-abroad.de\/blog\/pr-media\/. Kontakt: h.mueller@people-abroad.de","sameAs":["https:\/\/www.people-abroad.de\/blog\/","https:\/\/www.facebook.com\/menschen.international\/","https:\/\/www.instagram.com\/people.abroad\/","https:\/\/www.linkedin.com\/in\/muellerheiko\/","https:\/\/www.pinterest.de\/peopleabroad\/","https:\/\/x.com\/People_Abroad","https:\/\/www.youtube.com\/user\/MenschenInt"]}]}},"_links":{"self":[{"href":"https:\/\/www.people-abroad.de\/blog\/wp-json\/wp\/v2\/pages\/2103","targetHints":{"allow":["GET"]}}],"collection":[{"href":"https:\/\/www.people-abroad.de\/blog\/wp-json\/wp\/v2\/pages"}],"about":[{"href":"https:\/\/www.people-abroad.de\/blog\/wp-json\/wp\/v2\/types\/page"}],"author":[{"embeddable":true,"href":"https:\/\/www.people-abroad.de\/blog\/wp-json\/wp\/v2\/users\/1"}],"replies":[{"embeddable":true,"href":"https:\/\/www.people-abroad.de\/blog\/wp-json\/wp\/v2\/comments?post=2103"}],"version-history":[{"count":5,"href":"https:\/\/www.people-abroad.de\/blog\/wp-json\/wp\/v2\/pages\/2103\/revisions"}],"predecessor-version":[{"id":14545,"href":"https:\/\/www.people-abroad.de\/blog\/wp-json\/wp\/v2\/pages\/2103\/revisions\/14545"}],"wp:attachment":[{"href":"https:\/\/www.people-abroad.de\/blog\/wp-json\/wp\/v2\/media?parent=2103"}],"curies":[{"name":"wp","href":"https:\/\/api.w.org\/{rel}","templated":true}]}}