{"id":2,"date":"2011-01-27T19:55:54","date_gmt":"2011-01-27T18:55:54","guid":{"rendered":"http:\/\/www.menschen-international.de\/blog\/?page_id=2"},"modified":"2025-01-06T18:06:37","modified_gmt":"2025-01-06T17:06:37","slug":"ueber-uns","status":"publish","type":"page","link":"https:\/\/www.people-abroad.de\/blog\/ueber-uns\/","title":{"rendered":"\u00dcber People Abroad"},"content":{"rendered":"<p><strong>People Abroad | Reiseblog<\/strong><br \/>\nPeople Abroad habe ich gegr\u00fcndet als Reiseblog f\u00fcr individuelles Entdecken mit n\u00fctzlichen Tipps f\u00fcr die Reiseplanung. Ich bin Heiko, <a href=\"https:\/\/www.people-abroad.de\/blog\/heiko-mueller-journalist-redakteur-reiseblogger\/\">Reiseblogger &amp; Content Creator<\/a>, und berichte auf diesem Blog und in Social Media \u00fcber Reiseziele und -themen. Weitere Co-Autoren beteiligen sich mit Beitr\u00e4gen. Mehr Infos gibt es in diesem Artikel: <a href=\"https:\/\/www.people-abroad.de\/blog\/10-jahre-people-abroad-reiseblog\/\">10 Jahre People Abroad &#8211; ein R\u00fcckblick mit pers\u00f6nlichem Fazit<\/a>.<\/p>\n<p><strong>Blogger-Kodex<\/strong><br \/>\nAuf diesem Reiseblog orientiere ich mich an den Vereinbarungen, die im <a href=\"http:\/\/reiseblogger-kodex.com\" target=\"_blank\" rel=\"noopener noreferrer\">Reiseblogger-Kodex<\/a> beschrieben sind. Infos zu Kooperationen und Mediadaten gibt es in der Rubrik <a href=\"https:\/\/www.people-abroad.de\/blog\/pr-media\/\">Media &amp; PR<\/a>.<\/p>\n<p><b>Zusammenarbeit<\/b><br \/>\nGerne kooperiere ich mit Firmen und Unternehmen aus dem Reise- &amp; Outdoor-Bereich. Bei Interesse an einer Zusammenarbeit schreibe mir gerne an h.mueller @ people-abroad.de.<\/p>\n<p><strong>People Abroad | Autoren<\/strong><\/p>\n<p><img decoding=\"async\" class=\"alignnone wp-image-6138 size-medium\" src=\"https:\/\/www.people-abroad.de\/blog\/wp-content\/uploads\/2017\/11\/heiko-mueller-journalist-reiseblogger-people-abroad-300x161.jpg\" alt=\"People Abroad Autor Heiko M\u00fcller Journalist Redakteur Content Creator Reiseblogger Mannheim\" width=\"300\" height=\"161\" srcset=\"https:\/\/www.people-abroad.de\/blog\/wp-content\/uploads\/2017\/11\/heiko-mueller-journalist-reiseblogger-people-abroad-300x161.jpg 300w, https:\/\/www.people-abroad.de\/blog\/wp-content\/uploads\/2017\/11\/heiko-mueller-journalist-reiseblogger-people-abroad-768x413.jpg 768w, https:\/\/www.people-abroad.de\/blog\/wp-content\/uploads\/2017\/11\/heiko-mueller-journalist-reiseblogger-people-abroad-400x215.jpg 400w, https:\/\/www.people-abroad.de\/blog\/wp-content\/uploads\/2017\/11\/heiko-mueller-journalist-reiseblogger-people-abroad.jpg 800w\" sizes=\"(max-width: 300px) 100vw, 300px\" \/><\/p>\n<p><a href=\"https:\/\/www.people-abroad.de\/blog\/author\/admin\/\"><strong>Heiko M\u00fcller<\/strong><\/a> \/\/ Reiseblogger, Content Creator &amp; Redakteur und f\u00fcr <a href=\"https:\/\/www.people-abroad.de\/blog\/\">People Abroad<\/a> sowie f\u00fcr Magazine, Websites und Blogs im Bereich Content Creation im Einsatz. Reisen auf sechs Kontinente, Projekteins\u00e4tze u.a. f\u00fcr die Deutsche Tibethilfe und das Mutter-Teresa-Werk in Indien. Seine Wahlheimat ist Mannheim, aufgewachsen ist er in Carlsberg (Pfalz). |\u00a0<a href=\"https:\/\/www.instagram.com\/people.abroad\/\">Instagram<\/a> | <a href=\"https:\/\/de.linkedin.com\/in\/muellerheiko\" target=\"_blank\" rel=\"noopener noreferrer\">LinkedIn<\/a> |<\/p>\n<p><img decoding=\"async\" class=\"alignnone wp-image-6695 size-medium\" src=\"https:\/\/www.people-abroad.de\/blog\/wp-content\/uploads\/2018\/01\/werner-mueller-schell-journalist-fotograf-300x165.jpg\" alt=\"People Abroad Autor Werner M\u00fcller-Schell Journalist Redakteur Content Creator Stockholm\" width=\"300\" height=\"165\" srcset=\"https:\/\/www.people-abroad.de\/blog\/wp-content\/uploads\/2018\/01\/werner-mueller-schell-journalist-fotograf-300x165.jpg 300w, https:\/\/www.people-abroad.de\/blog\/wp-content\/uploads\/2018\/01\/werner-mueller-schell-journalist-fotograf-768x423.jpg 768w, https:\/\/www.people-abroad.de\/blog\/wp-content\/uploads\/2018\/01\/werner-mueller-schell-journalist-fotograf-400x221.jpg 400w, https:\/\/www.people-abroad.de\/blog\/wp-content\/uploads\/2018\/01\/werner-mueller-schell-journalist-fotograf.jpg 780w\" sizes=\"(max-width: 300px) 100vw, 300px\" \/><\/p>\n<p><a href=\"https:\/\/www.people-abroad.de\/blog\/author\/werner\/\"><strong>Werner M\u00fcller-Schell<\/strong><\/a> \/\/ freier Journalist, Fotograf und Buchautor, arbeitet seit mehr als zehn Jahren in der Sport- und Outdoor-Branche. Auf Reisen ist es ihm dementsprechend wichtig, sportlich aktiv und drau\u00dfen zu sein &#8211; auf dem Fahrrad, beim Bergsteigen oder bei anderen Aktivit\u00e4ten. Als digitaler Nomade ist er mehrere Monate im Jahr unterwegs. | <a href=\"https:\/\/www.instagram.com\/wernermuellerschell\/\">Instagram<\/a> | <a href=\"https:\/\/www.linkedin.com\/in\/muellerschell\/\">LinkedIn<\/a> |<\/p>\n<p><img decoding=\"async\" class=\"alignnone wp-image-33315 size-medium\" src=\"https:\/\/www.people-abroad.de\/blog\/wp-content\/uploads\/2024\/04\/claudia-niesert-people-abroad-autorin-300x165.jpeg\" alt=\"People Abroad Autorin Claudia Niesert Landau Pfalz\" width=\"300\" height=\"165\" srcset=\"https:\/\/www.people-abroad.de\/blog\/wp-content\/uploads\/2024\/04\/claudia-niesert-people-abroad-autorin-300x165.jpeg 300w, https:\/\/www.people-abroad.de\/blog\/wp-content\/uploads\/2024\/04\/claudia-niesert-people-abroad-autorin-768x423.jpeg 768w, https:\/\/www.people-abroad.de\/blog\/wp-content\/uploads\/2024\/04\/claudia-niesert-people-abroad-autorin.jpeg 900w\" sizes=\"(max-width: 300px) 100vw, 300px\" \/><\/p>\n<p><a href=\"https:\/\/www.people-abroad.de\/blog\/author\/claudia\/\"><strong>Claudia Niesert<\/strong><\/a> \/\/ nach dem Abi ging&#8217;s f\u00fcr ein Jahr als Au-Pair nach Los Angeles. Ein Semester verbrachte sie in G\u00f6teborg und auch nach dem Jura-Studium hat sie das Reisen nicht losgelassen. Seit einiger Zeit hat sie das Zelten und Geocaching auf Reisen f\u00fcr sich entdeckt. Mit Begeisterung kauft sie B\u00fccher \u00fcber L\u00e4nder, in die sie mal reisen m\u00f6chte. | <a href=\"https:\/\/www.instagram.com\/niesert.beratung\/\">Instagram<\/a> | <a href=\"https:\/\/www.linkedin.com\/in\/claudia-niesert\/\">LinkedIn<\/a> |<\/p>\n<p><img decoding=\"async\" class=\"alignnone wp-image-32978 size-medium\" src=\"https:\/\/www.people-abroad.de\/blog\/wp-content\/uploads\/2024\/03\/carsten-krieger-irland-people-abroad-autor-300x169.jpg\" alt=\"Carsten Krieger Irland People Abroad Autor Fotograf\" width=\"300\" height=\"169\" srcset=\"https:\/\/www.people-abroad.de\/blog\/wp-content\/uploads\/2024\/03\/carsten-krieger-irland-people-abroad-autor-300x169.jpg 300w, https:\/\/www.people-abroad.de\/blog\/wp-content\/uploads\/2024\/03\/carsten-krieger-irland-people-abroad-autor.jpg 640w\" sizes=\"(max-width: 300px) 100vw, 300px\" \/><\/p>\n<p><a href=\"https:\/\/www.people-abroad.de\/blog\/author\/carsten\/\"><strong>Carsten Krieger<\/strong><\/a> \/\/ freiberuflicher Autor und Fotograf in Irland, hat 20 B\u00fccher verfasst und war f\u00fcr viele Jahre als <a href=\"https:\/\/www.carstenkrieger.com\">Fotograf &amp; Autor<\/a> in der Tourismusbranche t\u00e4tig. Inzwischen konzentriert er sich auf Projekte im Umwelt- und Naturschutz in Irland und ist u.a. Projekt Manager bei der Crossbill Guides Foundation. | <a href=\"https:\/\/www.instagram.com\/carstenkriegerphotography\/\">Instagram<\/a> | <a href=\"https:\/\/www.linkedin.com\/in\/carsten-krieger-b4560225\/\">LinkedIn<\/a> |<\/p>\n<p><img decoding=\"async\" class=\"alignnone wp-image-33319 size-medium\" src=\"https:\/\/www.people-abroad.de\/blog\/wp-content\/uploads\/2024\/04\/erwin-ritter-people-abroad-autor-300x161.jpeg\" alt=\"People Abroad Autor Erwin Ritter \" width=\"300\" height=\"161\" srcset=\"https:\/\/www.people-abroad.de\/blog\/wp-content\/uploads\/2024\/04\/erwin-ritter-people-abroad-autor-300x161.jpeg 300w, https:\/\/www.people-abroad.de\/blog\/wp-content\/uploads\/2024\/04\/erwin-ritter-people-abroad-autor-768x413.jpeg 768w, https:\/\/www.people-abroad.de\/blog\/wp-content\/uploads\/2024\/04\/erwin-ritter-people-abroad-autor.jpeg 790w\" sizes=\"(max-width: 300px) 100vw, 300px\" \/><\/p>\n<p><a href=\"https:\/\/www.people-abroad.de\/blog\/author\/erwin\/\"><strong>Erwin Ritter<\/strong><\/a> \/\/ ist schon als Sch\u00fcler mit dem Fahrrad und Mofa kreuz und quer durch Deutschland gefahren. Nach einer kaufm\u00e4nnischen Ausbildung ging&#8217;s zun\u00e4chst nach Frankreich, dann nach Lappland zum Jobben in ein Feriendorf. Sp\u00e4ter verschlug es ihn f\u00fcr zwei Jahre nach Irland. Heute lebt er wieder in S\u00fcddeutschland und unternimmt regelm\u00e4\u00dfig Radreisen. | <a href=\"https:\/\/www.instagram.com\/people_abroad_buecher\/\">Instagram<\/a> | <a href=\"https:\/\/www.linkedin.com\/in\/erwin-ritter-29a349202\/\">LinkedIn<\/a> |<\/p>\n<p><img decoding=\"async\" class=\"alignnone wp-image-33316 size-medium\" src=\"https:\/\/www.people-abroad.de\/blog\/wp-content\/uploads\/2024\/04\/corinna-hiss-peopple-abroad-autorin-300x169.jpeg\" alt=\"Corinna Hiss People Abroad Autorin\" width=\"300\" height=\"169\" srcset=\"https:\/\/www.people-abroad.de\/blog\/wp-content\/uploads\/2024\/04\/corinna-hiss-peopple-abroad-autorin-300x169.jpeg 300w, https:\/\/www.people-abroad.de\/blog\/wp-content\/uploads\/2024\/04\/corinna-hiss-peopple-abroad-autorin.jpeg 640w\" sizes=\"(max-width: 300px) 100vw, 300px\" \/><\/p>\n<p><a href=\"https:\/\/www.people-abroad.de\/blog\/author\/corinna\/\"><strong>Corinna Hiss<\/strong><\/a> \/\/ studierte Publizistik und hat bei der Tagespresse u.a. als Reiseredakteurin gearbeitet. Ihre Leidenschaften sind Reisen, Fotografieren und Schreiben. Aktuell ist sie als Pressereferentin in ihrer Heimatstadt Mannheim t\u00e4tig. Am liebsten ist sie in Europa, Asien und den USA unterwegs. | <a href=\"https:\/\/www.instagram.com\/rinni_auf_reisen\/\">Instagram<\/a> |<\/p>\n<p><img decoding=\"async\" class=\"alignnone wp-image-33271 size-medium\" src=\"https:\/\/www.people-abroad.de\/blog\/wp-content\/uploads\/2024\/04\/michael-wigge-speaker-redner-coach-autor-300x169.jpeg\" alt=\"Michael Wigge Moderator Autor Speaker Redner Coach People Abroad\" width=\"300\" height=\"169\" srcset=\"https:\/\/www.people-abroad.de\/blog\/wp-content\/uploads\/2024\/04\/michael-wigge-speaker-redner-coach-autor-300x169.jpeg 300w, https:\/\/www.people-abroad.de\/blog\/wp-content\/uploads\/2024\/04\/michael-wigge-speaker-redner-coach-autor-768x432.jpeg 768w, https:\/\/www.people-abroad.de\/blog\/wp-content\/uploads\/2024\/04\/michael-wigge-speaker-redner-coach-autor.jpeg 883w\" sizes=\"(max-width: 300px) 100vw, 300px\" \/><\/p>\n<p><a href=\"https:\/\/www.people-abroad.de\/blog\/author\/michael-wigge\/\"><strong>Michael Wigge<\/strong><\/a> \/\/ hat als TV-Moderator und Reporter gearbeitet und \u00fcber seine Reise-Challenges B\u00fccher geschrieben (&#8222;Ohne Geld bis ans Ende der Welt&#8220;, &#8222;Wigges Tauschrausch&#8220;, &#8222;Fifty States of Wigge&#8220;). Seine Themen als Keynote Speaker, <a href=\"https:\/\/my-challenge-coach.de\">Redner &amp; Coach<\/a> sind Motivation, Resilienz, Zeitmanagement und mentale Gesundheit. | <a href=\"https:\/\/www.instagram.com\/michaelwigge\/\">Instagram<\/a> | <a href=\"https:\/\/www.linkedin.com\/in\/michael-wigge-5339b3110\/\">LinkedIn<\/a> |<\/p>\n<p><img decoding=\"async\" class=\"alignnone wp-image-32974 size-medium\" src=\"https:\/\/www.people-abroad.de\/blog\/wp-content\/uploads\/2024\/03\/sebastian-hussack-people-abroad-autor-300x169.jpg\" alt=\"Sebastian Hussack People Abroad Autor\" width=\"300\" height=\"169\" srcset=\"https:\/\/www.people-abroad.de\/blog\/wp-content\/uploads\/2024\/03\/sebastian-hussack-people-abroad-autor-300x169.jpg 300w, https:\/\/www.people-abroad.de\/blog\/wp-content\/uploads\/2024\/03\/sebastian-hussack-people-abroad-autor.jpg 640w\" sizes=\"(max-width: 300px) 100vw, 300px\" \/><\/p>\n<p><a href=\"https:\/\/www.people-abroad.de\/blog\/author\/sebastian\/\"><strong>Sebastian Hussack<\/strong><\/a> \/\/ Fotograf, Bergsteiger und Abenteurer, der in Mannheim lebt und von dort aus die Welt erkundet. Er bloggte fr\u00fcher auf &#8222;Sepp am Berg&#8220; und auf seinem aktuellen Fotoblog <a href=\"https:\/\/visual-journey.net\">Visual Journey<\/a> teilt er seine Leidenschaft f\u00fcr Street- und Landschaftsfotografie sowie f\u00fcr die analoge Fotografie. | <a href=\"https:\/\/www.instagram.com\/sebastianhssck\/\">Instagram<\/a> |<\/p>\n<p><img decoding=\"async\" class=\"alignnone wp-image-33313 size-medium\" src=\"https:\/\/www.people-abroad.de\/blog\/wp-content\/uploads\/2024\/04\/uwa-scholz-instagramer-@uwa2000-people-abroad-autorin-300x169.jpeg\" alt=\"Uwa Scholz Instagramer Travelgramer @uwa2000 People Abroad Autorin\" width=\"300\" height=\"169\" srcset=\"https:\/\/www.people-abroad.de\/blog\/wp-content\/uploads\/2024\/04\/uwa-scholz-instagramer-@uwa2000-people-abroad-autorin-300x169.jpeg 300w, https:\/\/www.people-abroad.de\/blog\/wp-content\/uploads\/2024\/04\/uwa-scholz-instagramer-@uwa2000-people-abroad-autorin.jpeg 712w\" sizes=\"(max-width: 300px) 100vw, 300px\" \/><\/p>\n<p><a href=\"https:\/\/www.people-abroad.de\/blog\/author\/uwa\/\"><strong>Uwa Scholz<\/strong><\/a> \/\/ Fotografin in Berlin, die schon seit ihrer Kindheit gerne reist. Nach dem Abitur hat sie f\u00fcr eine Zeit in Athen, London und Wien gelebt. Seit 2011 ist sie auf Instagram aktiv und seit 2014 bereist sie als \u201eTravelgramer\u201c die Welt im Auftrag von Destinationen, um ihre Eindr\u00fccke mit ihren Followern zu teilen. | <a href=\"https:\/\/www.instagram.com\/uwa2000\/\">Instagram<\/a> | <a href=\"https:\/\/www.linkedin.com\/in\/uwa-scholz-669a9587\/\">LinkedIn<\/a> |<\/p>\n<p><img decoding=\"async\" class=\"alignnone wp-image-33299 size-medium\" src=\"https:\/\/www.people-abroad.de\/blog\/wp-content\/uploads\/2024\/04\/raphael-grau-people-abroad-autor-300x169.jpeg\" alt=\"Raphael Grau People Abroad Autor\" width=\"300\" height=\"169\" srcset=\"https:\/\/www.people-abroad.de\/blog\/wp-content\/uploads\/2024\/04\/raphael-grau-people-abroad-autor-300x169.jpeg 300w, https:\/\/www.people-abroad.de\/blog\/wp-content\/uploads\/2024\/04\/raphael-grau-people-abroad-autor.jpeg 720w\" sizes=\"(max-width: 300px) 100vw, 300px\" \/><\/p>\n<p><a href=\"https:\/\/www.people-abroad.de\/blog\/author\/raphael\/\"><strong>Raphael Grau<\/strong><\/a> \/\/ studierte Medizintechnik in Mannheim und Karlsruhe. In seiner Freizeit engagiert er sich ehrenamtlich beim Arbeiter-Samariter-Bund Mannheim und Ludwigshafen und ist passionierter Hobbyl\u00e4ufer und Radfahrer. Sein Ziel ist es, in jedem neuen Lebensjahr mindestens ein neues Land mit dem Rad zu bereisen. | <a href=\"https:\/\/www.instagram.com\/raffaradelt\/\">Instagram<\/a> |<\/p>\n<p><img decoding=\"async\" class=\"alignnone wp-image-32938 size-medium\" src=\"https:\/\/www.people-abroad.de\/blog\/wp-content\/uploads\/2024\/02\/timon-mueller-redakteur-journalist-people-abroad-1-300x161.jpeg\" alt=\"People Abroad Autor Timon M\u00fcller Journalist Redakteur\" width=\"300\" height=\"161\" srcset=\"https:\/\/www.people-abroad.de\/blog\/wp-content\/uploads\/2024\/02\/timon-mueller-redakteur-journalist-people-abroad-1-300x161.jpeg 300w, https:\/\/www.people-abroad.de\/blog\/wp-content\/uploads\/2024\/02\/timon-mueller-redakteur-journalist-people-abroad-1-768x413.jpeg 768w, https:\/\/www.people-abroad.de\/blog\/wp-content\/uploads\/2024\/02\/timon-mueller-redakteur-journalist-people-abroad-1.jpeg 800w\" sizes=\"(max-width: 300px) 100vw, 300px\" \/><\/p>\n<p><strong><a href=\"https:\/\/www.people-abroad.de\/blog\/author\/tim\/\">Timon M\u00fcller<\/a><\/strong> \/\/ Redakteur und freier Autor in den Bereichen Magazin und Online-Redaktion. Er studierte f\u00fcr jeweils ein Auslandssemester in Galway (Irland) und Londonderry (Nordirland). Einige Monate war er f\u00fcr die Allgemeine Zeitung in Namibia im Einsatz. Mittlerweile macht er regelm\u00e4\u00dfig Camping-Urlaub, sein Lieblingsziel ist S\u00fcdfrankreich.<\/p>\n<p><img decoding=\"async\" class=\"alignnone wp-image-33303 size-medium\" src=\"https:\/\/www.people-abroad.de\/blog\/wp-content\/uploads\/2024\/04\/nicolai-schroer-people-abroad-autor-300x169.jpeg\" alt=\"Nicolai Schroer People Abroad Autor\" width=\"300\" height=\"169\" srcset=\"https:\/\/www.people-abroad.de\/blog\/wp-content\/uploads\/2024\/04\/nicolai-schroer-people-abroad-autor-300x169.jpeg 300w, https:\/\/www.people-abroad.de\/blog\/wp-content\/uploads\/2024\/04\/nicolai-schroer-people-abroad-autor.jpeg 693w\" sizes=\"(max-width: 300px) 100vw, 300px\" \/><\/p>\n<p><a href=\"https:\/\/www.people-abroad.de\/blog\/author\/nicolai\/\"><strong>Nicolai Schroer<\/strong><\/a> \/\/ Physiker &amp; Computer Engineer und in seiner Freizeit am liebsten auf dem Sattel seines Rennrads unterwegs. Dabei darf es gerne auch h\u00fcgelig und mit H\u00f6henmetern zur Sache gehen. Als aktives Mitglied im Radsportverein RSV Heidelberg nimmt er regelm\u00e4\u00dfig an Radrennen teil. | <a href=\"https:\/\/www.linkedin.com\/in\/nicolai-schroer-b53a6552\/\">LinkedIn<\/a> |<\/p>\n<p><img decoding=\"async\" class=\"alignnone wp-image-32931 size-medium\" src=\"https:\/\/www.people-abroad.de\/blog\/wp-content\/uploads\/2024\/02\/gerhard-huber-autor-schriftsteller-people-abroad-300x161.jpeg\" alt=\"People Abroad Autor Gerhard Huber Schriftsteller Perry Rhodan-Autor Worms\" width=\"300\" height=\"161\" srcset=\"https:\/\/www.people-abroad.de\/blog\/wp-content\/uploads\/2024\/02\/gerhard-huber-autor-schriftsteller-people-abroad-300x161.jpeg 300w, https:\/\/www.people-abroad.de\/blog\/wp-content\/uploads\/2024\/02\/gerhard-huber-autor-schriftsteller-people-abroad-768x413.jpeg 768w, https:\/\/www.people-abroad.de\/blog\/wp-content\/uploads\/2024\/02\/gerhard-huber-autor-schriftsteller-people-abroad.jpeg 800w\" sizes=\"(max-width: 300px) 100vw, 300px\" \/><\/p>\n<p><a href=\"https:\/\/www.people-abroad.de\/blog\/author\/gerhard\/\"><strong>Gerhard Huber<\/strong><\/a> \/\/ studierte in Regensburg Religionswissenschaft mit den Schwerpunkten s\u00fcd- und nordamerikanische Ethnologie, Germanistik und Kunstgeschichte. Als freier Autor schreibt er vor allem f\u00fcr das Science-Fiction- und Fantasy-Genre. Reisethemen zum Bloggen entdeckt er meist im Mittelmeerraum. Der B\u00fccherwurm kauft unterwegs gerne Lesestoff ein.<\/p>\n<p><img decoding=\"async\" class=\"alignnone wp-image-33308 size-medium\" src=\"https:\/\/www.people-abroad.de\/blog\/wp-content\/uploads\/2024\/04\/nathanael-taton-people-abroad-autor-300x169.jpeg\" alt=\"Nathanael Taton People Abroad Autor\" width=\"300\" height=\"169\" srcset=\"https:\/\/www.people-abroad.de\/blog\/wp-content\/uploads\/2024\/04\/nathanael-taton-people-abroad-autor-300x169.jpeg 300w, https:\/\/www.people-abroad.de\/blog\/wp-content\/uploads\/2024\/04\/nathanael-taton-people-abroad-autor-768x432.jpeg 768w, https:\/\/www.people-abroad.de\/blog\/wp-content\/uploads\/2024\/04\/nathanael-taton-people-abroad-autor.jpeg 900w\" sizes=\"(max-width: 300px) 100vw, 300px\" \/><\/p>\n<p><a href=\"https:\/\/www.people-abroad.de\/blog\/author\/nathanael\/\"><strong>Nathanael Taton<\/strong><\/a> \/\/ IT-Systemadministrator, Familienvater und begeisterter Radsportler. Seine freie Zeit verbringt er gerne drau\u00dfen, mit dem Rennrad oder zu Fu\u00df &#8211; Hauptsache aktiv in der Natur. Er engagiert sich im Radsportverein RSV Heidelberg und f\u00e4hrt gerne Radrennen im In- und Ausland.<\/p>\n<p><img decoding=\"async\" class=\"alignnone wp-image-33311 size-medium\" src=\"https:\/\/www.people-abroad.de\/blog\/wp-content\/uploads\/2024\/04\/philipp-weber-autor-people-abroad-300x161.jpeg\" alt=\"People Abroad Autor Philipp Weber\" width=\"300\" height=\"161\" srcset=\"https:\/\/www.people-abroad.de\/blog\/wp-content\/uploads\/2024\/04\/philipp-weber-autor-people-abroad-300x161.jpeg 300w, https:\/\/www.people-abroad.de\/blog\/wp-content\/uploads\/2024\/04\/philipp-weber-autor-people-abroad.jpeg 644w\" sizes=\"(max-width: 300px) 100vw, 300px\" \/><\/p>\n<p><a href=\"https:\/\/www.people-abroad.de\/blog\/author\/philipp\/\"><strong>Philipp Weber<\/strong><\/a> \/\/ hat Astronomie studiert, ist gerne in Europa, Asien und S\u00fcdamerika unterwegs und will auf seinen Reisen vor allem neue Kulturen kennenlernen. Aufgewachsen ist er in S\u00fcddeutschland, mehrere Monate lebte er in Kopenhagen. Hier bloggt er \u00fcber seine Erlebnisse als Backpacker.<\/p>\n<p><strong>Kontakt<\/strong><br \/>\nPeople Abroad | Heiko M\u00fcller<br \/>\nAlphornstra\u00dfe 28<br \/>\n68169 Mannheim<br \/>\nh.mueller @ people-abroad.de<br \/>\ntel: +49 (0) 621 40185801<\/p>\n<p>&nbsp;<\/p>\n<p>&nbsp;<\/p>\n","protected":false},"excerpt":{"rendered":"<p>People Abroad | Reiseblog People Abroad habe ich gegr\u00fcndet als Reiseblog f\u00fcr individuelles Entdecken mit n\u00fctzlichen Tipps f\u00fcr die Reiseplanung. Ich bin Heiko, Reiseblogger &amp; Content Creator, und berichte auf diesem Blog und in Social Media \u00fcber Reiseziele und -themen. Weitere Co-Autoren beteiligen sich mit Beitr\u00e4gen. Mehr Infos gibt es in diesem Artikel: 10 Jahre [&hellip;]<\/p>\n","protected":false},"author":1,"featured_media":0,"parent":0,"menu_order":2,"comment_status":"closed","ping_status":"closed","template":"","meta":{"_monsterinsights_skip_tracking":false,"_monsterinsights_sitenote_active":false,"_monsterinsights_sitenote_note":"","_monsterinsights_sitenote_category":0,"footnotes":""},"class_list":["post-2","page","type-page","status-publish","hentry"],"yoast_head":"<!-- This site is optimized with the Yoast SEO plugin v27.5 - https:\/\/yoast.com\/product\/yoast-seo-wordpress\/ -->\n<title>\u00dcber People Abroad - People Abroad<\/title>\n<meta name=\"description\" content=\"People Abroad ist der Reiseblog f\u00fcr Individualreisende. Hier findest du Infos zu unserem Reiseblogger-Team. Gastautoren sind willkommen.\" \/>\n<meta name=\"robots\" content=\"noindex, follow\" \/>\n<meta property=\"og:locale\" content=\"de_DE\" \/>\n<meta property=\"og:type\" content=\"article\" \/>\n<meta property=\"og:title\" content=\"\u00dcber People Abroad - People Abroad\" \/>\n<meta property=\"og:description\" content=\"People Abroad ist der Reiseblog f\u00fcr Individualreisende. Hier findest du Infos zu unserem Reiseblogger-Team. Gastautoren sind willkommen.\" \/>\n<meta property=\"og:url\" content=\"https:\/\/www.people-abroad.de\/blog\/ueber-uns\/\" \/>\n<meta property=\"og:site_name\" content=\"People Abroad\" \/>\n<meta property=\"article:publisher\" content=\"https:\/\/www.facebook.com\/menschen.international\/\" \/>\n<meta property=\"article:modified_time\" content=\"2025-01-06T17:06:37+00:00\" \/>\n<meta property=\"og:image\" content=\"https:\/\/www.people-abroad.de\/blog\/wp-content\/uploads\/2017\/11\/heiko-mueller-journalist-reiseblogger-people-abroad.jpg\" \/>\n\t<meta property=\"og:image:width\" content=\"800\" \/>\n\t<meta property=\"og:image:height\" content=\"430\" \/>\n\t<meta property=\"og:image:type\" content=\"image\/jpeg\" \/>\n<meta name=\"twitter:card\" content=\"summary_large_image\" \/>\n<meta name=\"twitter:site\" content=\"@People_Abroad\" \/>\n<meta name=\"twitter:label1\" content=\"Gesch\u00e4tzte Lesezeit\" \/>\n\t<meta name=\"twitter:data1\" content=\"8\u00a0Minuten\" \/>\n<script type=\"application\/ld+json\" class=\"yoast-schema-graph\">{\"@context\":\"https:\\\/\\\/schema.org\",\"@graph\":[{\"@type\":\"WebPage\",\"@id\":\"https:\\\/\\\/www.people-abroad.de\\\/blog\\\/ueber-uns\\\/\",\"url\":\"https:\\\/\\\/www.people-abroad.de\\\/blog\\\/ueber-uns\\\/\",\"name\":\"\u00dcber People Abroad - People Abroad\",\"isPartOf\":{\"@id\":\"https:\\\/\\\/www.people-abroad.de\\\/blog\\\/#website\"},\"primaryImageOfPage\":{\"@id\":\"https:\\\/\\\/www.people-abroad.de\\\/blog\\\/ueber-uns\\\/#primaryimage\"},\"image\":{\"@id\":\"https:\\\/\\\/www.people-abroad.de\\\/blog\\\/ueber-uns\\\/#primaryimage\"},\"thumbnailUrl\":\"https:\\\/\\\/www.people-abroad.de\\\/blog\\\/wp-content\\\/uploads\\\/2017\\\/11\\\/heiko-mueller-journalist-reiseblogger-people-abroad-300x161.jpg\",\"datePublished\":\"2011-01-27T18:55:54+00:00\",\"dateModified\":\"2025-01-06T17:06:37+00:00\",\"description\":\"People Abroad ist der Reiseblog f\u00fcr Individualreisende. Hier findest du Infos zu unserem Reiseblogger-Team. Gastautoren sind willkommen.\",\"breadcrumb\":{\"@id\":\"https:\\\/\\\/www.people-abroad.de\\\/blog\\\/ueber-uns\\\/#breadcrumb\"},\"inLanguage\":\"de\",\"potentialAction\":[{\"@type\":\"ReadAction\",\"target\":[\"https:\\\/\\\/www.people-abroad.de\\\/blog\\\/ueber-uns\\\/\"]}]},{\"@type\":\"ImageObject\",\"inLanguage\":\"de\",\"@id\":\"https:\\\/\\\/www.people-abroad.de\\\/blog\\\/ueber-uns\\\/#primaryimage\",\"url\":\"https:\\\/\\\/www.people-abroad.de\\\/blog\\\/wp-content\\\/uploads\\\/2017\\\/11\\\/heiko-mueller-journalist-reiseblogger-people-abroad.jpg\",\"contentUrl\":\"https:\\\/\\\/www.people-abroad.de\\\/blog\\\/wp-content\\\/uploads\\\/2017\\\/11\\\/heiko-mueller-journalist-reiseblogger-people-abroad.jpg\",\"width\":800,\"height\":430},{\"@type\":\"BreadcrumbList\",\"@id\":\"https:\\\/\\\/www.people-abroad.de\\\/blog\\\/ueber-uns\\\/#breadcrumb\",\"itemListElement\":[{\"@type\":\"ListItem\",\"position\":1,\"name\":\"Startseite\",\"item\":\"https:\\\/\\\/www.people-abroad.de\\\/blog\\\/\"},{\"@type\":\"ListItem\",\"position\":2,\"name\":\"\u00dcber People Abroad\"}]},{\"@type\":\"WebSite\",\"@id\":\"https:\\\/\\\/www.people-abroad.de\\\/blog\\\/#website\",\"url\":\"https:\\\/\\\/www.people-abroad.de\\\/blog\\\/\",\"name\":\"People Abroad\",\"description\":\"Reiseblog\",\"publisher\":{\"@id\":\"https:\\\/\\\/www.people-abroad.de\\\/blog\\\/#\\\/schema\\\/person\\\/2a518a154d93ee6cf0b146bc327329b3\"},\"potentialAction\":[{\"@type\":\"SearchAction\",\"target\":{\"@type\":\"EntryPoint\",\"urlTemplate\":\"https:\\\/\\\/www.people-abroad.de\\\/blog\\\/?s={search_term_string}\"},\"query-input\":{\"@type\":\"PropertyValueSpecification\",\"valueRequired\":true,\"valueName\":\"search_term_string\"}}],\"inLanguage\":\"de\"},{\"@type\":[\"Person\",\"Organization\"],\"@id\":\"https:\\\/\\\/www.people-abroad.de\\\/blog\\\/#\\\/schema\\\/person\\\/2a518a154d93ee6cf0b146bc327329b3\",\"name\":\"Heiko M\u00fcller\",\"logo\":{\"@id\":\"https:\\\/\\\/www.people-abroad.de\\\/blog\\\/#\\\/schema\\\/person\\\/image\\\/\"},\"description\":\"Ich bin Reiseblogger, Content Creator und Redakteur. Auf Reisen erkunde ich gerne neue Regionen, St\u00e4dte und Orte beim Fotografieren, Wandern und Radfahren. F\u00fcr weitere Reisetipps folge mir auf Instagram, Facebook &amp; Co. Mehr Infos zum Blog findest du hier: https:\\\/\\\/www.people-abroad.de\\\/blog\\\/pr-media\\\/. Kontakt: h.mueller@people-abroad.de\",\"sameAs\":[\"https:\\\/\\\/www.people-abroad.de\\\/blog\\\/\",\"https:\\\/\\\/www.facebook.com\\\/menschen.international\\\/\",\"https:\\\/\\\/www.instagram.com\\\/people.abroad\\\/\",\"https:\\\/\\\/www.linkedin.com\\\/in\\\/muellerheiko\\\/\",\"https:\\\/\\\/www.pinterest.de\\\/peopleabroad\\\/\",\"https:\\\/\\\/x.com\\\/People_Abroad\",\"https:\\\/\\\/www.youtube.com\\\/user\\\/MenschenInt\"]}]}<\/script>\n<!-- \/ Yoast SEO plugin. -->","yoast_head_json":{"title":"\u00dcber People Abroad - People Abroad","description":"People Abroad ist der Reiseblog f\u00fcr Individualreisende. Hier findest du Infos zu unserem Reiseblogger-Team. Gastautoren sind willkommen.","robots":{"index":"noindex","follow":"follow"},"og_locale":"de_DE","og_type":"article","og_title":"\u00dcber People Abroad - People Abroad","og_description":"People Abroad ist der Reiseblog f\u00fcr Individualreisende. Hier findest du Infos zu unserem Reiseblogger-Team. Gastautoren sind willkommen.","og_url":"https:\/\/www.people-abroad.de\/blog\/ueber-uns\/","og_site_name":"People Abroad","article_publisher":"https:\/\/www.facebook.com\/menschen.international\/","article_modified_time":"2025-01-06T17:06:37+00:00","og_image":[{"width":800,"height":430,"url":"https:\/\/www.people-abroad.de\/blog\/wp-content\/uploads\/2017\/11\/heiko-mueller-journalist-reiseblogger-people-abroad.jpg","type":"image\/jpeg"}],"twitter_card":"summary_large_image","twitter_site":"@People_Abroad","twitter_misc":{"Gesch\u00e4tzte Lesezeit":"8\u00a0Minuten"},"schema":{"@context":"https:\/\/schema.org","@graph":[{"@type":"WebPage","@id":"https:\/\/www.people-abroad.de\/blog\/ueber-uns\/","url":"https:\/\/www.people-abroad.de\/blog\/ueber-uns\/","name":"\u00dcber People Abroad - People Abroad","isPartOf":{"@id":"https:\/\/www.people-abroad.de\/blog\/#website"},"primaryImageOfPage":{"@id":"https:\/\/www.people-abroad.de\/blog\/ueber-uns\/#primaryimage"},"image":{"@id":"https:\/\/www.people-abroad.de\/blog\/ueber-uns\/#primaryimage"},"thumbnailUrl":"https:\/\/www.people-abroad.de\/blog\/wp-content\/uploads\/2017\/11\/heiko-mueller-journalist-reiseblogger-people-abroad-300x161.jpg","datePublished":"2011-01-27T18:55:54+00:00","dateModified":"2025-01-06T17:06:37+00:00","description":"People Abroad ist der Reiseblog f\u00fcr Individualreisende. Hier findest du Infos zu unserem Reiseblogger-Team. Gastautoren sind willkommen.","breadcrumb":{"@id":"https:\/\/www.people-abroad.de\/blog\/ueber-uns\/#breadcrumb"},"inLanguage":"de","potentialAction":[{"@type":"ReadAction","target":["https:\/\/www.people-abroad.de\/blog\/ueber-uns\/"]}]},{"@type":"ImageObject","inLanguage":"de","@id":"https:\/\/www.people-abroad.de\/blog\/ueber-uns\/#primaryimage","url":"https:\/\/www.people-abroad.de\/blog\/wp-content\/uploads\/2017\/11\/heiko-mueller-journalist-reiseblogger-people-abroad.jpg","contentUrl":"https:\/\/www.people-abroad.de\/blog\/wp-content\/uploads\/2017\/11\/heiko-mueller-journalist-reiseblogger-people-abroad.jpg","width":800,"height":430},{"@type":"BreadcrumbList","@id":"https:\/\/www.people-abroad.de\/blog\/ueber-uns\/#breadcrumb","itemListElement":[{"@type":"ListItem","position":1,"name":"Startseite","item":"https:\/\/www.people-abroad.de\/blog\/"},{"@type":"ListItem","position":2,"name":"\u00dcber People Abroad"}]},{"@type":"WebSite","@id":"https:\/\/www.people-abroad.de\/blog\/#website","url":"https:\/\/www.people-abroad.de\/blog\/","name":"People Abroad","description":"Reiseblog","publisher":{"@id":"https:\/\/www.people-abroad.de\/blog\/#\/schema\/person\/2a518a154d93ee6cf0b146bc327329b3"},"potentialAction":[{"@type":"SearchAction","target":{"@type":"EntryPoint","urlTemplate":"https:\/\/www.people-abroad.de\/blog\/?s={search_term_string}"},"query-input":{"@type":"PropertyValueSpecification","valueRequired":true,"valueName":"search_term_string"}}],"inLanguage":"de"},{"@type":["Person","Organization"],"@id":"https:\/\/www.people-abroad.de\/blog\/#\/schema\/person\/2a518a154d93ee6cf0b146bc327329b3","name":"Heiko M\u00fcller","logo":{"@id":"https:\/\/www.people-abroad.de\/blog\/#\/schema\/person\/image\/"},"description":"Ich bin Reiseblogger, Content Creator und Redakteur. Auf Reisen erkunde ich gerne neue Regionen, St\u00e4dte und Orte beim Fotografieren, Wandern und Radfahren. F\u00fcr weitere Reisetipps folge mir auf Instagram, Facebook &amp; Co. Mehr Infos zum Blog findest du hier: https:\/\/www.people-abroad.de\/blog\/pr-media\/. Kontakt: h.mueller@people-abroad.de","sameAs":["https:\/\/www.people-abroad.de\/blog\/","https:\/\/www.facebook.com\/menschen.international\/","https:\/\/www.instagram.com\/people.abroad\/","https:\/\/www.linkedin.com\/in\/muellerheiko\/","https:\/\/www.pinterest.de\/peopleabroad\/","https:\/\/x.com\/People_Abroad","https:\/\/www.youtube.com\/user\/MenschenInt"]}]}},"_links":{"self":[{"href":"https:\/\/www.people-abroad.de\/blog\/wp-json\/wp\/v2\/pages\/2","targetHints":{"allow":["GET"]}}],"collection":[{"href":"https:\/\/www.people-abroad.de\/blog\/wp-json\/wp\/v2\/pages"}],"about":[{"href":"https:\/\/www.people-abroad.de\/blog\/wp-json\/wp\/v2\/types\/page"}],"author":[{"embeddable":true,"href":"https:\/\/www.people-abroad.de\/blog\/wp-json\/wp\/v2\/users\/1"}],"replies":[{"embeddable":true,"href":"https:\/\/www.people-abroad.de\/blog\/wp-json\/wp\/v2\/comments?post=2"}],"version-history":[{"count":4,"href":"https:\/\/www.people-abroad.de\/blog\/wp-json\/wp\/v2\/pages\/2\/revisions"}],"predecessor-version":[{"id":35689,"href":"https:\/\/www.people-abroad.de\/blog\/wp-json\/wp\/v2\/pages\/2\/revisions\/35689"}],"wp:attachment":[{"href":"https:\/\/www.people-abroad.de\/blog\/wp-json\/wp\/v2\/media?parent=2"}],"curies":[{"name":"wp","href":"https:\/\/api.w.org\/{rel}","templated":true}]}}