{"id":11624,"date":"2019-04-05T13:34:54","date_gmt":"2019-04-05T11:34:54","guid":{"rendered":"https:\/\/www.people-abroad.de\/blog\/?page_id=11624"},"modified":"2023-01-17T11:21:59","modified_gmt":"2023-01-17T10:21:59","slug":"radfahren","status":"publish","type":"page","link":"https:\/\/www.people-abroad.de\/blog\/radfahren\/","title":{"rendered":"Radfahren"},"content":{"rendered":"<div class=\"lcp_catlist\" id=\"lcp_instance_0\"><p><h2><a href=\"https:\/\/www.people-abroad.de\/blog\/dolce-via-radfahren-ardeche\/\">La Dolce Via: Radfahren in der Ard\u00e8che Region<\/a><\/h2><div class=\"lcp_excerpt\"><p><a href=\"https:\/\/www.people-abroad.de\/blog\/dolce-via-radfahren-ardeche\/\"><img decoding=\"async\" class=\"alignnone wp-image-36536 size-large\" src=\"https:\/\/www.people-abroad.de\/blog\/wp-content\/uploads\/2025\/05\/dolce-via-radfahren-ardeche-1024x682.jpeg\" alt=\"Radfahren in der Ard\u00e8che Region La Dolce Via \" width=\"1024\" height=\"682\" srcset=\"https:\/\/www.people-abroad.de\/blog\/wp-content\/uploads\/2025\/05\/dolce-via-radfahren-ardeche-1024x682.jpeg 1024w, https:\/\/www.people-abroad.de\/blog\/wp-content\/uploads\/2025\/05\/dolce-via-radfahren-ardeche-300x200.jpeg 300w, https:\/\/www.people-abroad.de\/blog\/wp-content\/uploads\/2025\/05\/dolce-via-radfahren-ardeche-768x511.jpeg 768w, https:\/\/www.people-abroad.de\/blog\/wp-content\/uploads\/2025\/05\/dolce-via-radfahren-ardeche.jpeg 1200w\" sizes=\"(max-width: 1024px) 100vw, 1024px\" \/><\/a><\/p>\n<p> Die Ard\u00e8che Region l\u00e4sst sich perfekt mit dem Rad erkunden, hier bietet sich der landschaftlich vielseitige Radweg \u201eDolce Via\u201c an. Tipps zum Radfahren in der Ard\u00e8che.<\/p>\n<\/div><a href=\"https:\/\/www.people-abroad.de\/blog\/dolce-via-radfahren-ardeche\/\">Mehr...<\/a><\/p><p><h2><a href=\"https:\/\/www.people-abroad.de\/blog\/naturpark-radweg-schwarzwald\/\">Naturpark-Radweg: Mit dem Rad den Schwarzwald entdecken<\/a><\/h2><div class=\"lcp_excerpt\"><p><a href=\"https:\/\/www.people-abroad.de\/blog\/naturpark-radweg-schwarzwald\/\"><img decoding=\"async\" class=\"alignnone wp-image-34236 size-large\" src=\"https:\/\/www.people-abroad.de\/blog\/wp-content\/uploads\/2024\/07\/naturpark-radweg-schwarzwald-mitte-nord-1-1024x682.jpeg\" alt=\"Naturpark-Radweg Schwarzwald Mitte\/Nord Radfahren\" width=\"1024\" height=\"682\" srcset=\"https:\/\/www.people-abroad.de\/blog\/wp-content\/uploads\/2024\/07\/naturpark-radweg-schwarzwald-mitte-nord-1-1024x682.jpeg 1024w, https:\/\/www.people-abroad.de\/blog\/wp-content\/uploads\/2024\/07\/naturpark-radweg-schwarzwald-mitte-nord-1-300x200.jpeg 300w, https:\/\/www.people-abroad.de\/blog\/wp-content\/uploads\/2024\/07\/naturpark-radweg-schwarzwald-mitte-nord-1-768x511.jpeg 768w, https:\/\/www.people-abroad.de\/blog\/wp-content\/uploads\/2024\/07\/naturpark-radweg-schwarzwald-mitte-nord-1.jpeg 1200w\" sizes=\"(max-width: 1024px) 100vw, 1024px\" \/><\/a><\/p>\n<p> Der Naturpark-Radweg Schwarzwald Mitte\/Nord f\u00fchrt durch den gr\u00f6\u00dften Naturpark in Deutschland. Tipps f\u00fcr die jeweiligen Etappen und f\u00fcr eine Radreise im Schwarzwald.<\/p>\n<\/div><a href=\"https:\/\/www.people-abroad.de\/blog\/naturpark-radweg-schwarzwald\/\">Mehr...<\/a><\/p><p><h2><a href=\"https:\/\/www.people-abroad.de\/blog\/radfahren-sicherheit-alltag-radreise\/\">Radfahren und Sicherheit: Basics f\u00fcr den Alltag und Radreisen<\/a><\/h2><div class=\"lcp_excerpt\"><p><a href=\"https:\/\/www.people-abroad.de\/blog\/radfahren-sicherheit-alltag-radreise\/\"><img decoding=\"async\" class=\"alignnone wp-image-31842 size-large\" src=\"https:\/\/www.people-abroad.de\/blog\/wp-content\/uploads\/2023\/08\/radfahren-und-sicherheit-alltag-radreisen-adfc-1024x683.jpeg\" alt=\"Radfahren und Sicherheit Alltag Radreisen ADFC \" width=\"1024\" height=\"683\" srcset=\"https:\/\/www.people-abroad.de\/blog\/wp-content\/uploads\/2023\/08\/radfahren-und-sicherheit-alltag-radreisen-adfc-1024x683.jpeg 1024w, https:\/\/www.people-abroad.de\/blog\/wp-content\/uploads\/2023\/08\/radfahren-und-sicherheit-alltag-radreisen-adfc-300x200.jpeg 300w, https:\/\/www.people-abroad.de\/blog\/wp-content\/uploads\/2023\/08\/radfahren-und-sicherheit-alltag-radreisen-adfc-768x512.jpeg 768w, https:\/\/www.people-abroad.de\/blog\/wp-content\/uploads\/2023\/08\/radfahren-und-sicherheit-alltag-radreisen-adfc.jpeg 1200w\" sizes=\"(max-width: 1024px) 100vw, 1024px\" \/><\/a><\/p>\n<p>Radfahren und Sicherheit ist ein Thema, das alle Radfahrer betrifft. Erfahrungen und Tipps zur Sicherheit auf dem Fahrrad gibt es im Interview mit dem ADFC.<\/p>\n<\/div><a href=\"https:\/\/www.people-abroad.de\/blog\/radfahren-sicherheit-alltag-radreise\/\">Mehr...<\/a><\/p><p><h2><a href=\"https:\/\/www.people-abroad.de\/blog\/umweltfreundlich-reisen-tipps\/\">Umweltfreundlich reisen: N\u00fctzliche Tipps f\u00fcr die Praxis<\/a><\/h2><div class=\"lcp_excerpt\"><p><a href=\"https:\/\/www.people-abroad.de\/blog\/umweltfreundlich-reisen-tipps\/\"><img decoding=\"async\" class=\"alignnone wp-image-31028 size-large\" src=\"https:\/\/www.people-abroad.de\/blog\/wp-content\/uploads\/2023\/06\/umweltfreundlich-reisen-klimafreundlich-nachhaltig-reisen-1024x683.jpeg\" alt=\"Umweltfreundlich reisen klimafreundlich nachhaltig Tourismus Tipps\" width=\"1024\" height=\"683\" srcset=\"https:\/\/www.people-abroad.de\/blog\/wp-content\/uploads\/2023\/06\/umweltfreundlich-reisen-klimafreundlich-nachhaltig-reisen-1024x683.jpeg 1024w, https:\/\/www.people-abroad.de\/blog\/wp-content\/uploads\/2023\/06\/umweltfreundlich-reisen-klimafreundlich-nachhaltig-reisen-300x200.jpeg 300w, https:\/\/www.people-abroad.de\/blog\/wp-content\/uploads\/2023\/06\/umweltfreundlich-reisen-klimafreundlich-nachhaltig-reisen-768x512.jpeg 768w, https:\/\/www.people-abroad.de\/blog\/wp-content\/uploads\/2023\/06\/umweltfreundlich-reisen-klimafreundlich-nachhaltig-reisen.jpeg 1200w\" sizes=\"(max-width: 1024px) 100vw, 1024px\" \/><\/a><\/p>\n<p> Umweltfreundlich Reisen &#8211; wie kann dies gelingen? Was k\u00f6nnen Reisende und Reiseanbieter dazu beitragen? Antworten darauf gibt das DE-Klima Plus Projekt von Outdooractive.<\/p>\n<\/div><a href=\"https:\/\/www.people-abroad.de\/blog\/umweltfreundlich-reisen-tipps\/\">Mehr...<\/a><\/p><p><h2><a href=\"https:\/\/www.people-abroad.de\/blog\/westlicher-bodensee\/\">Westlicher Bodensee: Die Highlights der Region entdecken<\/a><\/h2><div class=\"lcp_excerpt\"><p><a href=\"https:\/\/www.people-abroad.de\/blog\/westlicher-bodensee\/\"><img decoding=\"async\" class=\"alignnone wp-image-30712 size-large\" src=\"https:\/\/www.people-abroad.de\/blog\/wp-content\/uploads\/2023\/05\/westlicher-bodensee-1024x682.jpeg\" alt=\"Westlicher Bodensee Wandern Radfahren Sehensw\u00fcrdigkeiten Urlaub\" width=\"1024\" height=\"682\" srcset=\"https:\/\/www.people-abroad.de\/blog\/wp-content\/uploads\/2023\/05\/westlicher-bodensee-1024x682.jpeg 1024w, https:\/\/www.people-abroad.de\/blog\/wp-content\/uploads\/2023\/05\/westlicher-bodensee-300x200.jpeg 300w, https:\/\/www.people-abroad.de\/blog\/wp-content\/uploads\/2023\/05\/westlicher-bodensee-768x511.jpeg 768w, https:\/\/www.people-abroad.de\/blog\/wp-content\/uploads\/2023\/05\/westlicher-bodensee.jpeg 1200w\" sizes=\"(max-width: 1024px) 100vw, 1024px\" \/><\/a><\/p>\n<p> Wandern, Radfahren, Natur und Kultur lassen sich am Westlichen Bodensee prima miteinander kombinieren. Infos und Tipps f\u00fcr die Urlaubsregion Westlicher Bodensee.<\/p>\n<\/div><a href=\"https:\/\/www.people-abroad.de\/blog\/westlicher-bodensee\/\">Mehr...<\/a><\/p><p><h2><a href=\"https:\/\/www.people-abroad.de\/blog\/steinhuder-meer\/\">Steinhuder Meer: Tipps f\u00fcr das beliebte Ausflugsziel<\/a><\/h2><div class=\"lcp_excerpt\"><p><a href=\"https:\/\/www.people-abroad.de\/blog\/steinhuder-meer\/\"><img decoding=\"async\" class=\"alignnone wp-image-27682 size-large\" src=\"https:\/\/www.people-abroad.de\/blog\/wp-content\/uploads\/2022\/07\/steinhuder-meer-1-1024x682.jpg\" alt=\"Steinhuder Meer Strand Camping Fahrrad Radfahren Ausflug\" width=\"1024\" height=\"682\" srcset=\"https:\/\/www.people-abroad.de\/blog\/wp-content\/uploads\/2022\/07\/steinhuder-meer-1-1024x682.jpg 1024w, https:\/\/www.people-abroad.de\/blog\/wp-content\/uploads\/2022\/07\/steinhuder-meer-1-300x200.jpg 300w, https:\/\/www.people-abroad.de\/blog\/wp-content\/uploads\/2022\/07\/steinhuder-meer-1-768x511.jpg 768w, https:\/\/www.people-abroad.de\/blog\/wp-content\/uploads\/2022\/07\/steinhuder-meer-1-400x266.jpg 400w, https:\/\/www.people-abroad.de\/blog\/wp-content\/uploads\/2022\/07\/steinhuder-meer-1.jpg 1200w\" sizes=\"(max-width: 1024px) 100vw, 1024px\" \/><\/a><\/p>\n<p> Das Steinhuder Meer ist der gr\u00f6\u00dfte See Niedersachsens und beliebt als Ausflugs- und Urlaubsziel. Infos &amp; Tipps f\u00fcr den Besuch und Aktivit\u00e4ten vor Ort.<\/p>\n<\/div><a href=\"https:\/\/www.people-abroad.de\/blog\/steinhuder-meer\/\">Mehr...<\/a><\/p><p><h2><a href=\"https:\/\/www.people-abroad.de\/blog\/hannover-sehenswuerdigkeiten\/\">Hannover Sehensw\u00fcrdigkeiten &#8211; Tipps f\u00fcr die St\u00e4dtereise<\/a><\/h2><div class=\"lcp_excerpt\"><p><a href=\"https:\/\/www.people-abroad.de\/blog\/hannover-sehenswuerdigkeiten\/\"><img decoding=\"async\" class=\"alignnone wp-image-27424 size-large\" src=\"https:\/\/www.people-abroad.de\/blog\/wp-content\/uploads\/2022\/07\/hannover-sehenswuerdigkeiten-1-1024x682.jpg\" alt=\"Hannover Sehensw\u00fcrdigkeiten Altstadt Rundgang 1 Tag\" width=\"1024\" height=\"682\" srcset=\"https:\/\/www.people-abroad.de\/blog\/wp-content\/uploads\/2022\/07\/hannover-sehenswuerdigkeiten-1-1024x682.jpg 1024w, https:\/\/www.people-abroad.de\/blog\/wp-content\/uploads\/2022\/07\/hannover-sehenswuerdigkeiten-1-300x200.jpg 300w, https:\/\/www.people-abroad.de\/blog\/wp-content\/uploads\/2022\/07\/hannover-sehenswuerdigkeiten-1-768x511.jpg 768w, https:\/\/www.people-abroad.de\/blog\/wp-content\/uploads\/2022\/07\/hannover-sehenswuerdigkeiten-1-400x266.jpg 400w, https:\/\/www.people-abroad.de\/blog\/wp-content\/uploads\/2022\/07\/hannover-sehenswuerdigkeiten-1.jpg 1200w\" sizes=\"(max-width: 1024px) 100vw, 1024px\" \/><\/a><\/p>\n<p> Hannover ist vielseitig, gr\u00fcn und bietet zahlreiche Highlights. Natur und Kultur lassen sich bei einer St\u00e4dtereise prima mit dem Rad entdecken. Infos &amp; Tipps zu den Hannover Sehensw\u00fcrdigkeiten.<\/p>\n<\/div><a href=\"https:\/\/www.people-abroad.de\/blog\/hannover-sehenswuerdigkeiten\/\">Mehr...<\/a><\/p><p><h2><a href=\"https:\/\/www.people-abroad.de\/blog\/radreisen-planung-tipps\/\">Radreisen: Aktuelle Trends und Tipps f\u00fcr die Planung<\/a><\/h2><div class=\"lcp_excerpt\"><p><a href=\"https:\/\/www.people-abroad.de\/blog\/radreisen-planung-tipps\/\"><img decoding=\"async\" class=\"alignnone wp-image-26565 size-large\" src=\"https:\/\/www.people-abroad.de\/blog\/wp-content\/uploads\/2022\/04\/adfc-radreisen-vechtetalroute-1024x682.jpg\" alt=\"Radreisen Radurlaub Deutschland Planung Tipps ADFC Radreiseanalyse\" width=\"1024\" height=\"682\" srcset=\"https:\/\/www.people-abroad.de\/blog\/wp-content\/uploads\/2022\/04\/adfc-radreisen-vechtetalroute-1024x682.jpg 1024w, https:\/\/www.people-abroad.de\/blog\/wp-content\/uploads\/2022\/04\/adfc-radreisen-vechtetalroute-300x200.jpg 300w, https:\/\/www.people-abroad.de\/blog\/wp-content\/uploads\/2022\/04\/adfc-radreisen-vechtetalroute-768x511.jpg 768w, https:\/\/www.people-abroad.de\/blog\/wp-content\/uploads\/2022\/04\/adfc-radreisen-vechtetalroute-400x266.jpg 400w, https:\/\/www.people-abroad.de\/blog\/wp-content\/uploads\/2022\/04\/adfc-radreisen-vechtetalroute.jpg 1200w\" sizes=\"(max-width: 1024px) 100vw, 1024px\" \/><\/a><\/p>\n<p>Radreisen sind beliebt und die Tendenz dazu ist laut der ADFC-Radreiseanalyse steigend. Aktuelle Trends und Tipps f\u00fcr die Planung gibt es im Interview mit dem ADFC.<\/p>\n<\/div><a href=\"https:\/\/www.people-abroad.de\/blog\/radreisen-planung-tipps\/\">Mehr...<\/a><\/p><p><h2><a href=\"https:\/\/www.people-abroad.de\/blog\/lahntal-lahnradweg-kanutour-wandern\/\">Lahntal: Lahnradweg, Kanutour, Burgen &#038; Wandern<\/a><\/h2><div class=\"lcp_excerpt\"><p><a href=\"https:\/\/www.people-abroad.de\/blog\/lahntal-lahnradweg-kanutour-wandern\/\"><img decoding=\"async\" class=\"alignnone wp-image-24262 size-large\" src=\"https:\/\/www.people-abroad.de\/blog\/wp-content\/uploads\/2021\/10\/lahntal-lahnradweg-lahnwanderweg-25-1024x682.jpg\" alt=\"Lahntal Lahnradweg Kanutour Burgen Wandern\" width=\"1024\" height=\"682\" srcset=\"https:\/\/www.people-abroad.de\/blog\/wp-content\/uploads\/2021\/10\/lahntal-lahnradweg-lahnwanderweg-25-1024x682.jpg 1024w, https:\/\/www.people-abroad.de\/blog\/wp-content\/uploads\/2021\/10\/lahntal-lahnradweg-lahnwanderweg-25-300x200.jpg 300w, https:\/\/www.people-abroad.de\/blog\/wp-content\/uploads\/2021\/10\/lahntal-lahnradweg-lahnwanderweg-25-768x511.jpg 768w, https:\/\/www.people-abroad.de\/blog\/wp-content\/uploads\/2021\/10\/lahntal-lahnradweg-lahnwanderweg-25-400x266.jpg 400w, https:\/\/www.people-abroad.de\/blog\/wp-content\/uploads\/2021\/10\/lahntal-lahnradweg-lahnwanderweg-25.jpg 1200w\" sizes=\"(max-width: 1024px) 100vw, 1024px\" \/><\/a><\/p>\n<p> Das Lahntal ist eine idyllische Flusslandschaft, die sch\u00f6ne Naturerlebnisse bietet. Historische Orte und imposante Burgen pr\u00e4gen das Tal. Infos &amp; Tipps f\u00fcr das Lahntal findest du hier.<\/p>\n<\/div><a href=\"https:\/\/www.people-abroad.de\/blog\/lahntal-lahnradweg-kanutour-wandern\/\">Mehr...<\/a><\/p><p><h2><a href=\"https:\/\/www.people-abroad.de\/blog\/salzburger-saalachtal\/\">Salzburger Saalachtal: E-Biken ohne Gep\u00e4ck<\/a><\/h2><div class=\"lcp_excerpt\"><p><a href=\"https:\/\/www.people-abroad.de\/blog\/salzburger-saalachtal\/\"><img decoding=\"async\" class=\"alignnone wp-image-23782 size-large\" src=\"https:\/\/www.people-abroad.de\/blog\/wp-content\/uploads\/2021\/09\/salzburger-saalachtal-1024x768.jpg\" alt=\"Salzburger Saalachtal Radfahren Radtour Mountainbike\" width=\"1024\" height=\"768\" srcset=\"https:\/\/www.people-abroad.de\/blog\/wp-content\/uploads\/2021\/09\/salzburger-saalachtal-1024x768.jpg 1024w, https:\/\/www.people-abroad.de\/blog\/wp-content\/uploads\/2021\/09\/salzburger-saalachtal-300x225.jpg 300w, https:\/\/www.people-abroad.de\/blog\/wp-content\/uploads\/2021\/09\/salzburger-saalachtal-768x576.jpg 768w, https:\/\/www.people-abroad.de\/blog\/wp-content\/uploads\/2021\/09\/salzburger-saalachtal-400x300.jpg 400w, https:\/\/www.people-abroad.de\/blog\/wp-content\/uploads\/2021\/09\/salzburger-saalachtal.jpg 1200w\" sizes=\"(max-width: 1024px) 100vw, 1024px\" \/><\/a><\/p>\n<p> Das Salzburger Saalachtal im Herzen des Pinzgaus l\u00e4sst sich am besten beim Radfahren erkunden. Tipps zum Mountainbiken mit und ohne elektrischen Antrieb findest du hier.<\/p>\n<\/div><a href=\"https:\/\/www.people-abroad.de\/blog\/salzburger-saalachtal\/\">Mehr...<\/a><\/p><\/div><ul class='lcp_paginator'><li class='lcp_currentpage'>1<\/li><li><a href='https:\/\/www.people-abroad.de\/blog\/wp-json\/wp\/v2\/pages\/11624?lcp_page0=2#lcp_instance_0' title='2'>2<\/a><\/li><li><a href='https:\/\/www.people-abroad.de\/blog\/wp-json\/wp\/v2\/pages\/11624?lcp_page0=3#lcp_instance_0' title='3'>3<\/a><\/li><li><a href='https:\/\/www.people-abroad.de\/blog\/wp-json\/wp\/v2\/pages\/11624?lcp_page0=4#lcp_instance_0' title='4'>4<\/a><\/li><li><a href='https:\/\/www.people-abroad.de\/blog\/wp-json\/wp\/v2\/pages\/11624?lcp_page0=2#lcp_instance_0' title='2' class='lcp_nextlink'>\u00c4ltere Beitr\u00e4ge &gt;&gt;<\/a><\/li><\/ul>\n","protected":false},"excerpt":{"rendered":"","protected":false},"author":1,"featured_media":0,"parent":0,"menu_order":0,"comment_status":"closed","ping_status":"closed","template":"","meta":{"_monsterinsights_skip_tracking":false,"_monsterinsights_sitenote_active":false,"_monsterinsights_sitenote_note":"","_monsterinsights_sitenote_category":0,"footnotes":""},"class_list":["post-11624","page","type-page","status-publish","hentry"],"yoast_head":"<!-- This site is optimized with the Yoast SEO plugin v27.5 - https:\/\/yoast.com\/product\/yoast-seo-wordpress\/ -->\n<title>Radfahren - People Abroad<\/title>\n<meta name=\"description\" content=\"Reiseberichte mit dem Schwerpunkt Radfahren und Reisen mit Reisetipps f\u00fcr die individuelle Planung zum Nachreisen.\" \/>\n<meta name=\"robots\" content=\"noindex, follow\" \/>\n<meta property=\"og:locale\" content=\"de_DE\" \/>\n<meta property=\"og:type\" content=\"article\" \/>\n<meta property=\"og:title\" content=\"Radfahren - People Abroad\" \/>\n<meta property=\"og:description\" content=\"Reiseberichte mit dem Schwerpunkt Radfahren und Reisen mit Reisetipps f\u00fcr die individuelle Planung zum Nachreisen.\" \/>\n<meta property=\"og:url\" content=\"https:\/\/www.people-abroad.de\/blog\/radfahren\/\" \/>\n<meta property=\"og:site_name\" content=\"People Abroad\" \/>\n<meta property=\"article:publisher\" content=\"https:\/\/www.facebook.com\/menschen.international\/\" \/>\n<meta property=\"article:modified_time\" content=\"2023-01-17T10:21:59+00:00\" \/>\n<meta name=\"twitter:card\" content=\"summary_large_image\" \/>\n<meta name=\"twitter:site\" content=\"@People_Abroad\" \/>\n<meta name=\"twitter:label1\" content=\"Gesch\u00e4tzte Lesezeit\" \/>\n\t<meta name=\"twitter:data1\" content=\"1\u00a0Minute\" \/>\n<script type=\"application\/ld+json\" class=\"yoast-schema-graph\">{\"@context\":\"https:\\\/\\\/schema.org\",\"@graph\":[{\"@type\":\"WebPage\",\"@id\":\"https:\\\/\\\/www.people-abroad.de\\\/blog\\\/radfahren\\\/\",\"url\":\"https:\\\/\\\/www.people-abroad.de\\\/blog\\\/radfahren\\\/\",\"name\":\"Radfahren - People Abroad\",\"isPartOf\":{\"@id\":\"https:\\\/\\\/www.people-abroad.de\\\/blog\\\/#website\"},\"datePublished\":\"2019-04-05T11:34:54+00:00\",\"dateModified\":\"2023-01-17T10:21:59+00:00\",\"description\":\"Reiseberichte mit dem Schwerpunkt Radfahren und Reisen mit Reisetipps f\u00fcr die individuelle Planung zum Nachreisen.\",\"breadcrumb\":{\"@id\":\"https:\\\/\\\/www.people-abroad.de\\\/blog\\\/radfahren\\\/#breadcrumb\"},\"inLanguage\":\"de\",\"potentialAction\":[{\"@type\":\"ReadAction\",\"target\":[\"https:\\\/\\\/www.people-abroad.de\\\/blog\\\/radfahren\\\/\"]}]},{\"@type\":\"BreadcrumbList\",\"@id\":\"https:\\\/\\\/www.people-abroad.de\\\/blog\\\/radfahren\\\/#breadcrumb\",\"itemListElement\":[{\"@type\":\"ListItem\",\"position\":1,\"name\":\"Startseite\",\"item\":\"https:\\\/\\\/www.people-abroad.de\\\/blog\\\/\"},{\"@type\":\"ListItem\",\"position\":2,\"name\":\"Radfahren\"}]},{\"@type\":\"WebSite\",\"@id\":\"https:\\\/\\\/www.people-abroad.de\\\/blog\\\/#website\",\"url\":\"https:\\\/\\\/www.people-abroad.de\\\/blog\\\/\",\"name\":\"People Abroad\",\"description\":\"Reiseblog\",\"publisher\":{\"@id\":\"https:\\\/\\\/www.people-abroad.de\\\/blog\\\/#\\\/schema\\\/person\\\/2a518a154d93ee6cf0b146bc327329b3\"},\"potentialAction\":[{\"@type\":\"SearchAction\",\"target\":{\"@type\":\"EntryPoint\",\"urlTemplate\":\"https:\\\/\\\/www.people-abroad.de\\\/blog\\\/?s={search_term_string}\"},\"query-input\":{\"@type\":\"PropertyValueSpecification\",\"valueRequired\":true,\"valueName\":\"search_term_string\"}}],\"inLanguage\":\"de\"},{\"@type\":[\"Person\",\"Organization\"],\"@id\":\"https:\\\/\\\/www.people-abroad.de\\\/blog\\\/#\\\/schema\\\/person\\\/2a518a154d93ee6cf0b146bc327329b3\",\"name\":\"Heiko M\u00fcller\",\"logo\":{\"@id\":\"https:\\\/\\\/www.people-abroad.de\\\/blog\\\/#\\\/schema\\\/person\\\/image\\\/\"},\"description\":\"Ich bin Reiseblogger, Content Creator und Redakteur. Auf Reisen erkunde ich gerne neue Regionen, St\u00e4dte und Orte beim Fotografieren, Wandern und Radfahren. F\u00fcr weitere Reisetipps folge mir auf Instagram. Mehr Infos zum Blog findest du hier: https:\\\/\\\/www.people-abroad.de\\\/blog\\\/pr-media\\\/. Kontakt: h.mueller@people-abroad.de\",\"sameAs\":[\"https:\\\/\\\/www.people-abroad.de\\\/blog\\\/\",\"https:\\\/\\\/www.facebook.com\\\/menschen.international\\\/\",\"https:\\\/\\\/www.instagram.com\\\/people.abroad\\\/\",\"https:\\\/\\\/www.linkedin.com\\\/in\\\/muellerheiko\\\/\",\"https:\\\/\\\/www.pinterest.de\\\/peopleabroad\\\/\",\"https:\\\/\\\/x.com\\\/People_Abroad\",\"https:\\\/\\\/www.youtube.com\\\/user\\\/MenschenInt\"]}]}<\/script>\n<!-- \/ Yoast SEO plugin. -->","yoast_head_json":{"title":"Radfahren - People Abroad","description":"Reiseberichte mit dem Schwerpunkt Radfahren und Reisen mit Reisetipps f\u00fcr die individuelle Planung zum Nachreisen.","robots":{"index":"noindex","follow":"follow"},"og_locale":"de_DE","og_type":"article","og_title":"Radfahren - People Abroad","og_description":"Reiseberichte mit dem Schwerpunkt Radfahren und Reisen mit Reisetipps f\u00fcr die individuelle Planung zum Nachreisen.","og_url":"https:\/\/www.people-abroad.de\/blog\/radfahren\/","og_site_name":"People Abroad","article_publisher":"https:\/\/www.facebook.com\/menschen.international\/","article_modified_time":"2023-01-17T10:21:59+00:00","twitter_card":"summary_large_image","twitter_site":"@People_Abroad","twitter_misc":{"Gesch\u00e4tzte Lesezeit":"1\u00a0Minute"},"schema":{"@context":"https:\/\/schema.org","@graph":[{"@type":"WebPage","@id":"https:\/\/www.people-abroad.de\/blog\/radfahren\/","url":"https:\/\/www.people-abroad.de\/blog\/radfahren\/","name":"Radfahren - People Abroad","isPartOf":{"@id":"https:\/\/www.people-abroad.de\/blog\/#website"},"datePublished":"2019-04-05T11:34:54+00:00","dateModified":"2023-01-17T10:21:59+00:00","description":"Reiseberichte mit dem Schwerpunkt Radfahren und Reisen mit Reisetipps f\u00fcr die individuelle Planung zum Nachreisen.","breadcrumb":{"@id":"https:\/\/www.people-abroad.de\/blog\/radfahren\/#breadcrumb"},"inLanguage":"de","potentialAction":[{"@type":"ReadAction","target":["https:\/\/www.people-abroad.de\/blog\/radfahren\/"]}]},{"@type":"BreadcrumbList","@id":"https:\/\/www.people-abroad.de\/blog\/radfahren\/#breadcrumb","itemListElement":[{"@type":"ListItem","position":1,"name":"Startseite","item":"https:\/\/www.people-abroad.de\/blog\/"},{"@type":"ListItem","position":2,"name":"Radfahren"}]},{"@type":"WebSite","@id":"https:\/\/www.people-abroad.de\/blog\/#website","url":"https:\/\/www.people-abroad.de\/blog\/","name":"People Abroad","description":"Reiseblog","publisher":{"@id":"https:\/\/www.people-abroad.de\/blog\/#\/schema\/person\/2a518a154d93ee6cf0b146bc327329b3"},"potentialAction":[{"@type":"SearchAction","target":{"@type":"EntryPoint","urlTemplate":"https:\/\/www.people-abroad.de\/blog\/?s={search_term_string}"},"query-input":{"@type":"PropertyValueSpecification","valueRequired":true,"valueName":"search_term_string"}}],"inLanguage":"de"},{"@type":["Person","Organization"],"@id":"https:\/\/www.people-abroad.de\/blog\/#\/schema\/person\/2a518a154d93ee6cf0b146bc327329b3","name":"Heiko M\u00fcller","logo":{"@id":"https:\/\/www.people-abroad.de\/blog\/#\/schema\/person\/image\/"},"description":"Ich bin Reiseblogger, Content Creator und Redakteur. Auf Reisen erkunde ich gerne neue Regionen, St\u00e4dte und Orte beim Fotografieren, Wandern und Radfahren. F\u00fcr weitere Reisetipps folge mir auf Instagram. Mehr Infos zum Blog findest du hier: https:\/\/www.people-abroad.de\/blog\/pr-media\/. Kontakt: h.mueller@people-abroad.de","sameAs":["https:\/\/www.people-abroad.de\/blog\/","https:\/\/www.facebook.com\/menschen.international\/","https:\/\/www.instagram.com\/people.abroad\/","https:\/\/www.linkedin.com\/in\/muellerheiko\/","https:\/\/www.pinterest.de\/peopleabroad\/","https:\/\/x.com\/People_Abroad","https:\/\/www.youtube.com\/user\/MenschenInt"]}]}},"_links":{"self":[{"href":"https:\/\/www.people-abroad.de\/blog\/wp-json\/wp\/v2\/pages\/11624","targetHints":{"allow":["GET"]}}],"collection":[{"href":"https:\/\/www.people-abroad.de\/blog\/wp-json\/wp\/v2\/pages"}],"about":[{"href":"https:\/\/www.people-abroad.de\/blog\/wp-json\/wp\/v2\/types\/page"}],"author":[{"embeddable":true,"href":"https:\/\/www.people-abroad.de\/blog\/wp-json\/wp\/v2\/users\/1"}],"replies":[{"embeddable":true,"href":"https:\/\/www.people-abroad.de\/blog\/wp-json\/wp\/v2\/comments?post=11624"}],"version-history":[{"count":3,"href":"https:\/\/www.people-abroad.de\/blog\/wp-json\/wp\/v2\/pages\/11624\/revisions"}],"predecessor-version":[{"id":14557,"href":"https:\/\/www.people-abroad.de\/blog\/wp-json\/wp\/v2\/pages\/11624\/revisions\/14557"}],"wp:attachment":[{"href":"https:\/\/www.people-abroad.de\/blog\/wp-json\/wp\/v2\/media?parent=11624"}],"curies":[{"name":"wp","href":"https:\/\/api.w.org\/{rel}","templated":true}]}}