{"id":11621,"date":"2019-04-05T13:28:11","date_gmt":"2019-04-05T11:28:11","guid":{"rendered":"https:\/\/www.people-abroad.de\/blog\/?page_id=11621"},"modified":"2023-01-17T11:27:56","modified_gmt":"2023-01-17T10:27:56","slug":"wandern","status":"publish","type":"page","link":"https:\/\/www.people-abroad.de\/blog\/wandern\/","title":{"rendered":"Wandern"},"content":{"rendered":"<div class=\"lcp_catlist\" id=\"lcp_instance_0\"><p><h2><a href=\"https:\/\/www.people-abroad.de\/blog\/vaude-neyland-wanderjacke\/\">Vaude Neyland 2,5-Lagen Wander- und Regenjacke<\/a><\/h2><div class=\"lcp_excerpt\"><p><a href=\"https:\/\/www.people-abroad.de\/blog\/vaude-neyland-wanderjacke\/\"><img decoding=\"async\" class=\"alignnone wp-image-38327 size-large\" src=\"https:\/\/www.people-abroad.de\/blog\/wp-content\/uploads\/2026\/04\/vaude-neyland-wanderjacke-1024x682.jpeg\" alt=\"Vaude Neyland Wanderjacke Regenjacke\" width=\"1024\" height=\"682\" srcset=\"https:\/\/www.people-abroad.de\/blog\/wp-content\/uploads\/2026\/04\/vaude-neyland-wanderjacke-1024x682.jpeg 1024w, https:\/\/www.people-abroad.de\/blog\/wp-content\/uploads\/2026\/04\/vaude-neyland-wanderjacke-300x200.jpeg 300w, https:\/\/www.people-abroad.de\/blog\/wp-content\/uploads\/2026\/04\/vaude-neyland-wanderjacke-768x511.jpeg 768w, https:\/\/www.people-abroad.de\/blog\/wp-content\/uploads\/2026\/04\/vaude-neyland-wanderjacke.jpeg 1200w\" sizes=\"(max-width: 1024px) 100vw, 1024px\" \/><\/a><\/p>\n<p> Wasserdicht, winddicht und atmungsaktiv sind die meisten Wanderjacken. Doch wie bew\u00e4hren sie sich beim Einsatz? Die Vaude Neyland Wanderjacke im Praxistest.<\/p>\n<\/div><a href=\"https:\/\/www.people-abroad.de\/blog\/vaude-neyland-wanderjacke\/\">Mehr...<\/a><\/p><p><h2><a href=\"https:\/\/www.people-abroad.de\/blog\/aletschgletscher-wanderung\/\">Aletschgletscher: Wanderung im Schweizer Kanton Wallis<\/a><\/h2><div class=\"lcp_excerpt\"><p><a href=\"https:\/\/www.people-abroad.de\/blog\/aletschgletscher-wanderung\/\"><img decoding=\"async\" class=\"alignnone wp-image-38294 size-large\" src=\"https:\/\/www.people-abroad.de\/blog\/wp-content\/uploads\/2026\/04\/aletschgletscher-wanderung-tipps-1024x683.jpeg\" alt=\"Aletschgletscher Wanderung Tour Schweiz Tipps\" width=\"1024\" height=\"683\" srcset=\"https:\/\/www.people-abroad.de\/blog\/wp-content\/uploads\/2026\/04\/aletschgletscher-wanderung-tipps-1024x683.jpeg 1024w, https:\/\/www.people-abroad.de\/blog\/wp-content\/uploads\/2026\/04\/aletschgletscher-wanderung-tipps-300x200.jpeg 300w, https:\/\/www.people-abroad.de\/blog\/wp-content\/uploads\/2026\/04\/aletschgletscher-wanderung-tipps-768x512.jpeg 768w, https:\/\/www.people-abroad.de\/blog\/wp-content\/uploads\/2026\/04\/aletschgletscher-wanderung-tipps.jpeg 1200w\" sizes=\"(max-width: 1024px) 100vw, 1024px\" \/><\/a><\/p>\n<p>Der Aletschgletscher im Schweizer Kanton Wallis ist der gr\u00f6\u00dfte und l\u00e4ngste Gletscher der Alpen. Man kann ihn auf einer Wanderung erkunden &#8211; eine Tourenbeschreibung.<\/p>\n<\/div><a href=\"https:\/\/www.people-abroad.de\/blog\/aletschgletscher-wanderung\/\">Mehr...<\/a><\/p><p><h2><a href=\"https:\/\/www.people-abroad.de\/blog\/zugspitz-region\/\">Zugspitz Region: Tipps f\u00fcr den Besuch in Oberbayern<\/a><\/h2><div class=\"lcp_excerpt\"><p><a href=\"https:\/\/www.people-abroad.de\/blog\/zugspitz-region\/\"><img decoding=\"async\" class=\"alignnone wp-image-38223 size-large\" src=\"https:\/\/www.people-abroad.de\/blog\/wp-content\/uploads\/2026\/03\/zugspitz-region-oberbayern-tipps-1024x683.jpeg\" alt=\"Zugspitz Region Oberbayern Tipps Ausfl\u00fcge\" width=\"1024\" height=\"683\" srcset=\"https:\/\/www.people-abroad.de\/blog\/wp-content\/uploads\/2026\/03\/zugspitz-region-oberbayern-tipps-1024x683.jpeg 1024w, https:\/\/www.people-abroad.de\/blog\/wp-content\/uploads\/2026\/03\/zugspitz-region-oberbayern-tipps-300x200.jpeg 300w, https:\/\/www.people-abroad.de\/blog\/wp-content\/uploads\/2026\/03\/zugspitz-region-oberbayern-tipps-768x512.jpeg 768w, https:\/\/www.people-abroad.de\/blog\/wp-content\/uploads\/2026\/03\/zugspitz-region-oberbayern-tipps.jpeg 1200w\" sizes=\"(max-width: 1024px) 100vw, 1024px\" \/><\/a><\/p>\n<p>Die Zugspitz Region bietet verschiedene Ausflugsziele rund um die Zugspitze, Deutschlands h\u00f6chsten Berg im Wettersteingebirge. Tipps f\u00fcr den Besuch in Oberbayern.<\/p>\n<\/div><a href=\"https:\/\/www.people-abroad.de\/blog\/zugspitz-region\/\">Mehr...<\/a><\/p><p><h2><a href=\"https:\/\/www.people-abroad.de\/blog\/faulhorn-wanderung\/\">Faulhorn Wanderung: Bergtour in den Berner Alpen<\/a><\/h2><div class=\"lcp_excerpt\"><p><a href=\"https:\/\/www.people-abroad.de\/blog\/faulhorn-wanderung\/\"><img decoding=\"async\" class=\"alignnone wp-image-38157 size-large\" src=\"https:\/\/www.people-abroad.de\/blog\/wp-content\/uploads\/2026\/02\/faulhorn-wanderung-berner-alpen-1024x683.jpeg\" alt=\"\" width=\"1024\" height=\"683\" srcset=\"https:\/\/www.people-abroad.de\/blog\/wp-content\/uploads\/2026\/02\/faulhorn-wanderung-berner-alpen-1024x683.jpeg 1024w, https:\/\/www.people-abroad.de\/blog\/wp-content\/uploads\/2026\/02\/faulhorn-wanderung-berner-alpen-300x200.jpeg 300w, https:\/\/www.people-abroad.de\/blog\/wp-content\/uploads\/2026\/02\/faulhorn-wanderung-berner-alpen-768x512.jpeg 768w, https:\/\/www.people-abroad.de\/blog\/wp-content\/uploads\/2026\/02\/faulhorn-wanderung-berner-alpen.jpeg 1200w\" sizes=\"(max-width: 1024px) 100vw, 1024px\" \/><\/a><\/p>\n<p>Die Wanderung zum Faulhorn in den Berner Alpen bietet eine abwechslungsreiche 2-Tages-Tour in der Schweizer Bergwelt. Hier findest du einen Tourenbericht.<\/p>\n<\/div><a href=\"https:\/\/www.people-abroad.de\/blog\/faulhorn-wanderung\/\">Mehr...<\/a><\/p><p><h2><a href=\"https:\/\/www.people-abroad.de\/blog\/oberlausitz-winter-tipps\/\">Die Oberlausitz im Winter und zur Weihnachtszeit<\/a><\/h2><div class=\"lcp_excerpt\"><p><a href=\"https:\/\/www.people-abroad.de\/blog\/oberlausitz-winter-tipps\/\"><img decoding=\"async\" class=\"alignnone wp-image-37959 size-large\" src=\"https:\/\/www.people-abroad.de\/blog\/wp-content\/uploads\/2025\/12\/oberlausitz-winter-tipps-1-1024x684.jpeg\" alt=\"Oberlausitz Winter Weihnachten Sachsen Reisen Urlaub Tipps\" width=\"1024\" height=\"684\" srcset=\"https:\/\/www.people-abroad.de\/blog\/wp-content\/uploads\/2025\/12\/oberlausitz-winter-tipps-1-1024x684.jpeg 1024w, https:\/\/www.people-abroad.de\/blog\/wp-content\/uploads\/2025\/12\/oberlausitz-winter-tipps-1-300x200.jpeg 300w, https:\/\/www.people-abroad.de\/blog\/wp-content\/uploads\/2025\/12\/oberlausitz-winter-tipps-1-768x513.jpeg 768w, https:\/\/www.people-abroad.de\/blog\/wp-content\/uploads\/2025\/12\/oberlausitz-winter-tipps-1.jpeg 1200w\" sizes=\"(max-width: 1024px) 100vw, 1024px\" \/><\/a><\/p>\n<p> Die Oberlausitz lohnt sich gerade im Winter und zur Weihnachtszeit f\u00fcr eine Reise. Tipps f\u00fcr das Zittauer Gebirge, die Europastadt G\u00f6rlitz und das Nei\u00dfeland.<\/p>\n<\/div><a href=\"https:\/\/www.people-abroad.de\/blog\/oberlausitz-winter-tipps\/\">Mehr...<\/a><\/p><p><h2><a href=\"https:\/\/www.people-abroad.de\/blog\/gregory-baltoro-rucksack\/\">Gregory Baltoro 75 Rucksack f\u00fcr Reise und Outdoor<\/a><\/h2><div class=\"lcp_excerpt\"><p><a href=\"https:\/\/www.people-abroad.de\/blog\/gregory-baltoro-rucksack\/\"><img decoding=\"async\" class=\"alignnone wp-image-37805 size-large\" src=\"https:\/\/www.people-abroad.de\/blog\/wp-content\/uploads\/2025\/11\/gregory-baltoro-rucksack-1024x682.jpeg\" alt=\"Gregory Baltoro 75 Liter Rucksack Reise Outdoor Trekking\" width=\"1024\" height=\"682\" srcset=\"https:\/\/www.people-abroad.de\/blog\/wp-content\/uploads\/2025\/11\/gregory-baltoro-rucksack-1024x682.jpeg 1024w, https:\/\/www.people-abroad.de\/blog\/wp-content\/uploads\/2025\/11\/gregory-baltoro-rucksack-300x200.jpeg 300w, https:\/\/www.people-abroad.de\/blog\/wp-content\/uploads\/2025\/11\/gregory-baltoro-rucksack-768x511.jpeg 768w, https:\/\/www.people-abroad.de\/blog\/wp-content\/uploads\/2025\/11\/gregory-baltoro-rucksack.jpeg 1200w\" sizes=\"(max-width: 1024px) 100vw, 1024px\" \/><\/a><\/p>\n<p> Der Gregory Baltoro 75 ist ein Rucksack f\u00fcr Reise- &amp; Outdoor-Abenteuer. Hier stelle ich den Rucksack des Outdoor-Herstellers Gregory genauer vor.<\/p>\n<\/div><a href=\"https:\/\/www.people-abroad.de\/blog\/gregory-baltoro-rucksack\/\">Mehr...<\/a><\/p><p><h2><a href=\"https:\/\/www.people-abroad.de\/blog\/kufsteinerland-wandern\/\">Kufsteinerland: Wanderungen in der Tiroler Bergwelt<\/a><\/h2><div class=\"lcp_excerpt\"><p><a href=\"https:\/\/www.people-abroad.de\/blog\/kufsteinerland-wandern\/\"><img decoding=\"async\" class=\"alignnone wp-image-37762 size-large\" src=\"https:\/\/www.people-abroad.de\/blog\/wp-content\/uploads\/2025\/11\/kufsteinerland-wandern-1024x682.jpeg\" alt=\"Kufsteinerland Wandern Tirol Wanderwege Tipps\" width=\"1024\" height=\"682\" srcset=\"https:\/\/www.people-abroad.de\/blog\/wp-content\/uploads\/2025\/11\/kufsteinerland-wandern-1024x682.jpeg 1024w, https:\/\/www.people-abroad.de\/blog\/wp-content\/uploads\/2025\/11\/kufsteinerland-wandern-300x200.jpeg 300w, https:\/\/www.people-abroad.de\/blog\/wp-content\/uploads\/2025\/11\/kufsteinerland-wandern-768x511.jpeg 768w, https:\/\/www.people-abroad.de\/blog\/wp-content\/uploads\/2025\/11\/kufsteinerland-wandern.jpeg 1200w\" sizes=\"(max-width: 1024px) 100vw, 1024px\" \/><\/a><\/p>\n<p> Das Kufsteinerland bietet zahlreiche Wanderwege, H\u00fcttentouren, Rundwege und Thementouren. Tipps f\u00fcr Wanderungen in Tirol und f\u00fcr den Besuch von Kufstein.<\/p>\n<\/div><a href=\"https:\/\/www.people-abroad.de\/blog\/kufsteinerland-wandern\/\">Mehr...<\/a><\/p><p><h2><a href=\"https:\/\/www.people-abroad.de\/blog\/montenegro-wandern\/\">Montenegro: Wanderungen mit Adriak\u00fcste und Bergen<\/a><\/h2><div class=\"lcp_excerpt\"><p><a href=\"https:\/\/www.people-abroad.de\/blog\/montenegro-wandern\/\"><img decoding=\"async\" class=\"alignnone wp-image-37612 size-large\" src=\"https:\/\/www.people-abroad.de\/blog\/wp-content\/uploads\/2025\/10\/montenegro-wandern-42-1024x683.jpeg\" alt=\"Montenegro Wandern Touren Wanderwege Tipps\" width=\"1024\" height=\"683\" srcset=\"https:\/\/www.people-abroad.de\/blog\/wp-content\/uploads\/2025\/10\/montenegro-wandern-42-1024x683.jpeg 1024w, https:\/\/www.people-abroad.de\/blog\/wp-content\/uploads\/2025\/10\/montenegro-wandern-42-300x200.jpeg 300w, https:\/\/www.people-abroad.de\/blog\/wp-content\/uploads\/2025\/10\/montenegro-wandern-42-768x512.jpeg 768w, https:\/\/www.people-abroad.de\/blog\/wp-content\/uploads\/2025\/10\/montenegro-wandern-42.jpeg 1200w\" sizes=\"(max-width: 1024px) 100vw, 1024px\" \/><\/a><\/p>\n<p> In Montenegro bieten sich Wanderungen an der Adriak\u00fcste, in den Bergen und in Nationalparks an. Tipps f\u00fcr eine Wanderreise in den Balkan-Staat in S\u00fcdosteuropa.<\/p>\n<\/div><a href=\"https:\/\/www.people-abroad.de\/blog\/montenegro-wandern\/\">Mehr...<\/a><\/p><p><h2><a href=\"https:\/\/www.people-abroad.de\/blog\/burgberg-allgaeu-aktivurlaub\/\">Aktivurlaub mit Wandern &#038; Biken in Burgberg im Allg\u00e4u<\/a><\/h2><div class=\"lcp_excerpt\"><p><a href=\"https:\/\/www.people-abroad.de\/blog\/burgberg-allgaeu-aktivurlaub\/\"><img decoding=\"async\" class=\"alignnone wp-image-37505 size-large\" src=\"https:\/\/www.people-abroad.de\/blog\/wp-content\/uploads\/2025\/10\/burgberg-allgaeu-wandern-1024x684.jpeg\" alt=\"Burgberg Allg\u00e4u Urlaub Wandern Radfahren\" width=\"1024\" height=\"684\" srcset=\"https:\/\/www.people-abroad.de\/blog\/wp-content\/uploads\/2025\/10\/burgberg-allgaeu-wandern-1024x684.jpeg 1024w, https:\/\/www.people-abroad.de\/blog\/wp-content\/uploads\/2025\/10\/burgberg-allgaeu-wandern-300x200.jpeg 300w, https:\/\/www.people-abroad.de\/blog\/wp-content\/uploads\/2025\/10\/burgberg-allgaeu-wandern-768x513.jpeg 768w, https:\/\/www.people-abroad.de\/blog\/wp-content\/uploads\/2025\/10\/burgberg-allgaeu-wandern.jpeg 1200w\" sizes=\"(max-width: 1024px) 100vw, 1024px\" \/><\/a><\/p>\n<p>Wenn man in einem Aktivurlaub Wandern und Biken miteinander kombinieren m\u00f6chte, bietet sich Burgberg im Allg\u00e4u an. Tipps f\u00fcr einen Outdoor-Urlaub in der Allg\u00e4u-Gemeinde.<\/p>\n<\/div><a href=\"https:\/\/www.people-abroad.de\/blog\/burgberg-allgaeu-aktivurlaub\/\">Mehr...<\/a><\/p><p><h2><a href=\"https:\/\/www.people-abroad.de\/blog\/st-anton-arlberg-wandern\/\">St. Anton am Arlberg: Wandern in den Tiroler Alpen<\/a><\/h2><div class=\"lcp_excerpt\"><p><a href=\"https:\/\/www.people-abroad.de\/blog\/st-anton-arlberg-wandern\/\"><img decoding=\"async\" class=\"alignnone wp-image-37338 size-large\" src=\"https:\/\/www.people-abroad.de\/blog\/wp-content\/uploads\/2025\/09\/st-anton-arlberg-wandern-8-1024x682.jpeg\" alt=\"St. Anton am Arlberg Wandern Arlberg Trail Touren Tipps\" width=\"1024\" height=\"682\" srcset=\"https:\/\/www.people-abroad.de\/blog\/wp-content\/uploads\/2025\/09\/st-anton-arlberg-wandern-8-1024x682.jpeg 1024w, https:\/\/www.people-abroad.de\/blog\/wp-content\/uploads\/2025\/09\/st-anton-arlberg-wandern-8-300x200.jpeg 300w, https:\/\/www.people-abroad.de\/blog\/wp-content\/uploads\/2025\/09\/st-anton-arlberg-wandern-8-768x511.jpeg 768w, https:\/\/www.people-abroad.de\/blog\/wp-content\/uploads\/2025\/09\/st-anton-arlberg-wandern-8.jpeg 1200w\" sizes=\"(max-width: 1024px) 100vw, 1024px\" \/><\/a><\/p>\n<p> St. Anton am Arlberg punktet mit einer gro\u00dfartigen Berglandschaft und vielseitigen Wanderwegen rund um den Arlberg. Wandertipps f\u00fcr die Region.<\/p>\n<\/div><a href=\"https:\/\/www.people-abroad.de\/blog\/st-anton-arlberg-wandern\/\">Mehr...<\/a><\/p><\/div><ul class='lcp_paginator'><li class='lcp_currentpage'>1<\/li><li><a href='https:\/\/www.people-abroad.de\/blog\/wp-json\/wp\/v2\/pages\/11621?lcp_page0=2#lcp_instance_0' title='2'>2<\/a><\/li><li><a href='https:\/\/www.people-abroad.de\/blog\/wp-json\/wp\/v2\/pages\/11621?lcp_page0=3#lcp_instance_0' title='3'>3<\/a><\/li><li><a href='https:\/\/www.people-abroad.de\/blog\/wp-json\/wp\/v2\/pages\/11621?lcp_page0=4#lcp_instance_0' title='4'>4<\/a><\/li><li><a href='https:\/\/www.people-abroad.de\/blog\/wp-json\/wp\/v2\/pages\/11621?lcp_page0=5#lcp_instance_0' title='5'>5<\/a><\/li><li><a href='https:\/\/www.people-abroad.de\/blog\/wp-json\/wp\/v2\/pages\/11621?lcp_page0=6#lcp_instance_0' title='6'>6<\/a><\/li><span class='lcp_elipsis'>...<\/span><li><a href='https:\/\/www.people-abroad.de\/blog\/wp-json\/wp\/v2\/pages\/11621?lcp_page0=9#lcp_instance_0' title='9'>9<\/a><\/li><li><a href='https:\/\/www.people-abroad.de\/blog\/wp-json\/wp\/v2\/pages\/11621?lcp_page0=2#lcp_instance_0' title='2' class='lcp_nextlink'>\u00c4ltere Beitr\u00e4ge &gt;&gt;<\/a><\/li><\/ul>\n","protected":false},"excerpt":{"rendered":"","protected":false},"author":1,"featured_media":0,"parent":0,"menu_order":0,"comment_status":"closed","ping_status":"closed","template":"","meta":{"_monsterinsights_skip_tracking":false,"_monsterinsights_sitenote_active":false,"_monsterinsights_sitenote_note":"","_monsterinsights_sitenote_category":0,"footnotes":""},"class_list":["post-11621","page","type-page","status-publish","hentry"],"yoast_head":"<!-- This site is optimized with the Yoast SEO plugin v27.5 - https:\/\/yoast.com\/product\/yoast-seo-wordpress\/ -->\n<title>Wandern - People Abroad<\/title>\n<meta name=\"description\" content=\"Reiseberichte mit dem Schwerpunkt Wandern und Wanderungen mit Reisetipps f\u00fcr die individuelle Planung zum Nachreisen.\" \/>\n<meta name=\"robots\" content=\"noindex, follow\" \/>\n<meta property=\"og:locale\" content=\"de_DE\" \/>\n<meta property=\"og:type\" content=\"article\" \/>\n<meta property=\"og:title\" content=\"Wandern - People Abroad\" \/>\n<meta property=\"og:description\" content=\"Reiseberichte mit dem Schwerpunkt Wandern und Wanderungen mit Reisetipps f\u00fcr die individuelle Planung zum Nachreisen.\" \/>\n<meta property=\"og:url\" content=\"https:\/\/www.people-abroad.de\/blog\/wandern\/\" \/>\n<meta property=\"og:site_name\" content=\"People Abroad\" \/>\n<meta property=\"article:publisher\" content=\"https:\/\/www.facebook.com\/menschen.international\/\" \/>\n<meta property=\"article:modified_time\" content=\"2023-01-17T10:27:56+00:00\" \/>\n<meta name=\"twitter:card\" content=\"summary_large_image\" \/>\n<meta name=\"twitter:site\" content=\"@People_Abroad\" \/>\n<meta name=\"twitter:label1\" content=\"Gesch\u00e4tzte Lesezeit\" \/>\n\t<meta name=\"twitter:data1\" content=\"1\u00a0Minute\" \/>\n<script type=\"application\/ld+json\" class=\"yoast-schema-graph\">{\"@context\":\"https:\\\/\\\/schema.org\",\"@graph\":[{\"@type\":\"WebPage\",\"@id\":\"https:\\\/\\\/www.people-abroad.de\\\/blog\\\/wandern\\\/\",\"url\":\"https:\\\/\\\/www.people-abroad.de\\\/blog\\\/wandern\\\/\",\"name\":\"Wandern - People Abroad\",\"isPartOf\":{\"@id\":\"https:\\\/\\\/www.people-abroad.de\\\/blog\\\/#website\"},\"datePublished\":\"2019-04-05T11:28:11+00:00\",\"dateModified\":\"2023-01-17T10:27:56+00:00\",\"description\":\"Reiseberichte mit dem Schwerpunkt Wandern und Wanderungen mit Reisetipps f\u00fcr die individuelle Planung zum Nachreisen.\",\"breadcrumb\":{\"@id\":\"https:\\\/\\\/www.people-abroad.de\\\/blog\\\/wandern\\\/#breadcrumb\"},\"inLanguage\":\"de\",\"potentialAction\":[{\"@type\":\"ReadAction\",\"target\":[\"https:\\\/\\\/www.people-abroad.de\\\/blog\\\/wandern\\\/\"]}]},{\"@type\":\"BreadcrumbList\",\"@id\":\"https:\\\/\\\/www.people-abroad.de\\\/blog\\\/wandern\\\/#breadcrumb\",\"itemListElement\":[{\"@type\":\"ListItem\",\"position\":1,\"name\":\"Startseite\",\"item\":\"https:\\\/\\\/www.people-abroad.de\\\/blog\\\/\"},{\"@type\":\"ListItem\",\"position\":2,\"name\":\"Wandern\"}]},{\"@type\":\"WebSite\",\"@id\":\"https:\\\/\\\/www.people-abroad.de\\\/blog\\\/#website\",\"url\":\"https:\\\/\\\/www.people-abroad.de\\\/blog\\\/\",\"name\":\"People Abroad\",\"description\":\"Reiseblog\",\"publisher\":{\"@id\":\"https:\\\/\\\/www.people-abroad.de\\\/blog\\\/#\\\/schema\\\/person\\\/2a518a154d93ee6cf0b146bc327329b3\"},\"potentialAction\":[{\"@type\":\"SearchAction\",\"target\":{\"@type\":\"EntryPoint\",\"urlTemplate\":\"https:\\\/\\\/www.people-abroad.de\\\/blog\\\/?s={search_term_string}\"},\"query-input\":{\"@type\":\"PropertyValueSpecification\",\"valueRequired\":true,\"valueName\":\"search_term_string\"}}],\"inLanguage\":\"de\"},{\"@type\":[\"Person\",\"Organization\"],\"@id\":\"https:\\\/\\\/www.people-abroad.de\\\/blog\\\/#\\\/schema\\\/person\\\/2a518a154d93ee6cf0b146bc327329b3\",\"name\":\"Heiko M\u00fcller\",\"logo\":{\"@id\":\"https:\\\/\\\/www.people-abroad.de\\\/blog\\\/#\\\/schema\\\/person\\\/image\\\/\"},\"description\":\"Ich bin Reiseblogger, Content Creator und Redakteur. Auf Reisen erkunde ich gerne neue Regionen, St\u00e4dte und Orte beim Fotografieren, Wandern und Radfahren. F\u00fcr weitere Reisetipps folge mir auf Instagram, Facebook &amp; Co. Mehr Infos zum Blog findest du hier: https:\\\/\\\/www.people-abroad.de\\\/blog\\\/pr-media\\\/. Kontakt: h.mueller@people-abroad.de\",\"sameAs\":[\"https:\\\/\\\/www.people-abroad.de\\\/blog\\\/\",\"https:\\\/\\\/www.facebook.com\\\/menschen.international\\\/\",\"https:\\\/\\\/www.instagram.com\\\/people.abroad\\\/\",\"https:\\\/\\\/www.linkedin.com\\\/in\\\/muellerheiko\\\/\",\"https:\\\/\\\/www.pinterest.de\\\/peopleabroad\\\/\",\"https:\\\/\\\/x.com\\\/People_Abroad\",\"https:\\\/\\\/www.youtube.com\\\/user\\\/MenschenInt\"]}]}<\/script>\n<!-- \/ Yoast SEO plugin. -->","yoast_head_json":{"title":"Wandern - People Abroad","description":"Reiseberichte mit dem Schwerpunkt Wandern und Wanderungen mit Reisetipps f\u00fcr die individuelle Planung zum Nachreisen.","robots":{"index":"noindex","follow":"follow"},"og_locale":"de_DE","og_type":"article","og_title":"Wandern - People Abroad","og_description":"Reiseberichte mit dem Schwerpunkt Wandern und Wanderungen mit Reisetipps f\u00fcr die individuelle Planung zum Nachreisen.","og_url":"https:\/\/www.people-abroad.de\/blog\/wandern\/","og_site_name":"People Abroad","article_publisher":"https:\/\/www.facebook.com\/menschen.international\/","article_modified_time":"2023-01-17T10:27:56+00:00","twitter_card":"summary_large_image","twitter_site":"@People_Abroad","twitter_misc":{"Gesch\u00e4tzte Lesezeit":"1\u00a0Minute"},"schema":{"@context":"https:\/\/schema.org","@graph":[{"@type":"WebPage","@id":"https:\/\/www.people-abroad.de\/blog\/wandern\/","url":"https:\/\/www.people-abroad.de\/blog\/wandern\/","name":"Wandern - People Abroad","isPartOf":{"@id":"https:\/\/www.people-abroad.de\/blog\/#website"},"datePublished":"2019-04-05T11:28:11+00:00","dateModified":"2023-01-17T10:27:56+00:00","description":"Reiseberichte mit dem Schwerpunkt Wandern und Wanderungen mit Reisetipps f\u00fcr die individuelle Planung zum Nachreisen.","breadcrumb":{"@id":"https:\/\/www.people-abroad.de\/blog\/wandern\/#breadcrumb"},"inLanguage":"de","potentialAction":[{"@type":"ReadAction","target":["https:\/\/www.people-abroad.de\/blog\/wandern\/"]}]},{"@type":"BreadcrumbList","@id":"https:\/\/www.people-abroad.de\/blog\/wandern\/#breadcrumb","itemListElement":[{"@type":"ListItem","position":1,"name":"Startseite","item":"https:\/\/www.people-abroad.de\/blog\/"},{"@type":"ListItem","position":2,"name":"Wandern"}]},{"@type":"WebSite","@id":"https:\/\/www.people-abroad.de\/blog\/#website","url":"https:\/\/www.people-abroad.de\/blog\/","name":"People Abroad","description":"Reiseblog","publisher":{"@id":"https:\/\/www.people-abroad.de\/blog\/#\/schema\/person\/2a518a154d93ee6cf0b146bc327329b3"},"potentialAction":[{"@type":"SearchAction","target":{"@type":"EntryPoint","urlTemplate":"https:\/\/www.people-abroad.de\/blog\/?s={search_term_string}"},"query-input":{"@type":"PropertyValueSpecification","valueRequired":true,"valueName":"search_term_string"}}],"inLanguage":"de"},{"@type":["Person","Organization"],"@id":"https:\/\/www.people-abroad.de\/blog\/#\/schema\/person\/2a518a154d93ee6cf0b146bc327329b3","name":"Heiko M\u00fcller","logo":{"@id":"https:\/\/www.people-abroad.de\/blog\/#\/schema\/person\/image\/"},"description":"Ich bin Reiseblogger, Content Creator und Redakteur. Auf Reisen erkunde ich gerne neue Regionen, St\u00e4dte und Orte beim Fotografieren, Wandern und Radfahren. F\u00fcr weitere Reisetipps folge mir auf Instagram, Facebook &amp; Co. Mehr Infos zum Blog findest du hier: https:\/\/www.people-abroad.de\/blog\/pr-media\/. Kontakt: h.mueller@people-abroad.de","sameAs":["https:\/\/www.people-abroad.de\/blog\/","https:\/\/www.facebook.com\/menschen.international\/","https:\/\/www.instagram.com\/people.abroad\/","https:\/\/www.linkedin.com\/in\/muellerheiko\/","https:\/\/www.pinterest.de\/peopleabroad\/","https:\/\/x.com\/People_Abroad","https:\/\/www.youtube.com\/user\/MenschenInt"]}]}},"_links":{"self":[{"href":"https:\/\/www.people-abroad.de\/blog\/wp-json\/wp\/v2\/pages\/11621","targetHints":{"allow":["GET"]}}],"collection":[{"href":"https:\/\/www.people-abroad.de\/blog\/wp-json\/wp\/v2\/pages"}],"about":[{"href":"https:\/\/www.people-abroad.de\/blog\/wp-json\/wp\/v2\/types\/page"}],"author":[{"embeddable":true,"href":"https:\/\/www.people-abroad.de\/blog\/wp-json\/wp\/v2\/users\/1"}],"replies":[{"embeddable":true,"href":"https:\/\/www.people-abroad.de\/blog\/wp-json\/wp\/v2\/comments?post=11621"}],"version-history":[{"count":3,"href":"https:\/\/www.people-abroad.de\/blog\/wp-json\/wp\/v2\/pages\/11621\/revisions"}],"predecessor-version":[{"id":14563,"href":"https:\/\/www.people-abroad.de\/blog\/wp-json\/wp\/v2\/pages\/11621\/revisions\/14563"}],"wp:attachment":[{"href":"https:\/\/www.people-abroad.de\/blog\/wp-json\/wp\/v2\/media?parent=11621"}],"curies":[{"name":"wp","href":"https:\/\/api.w.org\/{rel}","templated":true}]}}